{"id":750,"date":"2017-08-04T10:37:53","date_gmt":"2017-08-04T10:37:53","guid":{"rendered":"http:\/\/educacio-valencia.es\/?page_id=750"},"modified":"2023-09-27T14:23:24","modified_gmt":"2023-09-27T12:23:24","slug":"escuela-infantil-empar-navarro-giner","status":"publish","type":"page","link":"https:\/\/educacio-valencia.es\/es\/escuela-infantil-empar-navarro-giner\/","title":{"rendered":"Escuela Infantil Empar Navarro Giner"},"content":{"rendered":"<div class=\"fusion-fullwidth fullwidth-box fusion-builder-row-1 bloqueSeccion nonhundred-percent-fullwidth non-hundred-percent-height-scrolling\" style=\"background-color: rgba(255,255,255,0);background-position: center center;background-repeat: no-repeat;padding-top:10px;padding-right:0px;padding-bottom:0px;padding-left:0px;margin-bottom: 0px;margin-top: 0px;border-width: 0px 0px 0px 0px;border-color:#000000;border-style:solid;\" ><div class=\"fusion-builder-row fusion-row\"><div class=\"fusion-layout-column fusion_builder_column fusion-builder-column-0 fusion_builder_column_2_5 2_5 fusion-two-fifth fusion-column-first\" style=\"width:40%;width:calc(40% - ( ( 4% ) * 0.4 ) );margin-right: 4%;margin-top:0px;margin-bottom:20px;\"><div class=\"fusion-column-wrapper fusion-flex-column-wrapper-legacy\" style=\"background-position:left top;background-repeat:no-repeat;-webkit-background-size:cover;-moz-background-size:cover;-o-background-size:cover;background-size:cover;padding: 0px 0px 0px 0px;\"><style type=\"text\/css\"><\/style><div class=\"fusion-title title fusion-title-1 fusion-sep-none fusion-title-text fusion-title-size-two\" style=\"margin-top:0px;margin-bottom:10px;\"><h2 class=\"title-heading-left\" style=\"margin:0;\"><p><strong>Escuela Infantil Mestra Empar Navarro Giner<br \/>\n<\/strong><\/p>\n<p class=\"p1\"><span class=\"s1\">Calle: Ricardo Mu\u00f1oz Suay, s\/n &#8211; 46013 \u2013Val\u00e8ncia<br \/>\n<\/span><span class=\"s1\">\u2014<br \/>\nConcesionaria: UTE Redolins, S.L.U<br \/>\nTel. <\/span><span class=\"s2\">692830204 \/\u00a0 <a href=\"lamestraempar.lcrgestio@gmail.com\">lamestraempar.lcrgestio@gmail.com<\/a><\/span><\/p>\n<p class=\"p1\"><span class=\"s1\"><br \/>\n\u2014<br \/>\n<\/span><span class=\"s1\">Titular: Ayuntamiento de Val\u00e8ncia.<br \/>\nTel.963525478\/ <a href=\"mailto:educacionescuelasinfantiles@valencia.es\"><span class=\"s2\">educacionescuelasinfantiles@valencia.es<\/span><\/a><\/span><\/p><\/h2><\/div><div class=\"fusion-clearfix\"><\/div><\/div><\/div><div class=\"fusion-layout-column fusion_builder_column fusion-builder-column-1 fusion_builder_column_3_5 3_5 fusion-three-fifth fusion-column-last marginCero\" style=\"width:60%;width:calc(60% - ( ( 4% ) * 0.6 ) );margin-top:0px;margin-bottom:20px;\"><div class=\"fusion-column-wrapper fusion-flex-column-wrapper-legacy\" style=\"background-position:left top;background-repeat:no-repeat;-webkit-background-size:cover;-moz-background-size:cover;-o-background-size:cover;background-size:cover;padding: 0px 0px 0px 0px;\"><div class=\"fusion-image-carousel fusion-image-carousel-auto paddingCero marginCero\"><div class=\"fusion-carousel\" data-autoplay=\"yes\" data-columns=\"1\" data-itemmargin=\"13\" data-itemwidth=\"180\" data-touchscroll=\"no\" data-imagesize=\"auto\"><div class=\"fusion-carousel-positioner\"><ul class=\"fusion-carousel-holder\"><li class=\"fusion-carousel-item\"><div class=\"fusion-carousel-item-wrapper\"><div class=\"fusion-image-wrapper hover-type-none\"><img width=\"1600\" height=\"1200\" src=\"https:\/\/educacio-valencia.es\/wp-content\/uploads\/2020\/06\/cmestra-empar-aula-comedor.jpg\" class=\"attachment-full size-full\" alt=\"\" srcset=\"https:\/\/educacio-valencia.es\/wp-content\/uploads\/2020\/06\/cmestra-empar-aula-comedor-200x150.jpg 200w, https:\/\/educacio-valencia.es\/wp-content\/uploads\/2020\/06\/cmestra-empar-aula-comedor-300x225.jpg 300w, https:\/\/educacio-valencia.es\/wp-content\/uploads\/2020\/06\/cmestra-empar-aula-comedor-400x300.jpg 400w, https:\/\/educacio-valencia.es\/wp-content\/uploads\/2020\/06\/cmestra-empar-aula-comedor-600x450.jpg 600w, https:\/\/educacio-valencia.es\/wp-content\/uploads\/2020\/06\/cmestra-empar-aula-comedor-768x576.jpg 768w, https:\/\/educacio-valencia.es\/wp-content\/uploads\/2020\/06\/cmestra-empar-aula-comedor-800x600.jpg 800w, https:\/\/educacio-valencia.es\/wp-content\/uploads\/2020\/06\/cmestra-empar-aula-comedor-1024x768.jpg 1024w, https:\/\/educacio-valencia.es\/wp-content\/uploads\/2020\/06\/cmestra-empar-aula-comedor-1200x900.jpg 1200w, https:\/\/educacio-valencia.es\/wp-content\/uploads\/2020\/06\/cmestra-empar-aula-comedor-1536x1152.jpg 1536w, https:\/\/educacio-valencia.es\/wp-content\/uploads\/2020\/06\/cmestra-empar-aula-comedor.jpg 1600w\" sizes=\"(max-width: 1600px) 100vw, 1600px\" \/><\/div><\/div><\/li><li class=\"fusion-carousel-item\"><div class=\"fusion-carousel-item-wrapper\"><div class=\"fusion-image-wrapper hover-type-none\"><img width=\"1200\" height=\"1008\" src=\"https:\/\/educacio-valencia.es\/wp-content\/uploads\/2020\/06\/mestra-empar-aula-patio-y-huerto.jpg\" class=\"attachment-full size-full\" alt=\"\" srcset=\"https:\/\/educacio-valencia.es\/wp-content\/uploads\/2020\/06\/mestra-empar-aula-patio-y-huerto-200x168.jpg 200w, https:\/\/educacio-valencia.es\/wp-content\/uploads\/2020\/06\/mestra-empar-aula-patio-y-huerto-300x252.jpg 300w, https:\/\/educacio-valencia.es\/wp-content\/uploads\/2020\/06\/mestra-empar-aula-patio-y-huerto-400x336.jpg 400w, https:\/\/educacio-valencia.es\/wp-content\/uploads\/2020\/06\/mestra-empar-aula-patio-y-huerto-600x504.jpg 600w, https:\/\/educacio-valencia.es\/wp-content\/uploads\/2020\/06\/mestra-empar-aula-patio-y-huerto-768x645.jpg 768w, https:\/\/educacio-valencia.es\/wp-content\/uploads\/2020\/06\/mestra-empar-aula-patio-y-huerto-800x672.jpg 800w, https:\/\/educacio-valencia.es\/wp-content\/uploads\/2020\/06\/mestra-empar-aula-patio-y-huerto-1024x860.jpg 1024w, https:\/\/educacio-valencia.es\/wp-content\/uploads\/2020\/06\/mestra-empar-aula-patio-y-huerto.jpg 1200w\" sizes=\"(max-width: 1200px) 100vw, 1200px\" \/><\/div><\/div><\/li><li class=\"fusion-carousel-item\"><div class=\"fusion-carousel-item-wrapper\"><div class=\"fusion-image-wrapper hover-type-none\"><img width=\"1200\" height=\"943\" src=\"https:\/\/educacio-valencia.es\/wp-content\/uploads\/2020\/06\/mestra-empar-aula-patio.jpg\" class=\"attachment-full size-full\" alt=\"\" srcset=\"https:\/\/educacio-valencia.es\/wp-content\/uploads\/2020\/06\/mestra-empar-aula-patio-200x157.jpg 200w, https:\/\/educacio-valencia.es\/wp-content\/uploads\/2020\/06\/mestra-empar-aula-patio-300x236.jpg 300w, https:\/\/educacio-valencia.es\/wp-content\/uploads\/2020\/06\/mestra-empar-aula-patio-400x314.jpg 400w, https:\/\/educacio-valencia.es\/wp-content\/uploads\/2020\/06\/mestra-empar-aula-patio-600x472.jpg 600w, https:\/\/educacio-valencia.es\/wp-content\/uploads\/2020\/06\/mestra-empar-aula-patio-768x604.jpg 768w, https:\/\/educacio-valencia.es\/wp-content\/uploads\/2020\/06\/mestra-empar-aula-patio-800x629.jpg 800w, https:\/\/educacio-valencia.es\/wp-content\/uploads\/2020\/06\/mestra-empar-aula-patio-1024x805.jpg 1024w, https:\/\/educacio-valencia.es\/wp-content\/uploads\/2020\/06\/mestra-empar-aula-patio.jpg 1200w\" sizes=\"(max-width: 1200px) 100vw, 1200px\" \/><\/div><\/div><\/li><li class=\"fusion-carousel-item\"><div class=\"fusion-carousel-item-wrapper\"><div class=\"fusion-image-wrapper hover-type-none\"><img width=\"768\" height=\"650\" src=\"https:\/\/educacio-valencia.es\/wp-content\/uploads\/2020\/06\/mestra-empar-aula-aula.jpg\" class=\"attachment-full size-full\" alt=\"\" srcset=\"https:\/\/educacio-valencia.es\/wp-content\/uploads\/2020\/06\/mestra-empar-aula-aula-200x169.jpg 200w, https:\/\/educacio-valencia.es\/wp-content\/uploads\/2020\/06\/mestra-empar-aula-aula-300x254.jpg 300w, https:\/\/educacio-valencia.es\/wp-content\/uploads\/2020\/06\/mestra-empar-aula-aula-400x339.jpg 400w, https:\/\/educacio-valencia.es\/wp-content\/uploads\/2020\/06\/mestra-empar-aula-aula-600x508.jpg 600w, https:\/\/educacio-valencia.es\/wp-content\/uploads\/2020\/06\/mestra-empar-aula-aula.jpg 768w\" sizes=\"(max-width: 768px) 100vw, 768px\" \/><\/div><\/div><\/li><li class=\"fusion-carousel-item\"><div class=\"fusion-carousel-item-wrapper\"><div class=\"fusion-image-wrapper hover-type-none\"><img width=\"1089\" height=\"936\" src=\"https:\/\/educacio-valencia.es\/wp-content\/uploads\/2020\/06\/mestra-empar-aula-1.jpg\" class=\"attachment-full size-full\" alt=\"\" srcset=\"https:\/\/educacio-valencia.es\/wp-content\/uploads\/2020\/06\/mestra-empar-aula-1-200x172.jpg 200w, https:\/\/educacio-valencia.es\/wp-content\/uploads\/2020\/06\/mestra-empar-aula-1-300x258.jpg 300w, https:\/\/educacio-valencia.es\/wp-content\/uploads\/2020\/06\/mestra-empar-aula-1-400x344.jpg 400w, https:\/\/educacio-valencia.es\/wp-content\/uploads\/2020\/06\/mestra-empar-aula-1-600x516.jpg 600w, https:\/\/educacio-valencia.es\/wp-content\/uploads\/2020\/06\/mestra-empar-aula-1-768x660.jpg 768w, https:\/\/educacio-valencia.es\/wp-content\/uploads\/2020\/06\/mestra-empar-aula-1-800x688.jpg 800w, https:\/\/educacio-valencia.es\/wp-content\/uploads\/2020\/06\/mestra-empar-aula-1-1024x880.jpg 1024w, https:\/\/educacio-valencia.es\/wp-content\/uploads\/2020\/06\/mestra-empar-aula-1.jpg 1089w\" sizes=\"(max-width: 1089px) 100vw, 1089px\" \/><\/div><\/div><\/li><li class=\"fusion-carousel-item\"><div class=\"fusion-carousel-item-wrapper\"><div class=\"fusion-image-wrapper hover-type-none\"><img width=\"1077\" height=\"824\" src=\"https:\/\/educacio-valencia.es\/wp-content\/uploads\/2020\/06\/mestra-empar-aula-aula-bebe.jpg\" class=\"attachment-full size-full\" alt=\"\" srcset=\"https:\/\/educacio-valencia.es\/wp-content\/uploads\/2020\/06\/mestra-empar-aula-aula-bebe-200x153.jpg 200w, https:\/\/educacio-valencia.es\/wp-content\/uploads\/2020\/06\/mestra-empar-aula-aula-bebe-300x230.jpg 300w, https:\/\/educacio-valencia.es\/wp-content\/uploads\/2020\/06\/mestra-empar-aula-aula-bebe-400x306.jpg 400w, https:\/\/educacio-valencia.es\/wp-content\/uploads\/2020\/06\/mestra-empar-aula-aula-bebe-600x459.jpg 600w, https:\/\/educacio-valencia.es\/wp-content\/uploads\/2020\/06\/mestra-empar-aula-aula-bebe-768x588.jpg 768w, https:\/\/educacio-valencia.es\/wp-content\/uploads\/2020\/06\/mestra-empar-aula-aula-bebe-800x612.jpg 800w, https:\/\/educacio-valencia.es\/wp-content\/uploads\/2020\/06\/mestra-empar-aula-aula-bebe-1024x783.jpg 1024w, https:\/\/educacio-valencia.es\/wp-content\/uploads\/2020\/06\/mestra-empar-aula-aula-bebe.jpg 1077w\" sizes=\"(max-width: 1077px) 100vw, 1077px\" \/><\/div><\/div><\/li><\/ul><div class=\"fusion-carousel-nav\"><span class=\"fusion-nav-prev\"><\/span><span class=\"fusion-nav-next\"><\/span><\/div><\/div><\/div><\/div><div class=\"fusion-clearfix\"><\/div><\/div><\/div><div class=\"fusion-layout-column fusion_builder_column fusion-builder-column-2 fusion_builder_column_2_5 2_5 fusion-two-fifth fusion-column-first\" style=\"width:40%;width:calc(40% - ( ( 4% ) * 0.4 ) );margin-right: 4%;margin-top:0px;margin-bottom:20px;\"><div class=\"fusion-column-wrapper fusion-flex-column-wrapper-legacy\" style=\"background-position:left top;background-repeat:no-repeat;-webkit-background-size:cover;-moz-background-size:cover;-o-background-size:cover;background-size:cover;padding: 0px 0px 0px 0px;\"><div class=\"fusion-clearfix\"><\/div><\/div><\/div><div class=\"fusion-layout-column fusion_builder_column fusion-builder-column-3 fusion_builder_column_3_5 3_5 fusion-three-fifth fusion-column-last\" style=\"width:60%;width:calc(60% - ( ( 4% ) * 0.6 ) );margin-top:0px;margin-bottom:20px;\"><div class=\"fusion-column-wrapper fusion-flex-column-wrapper-legacy\" style=\"background-position:left top;background-repeat:no-repeat;-webkit-background-size:cover;-moz-background-size:cover;-o-background-size:cover;background-size:cover;padding: 20px 0px 0px 0px;\"><div class=\"fusion-text fusion-text-1\" style=\"transform:translate3d(0,0,0);\"><div class=\"tablaEscuela\">\n<table width=\"100%\">\n<tbody>\n<tr>\n<td colspan=\"3\" align=\"left\">\n<p class=\"p1\"><span class=\"s1\"><b>OFERTA EDUCATIVA<\/b><\/span><\/p>\n<\/td>\n<\/tr>\n<tr>\n<td align=\"left\">\n<p class=\"p1\"><span class=\"s1\">Educaci\u00f3n Infantil de Primer Ciclo<\/span><\/p>\n<\/td>\n<td align=\"center\">\n<p class=\"p1\"><span class=\"s1\">Unidades autorizadas: 9\u00a0<\/span><\/p>\n<\/td>\n<td align=\"center\">\n<p class=\"p1\"><span class=\"s1\">Plazas autorizadas de 126<\/span><\/p>\n<p>2 Aulas autorizadas de 0 a 2 a\u00f1os con 8 alumnos\/as<\/p>\n<p>2 Aulas autorizadas de 1 a 2 a\u00f1os con 13 alumnos\/as<\/p>\n<p>2 Aulas autorizadas de 1 a 3 a\u00f1os con 15 alumnos\/as<\/p>\n<p>3 Aulas autorizadas de 2 a 3 a\u00f1os con 18 alumnos\/as<\/td>\n<\/tr>\n<\/tbody>\n<\/table>\n<\/div>\n<\/div><div class=\"fusion-sep-clear\"><\/div><div class=\"fusion-separator fusion-full-width-sep\" style=\"margin-left: auto;margin-right: auto;margin-top:5px;margin-bottom:5px;width:100%;\"><div class=\"fusion-separator-border sep-double\" style=\"border-color:#e0dede;border-top-width:0px;border-bottom-width:0px;\"><\/div><\/div><div class=\"fusion-sep-clear\"><\/div><div class=\"fusion-text fusion-text-2\" style=\"transform:translate3d(0,0,0);\"><p><strong>PROYECTO EDUCATIVO<\/strong><\/p>\n<p>Nuestro objetivo es crear una escuela activa, respetuosa, documentada, un espacio donde la comunicaci\u00f3n tiene un papel importante, un lugar de reflexi\u00f3n y aprendizaje, un espacio que no s\u00f3lo sea para el ni\u00f1o o la ni\u00f1a sino que sea una comunidad para las familias.<br \/>\nNuestro proyecto tiene como referente el Programa de Educaci\u00f3n Pluriling\u00fce de la Direcci\u00f3n General de Pol\u00edtica Educativa de la Conselleria de Educaci\u00f3n.<br \/>\nNuestra metodolog\u00eda apoyada en Pedagog\u00edas activas: Reggio Emilia, Montessori, Emmi Pickler; cuyos enfoques est\u00e1n basados en una ley fundamental: \u201cSi se hacen cosas reales, tambi\u00e9n son reales sus consecuencias\u201d (Loris Malaguzzi). Por ello el adulto se basa en la observaci\u00f3n y descubrimiento de las diferentes formas que tienen los ni\u00f1os y las ni\u00f1as en elegir, proceder y participar.<br \/>\nLa educaci\u00f3n depende de la formaci\u00f3n del coraz\u00f3n. Acompa\u00f1amos a ni\u00f1as y ni\u00f1os en este viaje poniendo todo nuestro coraz\u00f3n para que sean felices.<\/p>\n<\/div><div class=\"fusion-sep-clear\"><\/div><div class=\"fusion-separator fusion-full-width-sep\" style=\"margin-left: auto;margin-right: auto;margin-top:5px;margin-bottom:5px;width:100%;\"><div class=\"fusion-separator-border sep-single sep-solid\" style=\"border-color:#000000;border-top-width:1px;\"><\/div><\/div><div class=\"fusion-sep-clear\"><\/div><div class=\"fusion-text fusion-text-3\" style=\"transform:translate3d(0,0,0);\"><p class=\"p1\"><span class=\"s1\"><b>ACTIVIDADES COMPLEMENTARIAS<\/b><\/span><\/p>\n<ul class=\"ul1\">\n<li class=\"li2\"><span class=\"s3\">Ingl\u00e9s<\/span><\/li>\n<li class=\"li2\"><span class=\"s3\">Taller de arte<\/span><\/li>\n<li class=\"li2\"><span class=\"s3\">Taller sensorial, juego heur\u00edstico, mesa de luz\u2026<\/span><\/li>\n<li class=\"li2\"><span class=\"s3\">Taller psicomotricidad<\/span><\/li>\n<li class=\"li2\"><span class=\"s3\">Taller ritmo y expresi\u00f3n<span class=\"Apple-converted-space\">\u00a0 <\/span>corporal<\/span><\/li>\n<li class=\"li2\"><span class=\"s3\">Taller de m\u00fasica<\/span><\/li>\n<li class=\"li2\"><span class=\"s3\">Taller dramatizaci\u00f3n, cuentos y teatro<\/span><\/li>\n<li class=\"li2\"><span class=\"s3\">Taller naturaleza y huerto escolar<\/span><\/li>\n<li class=\"li2\"><span class=\"s3\">Taller con las familias<\/span><\/li>\n<li class=\"li2\"><span class=\"s3\">Celebraciones<\/span><\/li>\n<li class=\"li2\"><span class=\"s3\">Salidas culturales y excursiones<\/span><\/li>\n<\/ul>\n<\/div><div class=\"fusion-sep-clear\"><\/div><div class=\"fusion-separator fusion-full-width-sep\" style=\"margin-left: auto;margin-right: auto;margin-top:5px;margin-bottom:5px;width:100%;\"><div class=\"fusion-separator-border sep-single sep-solid\" style=\"border-color:#000000;border-top-width:1px;\"><\/div><\/div><div class=\"fusion-sep-clear\"><\/div><div class=\"fusion-text fusion-text-4\" style=\"transform:translate3d(0,0,0);\"><p class=\"p1\"><span class=\"s1\"><b>SERVICIOS<\/b><\/span><\/p>\n<ul class=\"ul1\">\n<li class=\"li1\"><span class=\"s3\">Comedor escolar: Cocina propia con elaboraci\u00f3n de men\u00fas para cada estaci\u00f3n. Comida, almuerzo y merienda saludable.<span class=\"Apple-converted-space\">\u00a0 <\/span>Men\u00fas especiales para cada necesidad<\/span><\/li>\n<li class=\"li1\"><span class=\"s3\">Espacio lactancia materna<\/span><\/li>\n<li class=\"li1\"><span class=\"s3\">Escuela de verano y vacaciones escolares<\/span><\/li>\n<li class=\"li2\"><span class=\"s3\">Calendario escolar con ampliaci\u00f3n para alumnos de horario laboral en festivos y vacaciones escolares<\/span><\/li>\n<li class=\"li2\"><span class=\"s3\">Ampliaci\u00f3n del horario escolar con entrada matinera desde 7:30 (seg\u00fan demanda y siempre que se forme grupo).<\/span><\/li>\n<li class=\"li2\"><span class=\"s3\">Ampliaci\u00f3n del horario escolar con salida vespertina hasta 19:00 h (seg\u00fan demanda y siempre que se forme grupo).<\/span><\/li>\n<\/ul>\n<\/div><div class=\"fusion-sep-clear\"><\/div><div class=\"fusion-separator fusion-full-width-sep\" style=\"margin-left: auto;margin-right: auto;margin-top:5px;margin-bottom:5px;width:100%;\"><div class=\"fusion-separator-border sep-single sep-solid\" style=\"border-color:#000000;border-top-width:1px;\"><\/div><\/div><div class=\"fusion-sep-clear\"><\/div><div class=\"fusion-text fusion-text-5\" style=\"transform:translate3d(0,0,0);\"><p class=\"p1\"><span class=\"s1\"><b>ADMINISTRACI\u00d3N Y SECRETARIA<\/b><\/span><\/p>\n<ul>\n<li><span class=\"s3\">Calendario escolar<span class=\"Apple-converted-space\">\u00a0 <\/span>y laboral<\/span><\/li>\n<\/ul>\n<p><span class=\"s3\">Horario de la escuela<\/span><\/p>\n<ul>\n<li class=\"p2\"><span class=\"s3\"> Entrada 9:00 h.<\/span><\/li>\n<li class=\"p2\"><span class=\"s3\"> Salida a las 17:00 h.<\/span><\/li>\n<\/ul>\n<p><span class=\"s3\">Ampliaci\u00f3n Horario Escolar:<span class=\"Apple-converted-space\"><br \/>\n<\/span><\/span><\/p>\n<ul>\n<li><span class=\"s3\">Matinal: <span class=\"Apple-converted-space\">\u00a0 <\/span>desde las 7:30 a 9:00 h.<\/span><\/li>\n<li class=\"p2\"><span class=\"s3\">Vespertina: <span class=\"Apple-converted-space\">\u00a0 <\/span>desde las 17:00 h.,<span class=\"Apple-converted-space\">\u00a0 <\/span>seg\u00fan demanda<\/span><\/li>\n<\/ul>\n<p class=\"p2\"><span class=\"s3\"><strong>Atencion Familias:<\/strong> De lunes a viernes de 10:00 a 12:00 h.<\/span><\/p>\n<\/div><div class=\"fusion-clearfix\"><\/div><\/div><\/div><\/div><\/div>\n","protected":false},"excerpt":{"rendered":"","protected":false},"author":5,"featured_media":0,"parent":0,"menu_order":0,"comment_status":"closed","ping_status":"closed","template":"","meta":[],"_links":{"self":[{"href":"https:\/\/educacio-valencia.es\/es\/wp-json\/wp\/v2\/pages\/750"}],"collection":[{"href":"https:\/\/educacio-valencia.es\/es\/wp-json\/wp\/v2\/pages"}],"about":[{"href":"https:\/\/educacio-valencia.es\/es\/wp-json\/wp\/v2\/types\/page"}],"author":[{"embeddable":true,"href":"https:\/\/educacio-valencia.es\/es\/wp-json\/wp\/v2\/users\/5"}],"replies":[{"embeddable":true,"href":"https:\/\/educacio-valencia.es\/es\/wp-json\/wp\/v2\/comments?post=750"}],"version-history":[{"count":23,"href":"https:\/\/educacio-valencia.es\/es\/wp-json\/wp\/v2\/pages\/750\/revisions"}],"predecessor-version":[{"id":37790,"href":"https:\/\/educacio-valencia.es\/es\/wp-json\/wp\/v2\/pages\/750\/revisions\/37790"}],"wp:attachment":[{"href":"https:\/\/educacio-valencia.es\/es\/wp-json\/wp\/v2\/media?parent=750"}],"curies":[{"name":"wp","href":"https:\/\/api.w.org\/{rel}","templated":true}]}}