{"id":4089,"date":"2018-02-07T09:16:37","date_gmt":"2018-02-07T08:16:37","guid":{"rendered":"http:\/\/educacio-valencia.es\/?page_id=4089"},"modified":"2026-04-21T14:58:13","modified_gmt":"2026-04-21T12:58:13","slug":"ayudas-cheque-comedor-escolar","status":"publish","type":"page","link":"https:\/\/educacio-valencia.es\/es\/ayudas-cheque-comedor-escolar\/","title":{"rendered":"Escuela de verano y comedor escolar 2025-2026"},"content":{"rendered":"<p><div class=\"fusion-fullwidth fullwidth-box fusion-builder-row-1 bloqueSeccion nonhundred-percent-fullwidth non-hundred-percent-height-scrolling\" style=\"background-color: rgba(255,255,255,0);background-position: center center;background-repeat: no-repeat;padding-top:10px;padding-right:0px;padding-bottom:0px;padding-left:0px;margin-bottom: 0px;margin-top: 0px;border-width: 0px 0px 0px 0px;border-color:#000000;border-style:solid;\" ><div class=\"fusion-builder-row fusion-row\"><div class=\"fusion-layout-column fusion_builder_column fusion-builder-column-0 fusion_builder_column_2_5 2_5 fusion-two-fifth fusion-column-first\" style=\"width:40%;width:calc(40% - ( ( 4% ) * 0.4 ) );margin-right: 4%;margin-top:0px;margin-bottom:20px;\"><div class=\"fusion-column-wrapper fusion-flex-column-wrapper-legacy\" style=\"background-position:left top;background-repeat:no-repeat;-webkit-background-size:cover;-moz-background-size:cover;-o-background-size:cover;background-size:cover;padding: 0px 0px 0px 0px;\"><style type=\"text\/css\"><\/style><div class=\"fusion-title title fusion-title-1 fusion-sep-none fusion-title-text fusion-title-size-two\" style=\"margin-top:0px;margin-bottom:10px;\"><h2 class=\"title-heading-left\" style=\"margin:0;\"><strong>Escuela de verano y comedor escolar<\/strong><\/h2><\/div><div class=\"fusion-clearfix\"><\/div><\/div><\/div><div class=\"fusion-layout-column fusion_builder_column fusion-builder-column-1 fusion_builder_column_3_5 3_5 fusion-three-fifth fusion-column-last\" style=\"width:60%;width:calc(60% - ( ( 4% ) * 0.6 ) );margin-top:0px;margin-bottom:20px;\"><div class=\"fusion-column-wrapper fusion-flex-column-wrapper-legacy\" style=\"background-position:left top;background-repeat:no-repeat;-webkit-background-size:cover;-moz-background-size:cover;-o-background-size:cover;background-size:cover;padding: 0px 0px 0px 0px;\"><div class=\"fusion-text fusion-text-1\" style=\"transform:translate3d(0,0,0);\"><p style=\"text-align: justify;\">Las ayudas para escuela de verano y comedor escolar van <strong>dirigidas al alumnado de entre 0 y 3 a\u00f1os,<\/strong> al objeto de facilitar la escolarizaci\u00f3n del referido alumnado, as\u00ed como promover el acceso a la educaci\u00f3n infantil en igualdad de condiciones, mediante el apoyo a la alimentaci\u00f3n escolar y a la escolarizaci\u00f3n durante el mes de julio, permitiendo a las familias con menores recursos econ\u00f3micos poder acceder a una escuela infantil de su libre elecci\u00f3n, y facilitar la conciliaci\u00f3n de la vida laboral y familiar.<\/p>\n<hr \/>\n<\/div><div class=\"fusion-clearfix\"><\/div><\/div><\/div><\/div><\/div><div class=\"fusion-fullwidth fullwidth-box fusion-builder-row-2 bloqueSeccion nonhundred-percent-fullwidth non-hundred-percent-height-scrolling\" style=\"background-color: rgba(255,255,255,0);background-position: center center;background-repeat: no-repeat;padding-top:10px;padding-right:0px;padding-bottom:0px;padding-left:0px;margin-bottom: 0px;margin-top: 0px;border-width: 0px 0px 0px 0px;border-color:#000000;border-style:solid;\" ><div class=\"fusion-builder-row fusion-row\"><div class=\"fusion-layout-column fusion_builder_column fusion-builder-column-2 fusion_builder_column_2_5 2_5 fusion-two-fifth fusion-column-first\" style=\"width:40%;width:calc(40% - ( ( 4% ) * 0.4 ) );margin-right: 4%;margin-top:0px;margin-bottom:20px;\"><div class=\"fusion-column-wrapper fusion-flex-column-wrapper-legacy\" style=\"background-position:left top;background-repeat:no-repeat;-webkit-background-size:cover;-moz-background-size:cover;-o-background-size:cover;background-size:cover;padding: 0px 0px 0px 0px;\"><style type=\"text\/css\"><\/style><div class=\"fusion-title title fusion-title-2 fusion-sep-none fusion-title-text fusion-title-size-two\" style=\"margin-top:0px;margin-bottom:10px;\"><h2 class=\"title-heading-left\" style=\"margin:0;\"><strong>Situaci\u00f3n de la convocatoria 2025\/2026<\/strong><\/h2><\/div><div class=\"fusion-clearfix\"><\/div><\/div><\/div><div class=\"fusion-layout-column fusion_builder_column fusion-builder-column-3 fusion_builder_column_3_5 3_5 fusion-three-fifth fusion-column-last marginCero\" style=\"width:60%;width:calc(60% - ( ( 4% ) * 0.6 ) );margin-top:0px;margin-bottom:20px;\"><div class=\"fusion-column-wrapper fusion-flex-column-wrapper-legacy\" style=\"background-position:left top;background-repeat:no-repeat;-webkit-background-size:cover;-moz-background-size:cover;-o-background-size:cover;background-size:cover;padding: 0px 0px 0px 0px;\"><div class=\"fusion-text fusion-text-2\" style=\"transform:translate3d(0,0,0);\"><p><strong>Aprobaci\u00f3n de la convocatoria para escuela de verano y comedor escolar<\/strong><\/p>\n<p>Acuerdo aprobado por la Junta de Gobierno Local de <a href=\"https:\/\/educacio-valencia.es\/wp-content\/uploads\/2025\/04\/Acuerdo-14-3-2025_.pdf\" target=\"_blank\" rel=\"noopener\"><strong>14 de marzo 2025<\/strong><\/a><\/p>\n<p><strong><a href=\"https:\/\/educacio-valencia.es\/wp-content\/uploads\/2025\/10\/4.-Acuerdo-JGL-no-89-de-14-03-2025_Aprueba-Convocatoria-2025-2026_compressed.pdf\" target=\"_blank\" rel=\"noopener\">Convocatoria escuela de verano y comedor escolar curso 2025-2026<\/a><\/strong><\/p>\n<\/div><div class=\"fusion-clearfix\"><\/div><\/div><\/div><div class=\"fusion-layout-column fusion_builder_column fusion-builder-column-4 fusion_builder_column_2_5 2_5 fusion-two-fifth fusion-column-first\" style=\"width:40%;width:calc(40% - ( ( 4% ) * 0.4 ) );margin-right: 4%;margin-top:0px;margin-bottom:20px;\"><div class=\"fusion-column-wrapper fusion-flex-column-wrapper-legacy\" style=\"background-position:left top;background-repeat:no-repeat;-webkit-background-size:cover;-moz-background-size:cover;-o-background-size:cover;background-size:cover;padding: 0px 0px 0px 0px;\"><div class=\"fusion-clearfix\"><\/div><\/div><\/div><div class=\"fusion-layout-column fusion_builder_column fusion-builder-column-5 fusion_builder_column_3_5 3_5 fusion-three-fifth fusion-column-last bloqueSeccion marginCero\" style=\"width:60%;width:calc(60% - ( ( 4% ) * 0.6 ) );margin-top:0px;margin-bottom:20px;\"><div class=\"fusion-column-wrapper fusion-flex-column-wrapper-legacy\" style=\"background-position:left top;background-repeat:no-repeat;-webkit-background-size:cover;-moz-background-size:cover;-o-background-size:cover;background-size:cover;padding: 10px 0px 0px 0px;\"><div class=\"fusion-text fusion-text-3\" style=\"transform:translate3d(0,0,0);\"><p><strong>Plazo de la solicitud\u00a0<\/strong><\/p>\n<p>Publicado en el Bolet\u00edn Oficial de la Provincia\u00a0 <em><strong><a href=\"https:\/\/educacio-valencia.es\/wp-content\/uploads\/2025\/04\/7.-Publicacion-en-BOP-16-4-2025.pdf\" target=\"_blank\" rel=\"noopener\">el 16 de abril de 2025<\/a><\/strong><\/em><\/p>\n<p>Plazo de solicitud: <em><strong>del 17 de abril al 16 de mayo de 2025,<\/strong><\/em> ambos inclusive.<\/p>\n<p>La Junta de Gobierno Local, mediante <strong><a href=\"https:\/\/educacio-valencia.es\/wp-content\/uploads\/2025\/04\/10.-Acuerdo-ampliacion-plazo.pdf\">Acuerdo adoptado en sesi\u00f3n celebrada el 17 de abril de 2025<\/a><\/strong>, ha aprobado <strong>la ampliaci\u00f3n del plazo<\/strong> para la presentaci\u00f3n de las solicitudes relativas a la convocatoria que ha de regir la concesi\u00f3n de las ayudas econ\u00f3micas para la escolarizaci\u00f3n infantil durante el mes de julio de 2026 y para el comedor escolar, curso 2025\/2026, dirigida al alumnado de entre 0 y 3 a\u00f1os, por <strong>un plazo de 10 d\u00edas naturales m\u00e1s<\/strong> respecto a los plazos publicados en el d\u00eda de ayer, 16 de abril.<\/p>\n<p>Por lo tanto, <strong>el plazo<\/strong> de presentaci\u00f3n <strong>finalizar\u00e1 el d\u00eda 16 de mayo<\/strong>.<\/p>\n<p><span style=\"color: #ff0000;\"><strong><a style=\"color: #ff0000;\" href=\"https:\/\/educacio-valencia.es\/wp-content\/uploads\/2025\/04\/31.43-266-Sol\u00b7licitud-escola-destiu-i-menjador-escolar-i-annexos-OK-R_compressed-1.pdf\" target=\"_blank\" rel=\"noopener\">Modelo normalizado de solicitud escuela de verano y comedor escolar 2025-2026<\/a><\/strong><\/span><\/p>\n<p style=\"text-align: justify;\">En el apartado <strong>SOL\u00b7LICITUD\/SOLICITUD<\/strong> de la primera p\u00e1gina del modelo normalizado de solicitud escuela de verano y comedor escolar 2025-2026, deber\u00e1 marcar si solicita una o las dos ayudas.<\/p>\n<p style=\"text-align: justify;\">Los requisitos, criterios de baremaci\u00f3n para la obtenci\u00f3n de las ayudas de escuela de verano y comedor escolar y la documentaci\u00f3n a presentar, son comunes a ambas ayudas. En concreto, la documentaci\u00f3n a presentar viene establecida en la p\u00e1gina 2 del modelo normalizado de solicitud\u00a0 de escuela de verano y comedor escolar 2025-2026.<\/p>\n<p>La presentaci\u00f3n en los Registros del Ayuntamiento de Val\u00e8ncia podr\u00e1 hacerse:<\/p>\n<ul>\n<li>De manera preferente, a trav\u00e9s de su <strong><a href=\"https:\/\/sede.valencia.es\/sede\/registro\/procedimiento\/ED.AY.85?lang=1\" target=\"_blank\" rel=\"noopener\">Sede Electr\u00f3nica<\/a><\/strong><\/li>\n<\/ul>\n<p style=\"text-align: justify;\">Si el tr\u00e1mite se realiza en sede electr\u00f3nica, se cumplimentar\u00e1 y firmar\u00e1 el formulario despu\u00e9s de pulsar el bot\u00f3n &#8220;Iniciar tr\u00e1mite&#8221; y se adjuntar\u00e1 la documentaci\u00f3n correspondiente, entre la que se encuentra el modelo normalizado de solicitud, que comprende el anexo 1 de Declaraciones Responsables, el anexo 2 de Autorizaciones y la solicitud propiamente dicha, debiendo estar DEBIDAMENTE CUMPLIMENTADOS Y FIRMADOS en los tres casos.<\/p>\n<ul>\n<li>De forma presencial<\/li>\n<\/ul>\n<p style=\"text-align: justify;\">Si el tr\u00e1mite se realiza presencialmente, se presentar\u00e1 el modelo normalizado de solicitud , que comprende el anexo 1 de Declaraciones Responsables, el anexo 2 de Autorizaciones y la solicitud propiamente dicha, debiendo estar DEBIDAMENTE CUMPLIMENTADOS Y FIRMADOS en los tres casos, que deber\u00e1 ir acompa\u00f1ado de la documentaci\u00f3n correspondiente.<\/p>\n<\/div><div class=\"fusion-clearfix\"><\/div><\/div><\/div><div class=\"fusion-layout-column fusion_builder_column fusion-builder-column-6 fusion_builder_column_2_5 2_5 fusion-two-fifth fusion-column-first\" style=\"width:40%;width:calc(40% - ( ( 4% ) * 0.4 ) );margin-right: 4%;margin-top:0px;margin-bottom:20px;\"><div class=\"fusion-column-wrapper fusion-flex-column-wrapper-legacy\" style=\"background-position:left top;background-repeat:no-repeat;-webkit-background-size:cover;-moz-background-size:cover;-o-background-size:cover;background-size:cover;padding: 0px 0px 0px 0px;\"><div class=\"fusion-clearfix\"><\/div><\/div><\/div><div class=\"fusion-layout-column fusion_builder_column fusion-builder-column-7 fusion_builder_column_3_5 3_5 fusion-three-fifth fusion-column-last bloqueSeccion marginCero\" style=\"width:60%;width:calc(60% - ( ( 4% ) * 0.6 ) );margin-top:0px;margin-bottom:20px;\"><div class=\"fusion-column-wrapper fusion-flex-column-wrapper-legacy\" style=\"background-position:left top;background-repeat:no-repeat;-webkit-background-size:cover;-moz-background-size:cover;-o-background-size:cover;background-size:cover;padding: 10px 0px 0px 0px;\"><div class=\"fusion-text fusion-text-4\" style=\"transform:translate3d(0,0,0);\"><h2><strong>Plazo de subsanaci\u00f3n y alegaciones\u00a0<\/strong><\/h2>\n<p>Publicado en el\u00a0<strong><a href=\"https:\/\/sede.valencia.es\/sede\/edictos\/detalle\/0dac70d5069e3ba82c0a77b53a46f747db06131d6e8312aa6517ba4955af66e2\" target=\"_blank\" rel=\"noopener\">Tabl\u00f3n de Edictos<\/a><\/strong> el 21 de octubre de 2025.<\/p>\n<p>Plazo: del 22 de octubre al 4 de noviembre de 2025, ambos inclusive<\/p>\n<h1><strong>Listados provisionales<\/strong><\/h1>\n<h3>En caso de que se le requiera la presentaci\u00f3n del CERTIFICADO DE IRPF, podr\u00e1 obtenerlo en el siguiente enlace:<\/h3>\n<p><strong><a href=\"https:\/\/sede.agenciatributaria.gob.es\/Sede\/certificaciones\/declaraciones-tributarias.html\" target=\"_blank\" rel=\"noopener\">CERTIFICADO AEAT IRPF<\/a><\/strong><\/p>\n<\/div><div class=\"fusion-clearfix\"><\/div><\/div><\/div><div class=\"fusion-layout-column fusion_builder_column fusion-builder-column-8 fusion_builder_column_2_5 2_5 fusion-two-fifth fusion-column-first\" style=\"width:40%;width:calc(40% - ( ( 4% ) * 0.4 ) );margin-right: 4%;margin-top:0px;margin-bottom:20px;\"><div class=\"fusion-column-wrapper fusion-flex-column-wrapper-legacy\" style=\"background-position:left top;background-repeat:no-repeat;-webkit-background-size:cover;-moz-background-size:cover;-o-background-size:cover;background-size:cover;padding: 0px 0px 0px 0px;\"><div class=\"fusion-clearfix\"><\/div><\/div><\/div><div class=\"fusion-layout-column fusion_builder_column fusion-builder-column-9 fusion_builder_column_3_5 3_5 fusion-three-fifth fusion-column-last bloqueSeccion marginCero\" style=\"width:60%;width:calc(60% - ( ( 4% ) * 0.6 ) );margin-top:0px;margin-bottom:20px;\"><div class=\"fusion-column-wrapper fusion-flex-column-wrapper-legacy\" style=\"background-position:left top;background-repeat:no-repeat;-webkit-background-size:cover;-moz-background-size:cover;-o-background-size:cover;background-size:cover;padding: 10px 0px 0px 0px;\"><div class=\"fusion-text fusion-text-5\" style=\"transform:translate3d(0,0,0);\"><h1><strong>Resoluci\u00f3n de la convocatoria<\/strong><\/h1>\n<h3>Por Resoluci\u00f3n GU-888, de fecha 12 de diciembre de 2025, se ha dispuesto resolver la convocatoria para la concesi\u00f3n de las ayudas de escolarizaci\u00f3n para el mes de julio de 2026 \u00a0y comedor escolar para el curso 2025-2026.<\/h3>\n<h1><span style=\"color: #ff0000;\"><strong>\u00a0<a href=\"https:\/\/www.valencia.es\/cas\/educacion\/cheque-escolar\" target=\"_blank\" rel=\"noopener\">Listados definitivos escuela de verano y comedor escolar<\/a><\/strong><\/span><\/h1>\n<p><strong>El importe que aparece en los listados es de car\u00e1cter mensual en las ayudas de comedor escolar. El periodo de concesi\u00f3n en el caso de la ayuda de comedor escolar es de septiembre de 2025 a julio de 2026.<\/strong><\/p>\n<p><strong>El importe de la ayuda para la escolarizaci\u00f3n infantil es para el mes de julio de 2026 exclusivamente.<\/strong><\/p>\n<p><strong><a href=\"https:\/\/sede.valencia.es\/sede\/edictos\/detalle\/933ff6314f94413d5d9940b8fde2b3596e91c4dbb06184eb4b2521b5e4d60331\" target=\"_blank\" rel=\"noopener\">Tabl\u00f3n de Edictos<\/a><\/strong><\/p>\n<h3><\/h3>\n<\/div><div class=\"fusion-text fusion-text-6\" style=\"transform:translate3d(0,0,0);\"><h2><strong>Recurso de reposici\u00f3n<\/strong><\/h2>\n<h3>Del 16 de diciembre de 2025 al 15 de enero de 2026<\/h3>\n<\/div><div class=\"fusion-clearfix\"><\/div><\/div><\/div><\/div><\/div><div class=\"fusion-fullwidth fullwidth-box fusion-builder-row-3 bloqueSeccion nonhundred-percent-fullwidth non-hundred-percent-height-scrolling\" style=\"background-color: rgba(255,255,255,0);background-position: center center;background-repeat: no-repeat;padding-top:10px;padding-right:0px;padding-bottom:0px;padding-left:0px;margin-bottom: 0px;margin-top: 0px;border-width: 0px 0px 0px 0px;border-color:#000000;border-style:solid;\" ><div class=\"fusion-builder-row fusion-row\"><div class=\"fusion-layout-column fusion_builder_column fusion-builder-column-10 fusion_builder_column_2_5 2_5 fusion-two-fifth fusion-column-first\" style=\"width:40%;width:calc(40% - ( ( 4% ) * 0.4 ) );margin-right: 4%;margin-top:0px;margin-bottom:20px;\"><div class=\"fusion-column-wrapper fusion-flex-column-wrapper-legacy\" style=\"background-position:left top;background-repeat:no-repeat;-webkit-background-size:cover;-moz-background-size:cover;-o-background-size:cover;background-size:cover;padding: 0px 0px 0px 0px;\"><div class=\"fusion-clearfix\"><\/div><\/div><\/div><div class=\"fusion-layout-column fusion_builder_column fusion-builder-column-11 fusion_builder_column_3_5 3_5 fusion-three-fifth fusion-column-last marginCero\" style=\"width:60%;width:calc(60% - ( ( 4% ) * 0.6 ) );margin-top:0px;margin-bottom:20px;\"><div class=\"fusion-column-wrapper fusion-flex-column-wrapper-legacy\" style=\"background-position:left top;background-repeat:no-repeat;-webkit-background-size:cover;-moz-background-size:cover;-o-background-size:cover;background-size:cover;padding: 10px 0px 0px 0px;\"><div class=\"fusion-clearfix\"><\/div><\/div><\/div><div class=\"fusion-layout-column fusion_builder_column fusion-builder-column-12 fusion_builder_column_2_5 2_5 fusion-two-fifth fusion-column-first\" style=\"width:40%;width:calc(40% - ( ( 4% ) * 0.4 ) );margin-right: 4%;margin-top:0px;margin-bottom:20px;\"><div class=\"fusion-column-wrapper fusion-flex-column-wrapper-legacy\" style=\"background-position:left top;background-repeat:no-repeat;-webkit-background-size:cover;-moz-background-size:cover;-o-background-size:cover;background-size:cover;padding: 0px 0px 0px 0px;\"><div class=\"fusion-clearfix\"><\/div><\/div><\/div><div class=\"fusion-layout-column fusion_builder_column fusion-builder-column-13 fusion_builder_column_3_5 3_5 fusion-three-fifth fusion-column-last bloqueSeccion marginCero\" style=\"width:60%;width:calc(60% - ( ( 4% ) * 0.6 ) );margin-top:0px;margin-bottom:20px;\"><div class=\"fusion-column-wrapper fusion-flex-column-wrapper-legacy\" style=\"background-position:left top;background-repeat:no-repeat;-webkit-background-size:cover;-moz-background-size:cover;-o-background-size:cover;background-size:cover;padding: 10px 0px 0px 0px;\"><div class=\"fusion-clearfix\"><\/div><\/div><\/div><div class=\"fusion-layout-column fusion_builder_column fusion-builder-column-14 fusion_builder_column_2_5 2_5 fusion-two-fifth fusion-column-first\" style=\"width:40%;width:calc(40% - ( ( 4% ) * 0.4 ) );margin-right: 4%;margin-top:0px;margin-bottom:20px;\"><div class=\"fusion-column-wrapper fusion-flex-column-wrapper-legacy\" style=\"background-position:left top;background-repeat:no-repeat;-webkit-background-size:cover;-moz-background-size:cover;-o-background-size:cover;background-size:cover;padding: 0px 0px 0px 0px;\"><div class=\"fusion-clearfix\"><\/div><\/div><\/div><div class=\"fusion-layout-column fusion_builder_column fusion-builder-column-15 fusion_builder_column_3_5 3_5 fusion-three-fifth fusion-column-last marginCero\" style=\"width:60%;width:calc(60% - ( ( 4% ) * 0.6 ) );margin-top:0px;margin-bottom:20px;\"><div class=\"fusion-column-wrapper fusion-flex-column-wrapper-legacy\" style=\"background-position:left top;background-repeat:no-repeat;-webkit-background-size:cover;-moz-background-size:cover;-o-background-size:cover;background-size:cover;padding: 0px 0px 0px 0px;\"><div class=\"fusion-clearfix\"><\/div><\/div><\/div><div class=\"fusion-layout-column fusion_builder_column fusion-builder-column-16 fusion_builder_column_2_5 2_5 fusion-two-fifth fusion-column-first\" style=\"width:40%;width:calc(40% - ( ( 4% ) * 0.4 ) );margin-right: 4%;margin-top:0px;margin-bottom:20px;\"><div class=\"fusion-column-wrapper fusion-flex-column-wrapper-legacy\" style=\"background-position:left top;background-repeat:no-repeat;-webkit-background-size:cover;-moz-background-size:cover;-o-background-size:cover;background-size:cover;padding: 0px 0px 0px 0px;\"><div class=\"fusion-clearfix\"><\/div><\/div><\/div><div class=\"fusion-layout-column fusion_builder_column fusion-builder-column-17 fusion_builder_column_3_5 3_5 fusion-three-fifth fusion-column-last bloqueSeccion marginCero\" style=\"width:60%;width:calc(60% - ( ( 4% ) * 0.6 ) );margin-top:0px;margin-bottom:20px;\"><div class=\"fusion-column-wrapper fusion-flex-column-wrapper-legacy\" style=\"background-position:left top;background-repeat:no-repeat;-webkit-background-size:cover;-moz-background-size:cover;-o-background-size:cover;background-size:cover;padding: 10px 0px 0px 0px;\"><div class=\"fusion-clearfix\"><\/div><\/div><\/div><div class=\"fusion-layout-column fusion_builder_column fusion-builder-column-18 fusion_builder_column_2_5 2_5 fusion-two-fifth fusion-column-first\" style=\"width:40%;width:calc(40% - ( ( 4% ) * 0.4 ) );margin-right: 4%;margin-top:0px;margin-bottom:20px;\"><div class=\"fusion-column-wrapper fusion-flex-column-wrapper-legacy\" style=\"background-position:left top;background-repeat:no-repeat;-webkit-background-size:cover;-moz-background-size:cover;-o-background-size:cover;background-size:cover;padding: 0px 0px 0px 0px;\"><div class=\"fusion-clearfix\"><\/div><\/div><\/div><\/div><\/div><div class=\"fusion-fullwidth fullwidth-box fusion-builder-row-4 bloqueSeccion nonhundred-percent-fullwidth non-hundred-percent-height-scrolling\" style=\"background-color: rgba(255,255,255,0);background-position: center center;background-repeat: no-repeat;padding-top:10px;padding-right:0px;padding-bottom:0px;padding-left:0px;margin-bottom: 0px;margin-top: 0px;border-width: 0px 0px 0px 0px;border-color:#000000;border-style:solid;\" ><div class=\"fusion-builder-row fusion-row\"><div class=\"fusion-layout-column fusion_builder_column fusion-builder-column-19 fusion_builder_column_2_5 2_5 fusion-two-fifth fusion-column-first\" style=\"width:40%;width:calc(40% - ( ( 4% ) * 0.4 ) );margin-right: 4%;margin-top:0px;margin-bottom:20px;\"><div class=\"fusion-column-wrapper fusion-flex-column-wrapper-legacy\" style=\"background-position:left top;background-repeat:no-repeat;-webkit-background-size:cover;-moz-background-size:cover;-o-background-size:cover;background-size:cover;padding: 0px 0px 0px 0px;\"><style type=\"text\/css\"><\/style><div class=\"fusion-title title fusion-title-3 fusion-sep-none fusion-title-text fusion-title-size-two\" style=\"margin-top:0px;margin-bottom:10px;\"><h2 class=\"title-heading-left\" style=\"margin:0;\"><\/h2><\/div><div class=\"fusion-clearfix\"><\/div><\/div><\/div><\/div><\/div><\/p>\n","protected":false},"excerpt":{"rendered":"","protected":false},"author":5,"featured_media":0,"parent":0,"menu_order":0,"comment_status":"closed","ping_status":"closed","template":"","meta":[],"_links":{"self":[{"href":"https:\/\/educacio-valencia.es\/es\/wp-json\/wp\/v2\/pages\/4089"}],"collection":[{"href":"https:\/\/educacio-valencia.es\/es\/wp-json\/wp\/v2\/pages"}],"about":[{"href":"https:\/\/educacio-valencia.es\/es\/wp-json\/wp\/v2\/types\/page"}],"author":[{"embeddable":true,"href":"https:\/\/educacio-valencia.es\/es\/wp-json\/wp\/v2\/users\/5"}],"replies":[{"embeddable":true,"href":"https:\/\/educacio-valencia.es\/es\/wp-json\/wp\/v2\/comments?post=4089"}],"version-history":[{"count":208,"href":"https:\/\/educacio-valencia.es\/es\/wp-json\/wp\/v2\/pages\/4089\/revisions"}],"predecessor-version":[{"id":46834,"href":"https:\/\/educacio-valencia.es\/es\/wp-json\/wp\/v2\/pages\/4089\/revisions\/46834"}],"wp:attachment":[{"href":"https:\/\/educacio-valencia.es\/es\/wp-json\/wp\/v2\/media?parent=4089"}],"curies":[{"name":"wp","href":"https:\/\/api.w.org\/{rel}","templated":true}]}}