{"id":16155,"date":"2020-10-05T08:00:50","date_gmt":"2020-10-05T06:00:50","guid":{"rendered":"https:\/\/educacio-valencia.es\/curs-20192020-2\/"},"modified":"2024-02-20T10:03:19","modified_gmt":"2024-02-20T09:03:19","slug":"marco-legal","status":"publish","type":"page","link":"https:\/\/educacio-valencia.es\/es\/paem\/marco-legal\/","title":{"rendered":"Marco Legal"},"content":{"rendered":"<p><div class=\"fusion-fullwidth fullwidth-box fusion-builder-row-1 bloqueSeccion nonhundred-percent-fullwidth non-hundred-percent-height-scrolling\" style=\"background-color: rgba(255,255,255,0);background-position: center center;background-repeat: no-repeat;padding-top:10px;padding-right:0px;padding-bottom:0px;padding-left:0px;margin-bottom: 0px;margin-top: 0px;border-width: 0px 0px 0px 0px;border-color:#000000;border-style:solid;\" ><div class=\"fusion-builder-row fusion-row\"><div class=\"fusion-layout-column fusion_builder_column fusion-builder-column-0 fusion_builder_column_2_5 2_5 fusion-two-fifth fusion-column-first\" style=\"width:40%;width:calc(40% - ( ( 4% ) * 0.4 ) );margin-right: 4%;margin-top:0px;margin-bottom:0px;\"><div class=\"fusion-column-wrapper fusion-flex-column-wrapper-legacy\" style=\"background-position:left top;background-repeat:no-repeat;-webkit-background-size:cover;-moz-background-size:cover;-o-background-size:cover;background-size:cover;padding: 0px 0px 0px 0px;\"><style type=\"text\/css\"><\/style><div class=\"fusion-title title fusion-title-1 fusion-sep-none fusion-title-text fusion-title-size-two\" style=\"margin-top:0px;margin-bottom:10px;\"><h2 class=\"title-heading-left\" style=\"margin:0;\"><h1 class=\"p1\"><strong>Marco legal<\/strong><\/h1><\/h2><\/div><div class=\"fusion-clearfix\"><\/div><\/div><\/div><div class=\"fusion-layout-column fusion_builder_column fusion-builder-column-1 fusion_builder_column_3_5 3_5 fusion-three-fifth fusion-column-last marginCero\" style=\"width:60%;width:calc(60% - ( ( 4% ) * 0.6 ) );margin-top:0px;margin-bottom:20px;\"><div class=\"fusion-column-wrapper fusion-flex-column-wrapper-legacy\" style=\"background-position:left top;background-repeat:no-repeat;-webkit-background-size:cover;-moz-background-size:cover;-o-background-size:cover;background-size:cover;padding: 0px 0px 0px 0px;\"><div class=\"fusion-clearfix\"><\/div><\/div><\/div><\/div><\/div><div class=\"fusion-fullwidth fullwidth-box fusion-builder-row-2 bloqueSeccion nonhundred-percent-fullwidth non-hundred-percent-height-scrolling\" style=\"background-color: rgba(255,255,255,0);background-position: center center;background-repeat: no-repeat;padding-top:10px;padding-right:0px;padding-bottom:0px;padding-left:0px;margin-bottom: 0px;margin-top: 0px;border-width: 0px 0px 0px 0px;border-color:#000000;border-style:solid;\" ><div class=\"fusion-builder-row fusion-row\"><div class=\"fusion-layout-column fusion_builder_column fusion-builder-column-2 fusion_builder_column_2_5 2_5 fusion-two-fifth fusion-column-first\" style=\"width:40%;width:calc(40% - ( ( 4% ) * 0.4 ) );margin-right: 4%;margin-top:0px;margin-bottom:20px;\"><div class=\"fusion-column-wrapper fusion-flex-column-wrapper-legacy\" style=\"background-position:left top;background-repeat:no-repeat;-webkit-background-size:cover;-moz-background-size:cover;-o-background-size:cover;background-size:cover;padding: 0px 0px 0px 0px;\"><style type=\"text\/css\"><\/style><div class=\"fusion-title title fusion-title-2 fusion-sep-none fusion-title-text fusion-title-size-two\" style=\"margin-top:0px;margin-bottom:10px;\"><h2 class=\"title-heading-left\" style=\"margin:0;\"><p class=\"p1\"><strong>\u00c1mbito internacional<\/strong><\/p><\/h2><\/div><div class=\"fusion-clearfix\"><\/div><\/div><\/div><div class=\"fusion-layout-column fusion_builder_column fusion-builder-column-3 fusion_builder_column_3_5 3_5 fusion-three-fifth fusion-column-last marginCero\" style=\"width:60%;width:calc(60% - ( ( 4% ) * 0.6 ) );margin-top:0px;margin-bottom:20px;\"><div class=\"fusion-column-wrapper fusion-flex-column-wrapper-legacy\" style=\"background-position:left top;background-repeat:no-repeat;-webkit-background-size:cover;-moz-background-size:cover;-o-background-size:cover;background-size:cover;padding: 0px 0px 0px 0px;\"><div class=\"fusion-text fusion-text-1\" style=\"transform:translate3d(0,0,0);\"><p><strong>Convenci\u00f3n sobre los Derechos del ni\u00f1o adoptada por la Asamblea General de las Naciones Unidas <\/strong>el 20 de noviembre de 1989 ratificada por Espa\u00f1a<\/p>\n<ul>\n<li>Art\u00edculo 18.1: Responsabilidad progenitores<\/li>\n<li>Art\u00edculo 28: Derecho del ni\u00f1o a la educaci\u00f3n<\/li>\n<\/ul>\n<p><span style=\"color: #0000ff;\"><u><a style=\"color: #0000ff;\" href=\"https:\/\/www.boe.es\/buscar\/doc.php?id=BOE-A-1990-31312\"><strong>Documento BOE-A-1990-31312\u00a0<\/strong><\/a><\/u><\/span><\/p>\n<hr \/>\n<p><span class=\"s3\"><strong>Convenio<\/strong><b> Europeo<\/b>, sobre el ejercicio de los derechos de los Ni\u00f1os, hecho en Estrasburgo el 25 de enero de 1996 ratificado por Espa\u00f1a\u00a0<\/span><\/p>\n<p><span style=\"color: #0000ff;\"><strong><u><a style=\"color: #0000ff;\" href=\"https:\/\/www.boe.es\/diario_boe\/txt.php?id=BOE-A-2015-1752\">Documento BOE-A-2015-1752<\/a><\/u><\/strong><\/span><\/p>\n<\/div><div class=\"fusion-clearfix\"><\/div><\/div><\/div><\/div><\/div><div class=\"fusion-fullwidth fullwidth-box fusion-builder-row-3 bloqueSeccion nonhundred-percent-fullwidth non-hundred-percent-height-scrolling\" style=\"background-color: rgba(255,255,255,0);background-position: center center;background-repeat: no-repeat;padding-top:10px;padding-right:0px;padding-bottom:0px;padding-left:0px;margin-bottom: 0px;margin-top: 0px;border-width: 0px 0px 0px 0px;border-color:#000000;border-style:solid;\" ><div class=\"fusion-builder-row fusion-row\"><div class=\"fusion-layout-column fusion_builder_column fusion-builder-column-4 fusion_builder_column_2_5 2_5 fusion-two-fifth fusion-column-first\" style=\"width:40%;width:calc(40% - ( ( 4% ) * 0.4 ) );margin-right: 4%;margin-top:0px;margin-bottom:0px;\"><div class=\"fusion-column-wrapper fusion-flex-column-wrapper-legacy\" style=\"background-position:left top;background-repeat:no-repeat;-webkit-background-size:cover;-moz-background-size:cover;-o-background-size:cover;background-size:cover;padding: 0px 0px 0px 0px;\"><style type=\"text\/css\"><\/style><div class=\"fusion-title title fusion-title-3 fusion-sep-none fusion-title-text fusion-title-size-two\" style=\"margin-top:0px;margin-bottom:10px;\"><h2 class=\"title-heading-left\" style=\"margin:0;\"><b><\/b><span class=\"s1\"><b>\u00c1mbito estatal<\/b><\/span><\/h2><\/div><div class=\"fusion-clearfix\"><\/div><\/div><\/div><div class=\"fusion-layout-column fusion_builder_column fusion-builder-column-5 fusion_builder_column_3_5 3_5 fusion-three-fifth fusion-column-last marginCero\" style=\"width:60%;width:calc(60% - ( ( 4% ) * 0.6 ) );margin-top:0px;margin-bottom:20px;\"><div class=\"fusion-column-wrapper fusion-flex-column-wrapper-legacy\" style=\"background-position:left top;background-repeat:no-repeat;-webkit-background-size:cover;-moz-background-size:cover;-o-background-size:cover;background-size:cover;padding: 0px 0px 0px 0px;\"><div class=\"fusion-text fusion-text-2\" style=\"transform:translate3d(0,0,0);\"><hr \/>\n<h2><strong>EDUCACI\u00d3N<\/strong><\/h2>\n<hr \/>\n<p><strong>Constituci\u00f3n Espa\u00f1ola<\/strong>.<\/p>\n<ul>\n<li>Art\u00edculo 27 (1 i 4): Derecho a la educaci\u00f3n<\/li>\n<\/ul>\n<p><span style=\"color: #0000ff;\"><strong><u><a style=\"color: #0000ff;\" href=\"https:\/\/www.boe.es\/buscar\/act.php?id=BOE-A-1978-31229\">Documento consolidado BOE-A-1978-31229<\/a><\/u><\/strong><\/span><\/p>\n<hr \/>\n<p><span class=\"s2\"><b>Sobre el ejercicio de los derechos de los Ni\u00f1os, hecho en Estrasburgo el 25 de enero de 1996 ratificado por Espa\u00f1a Ley org\u00e1nica 8\/1985, de 3 julio, Reguladora del Derecho a la Educaci\u00f3n (LODE).\u00a0<\/b><\/span><\/p>\n<ul>\n<li>Art\u00edculo 1.1: Derechos a la educaci\u00f3n<\/li>\n<li>Art\u00edculo 4.1: Derechos padres y\/o tutores<\/li>\n<li>Art\u00edculo 4.2: Deberes padres y\/o tutores<\/li>\n<li>Art\u00edculo 6.1: Derechos y deberes alumnos<\/li>\n<li>Art\u00edculo 6.3: Derechos b\u00e1sicos alumnos<\/li>\n<li>Art\u00edculo 6.4: Deberes b\u00e1sicos alumnos<\/li>\n<li>Disposici\u00f3n adicional 2\u00aa.1<\/li>\n<\/ul>\n<p><span style=\"color: #0000ff;\"><strong><u><a style=\"color: #0000ff;\" href=\"https:\/\/www.boe.es\/buscar\/act.php?id=BOE-A-1985-12978\">Documento consolidado BOE-A-1985-12978<\/a><\/u><\/strong><\/span><\/p>\n<hr \/>\n<p><strong>Ley Org\u00e1nica 2\/2006, de 3 de mayo, de Educaci\u00f3n (LOE)<\/strong><\/p>\n<ul>\n<li>Art\u00edculo 3.3: Educaci\u00f3n b\u00e1sica<\/li>\n<li>Art\u00edculo 3.8: Alumnado NEAE<\/li>\n<li>Art\u00edculo 3.9: Educaci\u00f3n a distancia, de apoyo y atenci\u00f3n educativa espec\u00edfica<\/li>\n<li>Art\u00edculo 4: Ense\u00f1anza b\u00e1sica<\/li>\n<li>Art\u00edculo 8: Cooperaci\u00f3n entre Administraciones<\/li>\n<li>Art\u00edculo 19.1: Principios pedag\u00f3gicos educaci\u00f3n primaria<\/li>\n<li>Art\u00edculo 20.4: Evaluaci\u00f3n durante la etapa primaria<\/li>\n<li>Art\u00edculo 21.3: Evaluaci\u00f3n final de Educaci\u00f3n primaria<\/li>\n<li>Art\u00edculo 22(4,5,6 y 7): Principios generales educaci\u00f3n secundaria obligatoria<\/li>\n<li>Art\u00edculo 24.7: Agrupaci\u00f3n de las materias del primer curso en \u00e1mbitos de conocimiento<\/li>\n<li>Art\u00edculo 26(1 y 5): Principios pedag\u00f3gicos educaci\u00f3n secundaria obligatoria<\/li>\n<li>Art\u00edculo 27: Programas de mejora del aprendizaje y del rendimiento.<\/li>\n<li>Art\u00edculo 28(6 y 7): Evaluaci\u00f3n y promoci\u00f3n educaci\u00f3n secundaria obligatoria<\/li>\n<li>Art\u00edculo 71: Principios alumnado con necesidad espec\u00edfica de apoyo educativo<\/li>\n<li>Art\u00edculo 72: Recursos alumnado con necesidad espec\u00edfica de apoyo educativo<\/li>\n<li>Art\u00edculo 78: Escolarizaci\u00f3n alumnos con integraci\u00f3n tard\u00eda en el sistema educativo espa\u00f1ol<\/li>\n<li>Art\u00edculo 79: Programas espec\u00edficos alumnos con integraci\u00f3n tard\u00eda en el sistema educativo espa\u00f1ol<\/li>\n<li>Art\u00edculo 79 bis: Medidas de escolarizaci\u00f3n y atenci\u00f3n del alumnado con dificultades espec\u00edficas de aprendizaje<\/li>\n<li>Art\u00edculo 80: Principios compensaci\u00f3n de las desigualdades en educaci\u00f3n<\/li>\n<li>Art\u00edculo 81: Escolarizaci\u00f3n<\/li>\n<li>Art\u00edculo 91: Funciones del profesorado<\/li>\n<li>Art\u00edculo 124.2: Normas de organizaci\u00f3n, funcionamiento y convivencia<\/li>\n<li>Art\u00edculo 157.h: Servicios o profesionales especializados en la orientaci\u00f3n educativa, psicopedag\u00f3gica y profesional.<\/li>\n<li>Disposici\u00f3n adicional 15\u00aa(1): Municipios, corporaciones o entidades locales<\/li>\n<\/ul>\n<p class=\"p3\"><span style=\"color: #0000ff;\"><strong><u><a style=\"color: #0000ff;\" href=\"https:\/\/www.boe.es\/buscar\/act.php?id=BOE-A-2006-7899\">Documento consolidado BOE-A-2006-7899<\/a><\/u> <\/strong><\/span><\/p>\n<hr \/>\n<p><strong>Ley Org\u00e1nica 3-2020, de 29 de diciembre, que modifica Ley org\u00e1nica -2006 de Educaci\u00f3n<\/strong><\/p>\n<p><a href=\"https:\/\/educacio-valencia.es\/wp-content\/uploads\/2023\/02\/Ley-Organica-3-2020-de-29-de-diciembre-modifica-Ley-organ-2-2006-de-Educ.pdf\" target=\"_blank\" rel=\"noopener\"><span style=\"color: #0000ff;\"><strong><u>Documento consolidado BOE-A-2020-17264C<\/u><\/strong><\/span><\/a><\/p>\n<hr \/>\n<p>&nbsp;<\/p>\n<h2 class=\"p2\"><strong>PROTECCI\u00d3N DEL \/ DE LA MENOR<\/strong><\/h2>\n<hr \/>\n<p><strong>Constituci\u00f3n Espa\u00f1ola.\u00a0<\/strong><\/p>\n<ul>\n<li>Art\u00edculo 39.4: Protecci\u00f3n de los derechos de los ni\u00f1os<\/li>\n<\/ul>\n<p><span style=\"color: #0000ff;\"><u><a style=\"color: #0000ff;\" href=\"https:\/\/www.boe.es\/buscar\/act.php?id=BOE-A-1978-31229\"><strong>Documento consolidado BOE-A-1978-31229<\/strong><\/a><\/u><\/span><\/p>\n<hr \/>\n<p><strong>Ley Org\u00e1nica 1\/1996, de 15 de enero, de Protecci\u00f3n Jur\u00eddica del Menor, de modificaci\u00f3n parcial del C\u00f3digo Civil y de la Ley de Enjuiciamiento Civil<\/strong> (art\u00edculo 2, 3, 9, 9 bis, 9 qu\u00e1ter, 13.2 y 18.2.g)<\/p>\n<p><strong><span style=\"color: #0000ff;\"><u><a style=\"color: #0000ff;\" href=\"https:\/\/www.boe.es\/buscar\/act.php?id=BOE-A-1996-1069\">Documento consolidado BOE-A-1996-1069<\/a><\/u><\/span>,<\/strong> modificada a su vez por la Ley Org\u00e1nica 8\/2015, de 22 de julio, de modificaci\u00f3n del sistema de protecci\u00f3n a la infancia y a la adolescencia <span style=\"color: #0000ff;\"><strong><u><a style=\"color: #0000ff;\" href=\"https:\/\/www.boe.es\/buscar\/act.php?id=BOE-A-2015-8222\">Documento consolidado BOE-A-2015-8222<\/a><\/u> <\/strong><\/span>y por la ley 26\/2015, de 28 de julio, de modificaci\u00f3n del sistema de protecci\u00f3n a la infancia y a la adolescencia <span style=\"color: #0000ff;\"><strong><u><a style=\"color: #0000ff;\" href=\"https:\/\/www.boe.es\/buscar\/act.php?id=BOE-A-2015-8470\">Documento consolidado BOE-A-2015-8470<\/a><\/u><\/strong><\/span><\/p>\n<ul>\n<li>Art\u00edculo 2: Inter\u00e9s superior del menor<\/li>\n<li>Art\u00edculo 3: Referencia a Instrumentos Internacionales<\/li>\n<li>Art\u00edculo 9: Derechos a ser o\u00eddo y escuchado<\/li>\n<li>Art\u00edculo 9 bis: Deberes de los menores<\/li>\n<li>Art\u00edculo 9 qu\u00e1ter: Deberes relativos al \u00e1mbito escolar<\/li>\n<li>Art\u00edculo 13.2: Obligaciones de los ciudadanos y deber de reserva<\/li>\n<li>Art\u00edculo 18.2.g: Actuaciones en situaci\u00f3n de desamparo<\/li>\n<\/ul>\n<hr \/>\n<h2><strong>PENAL<\/strong><\/h2>\n<hr \/>\n<p><strong>Ley Org\u00e1nica 10\/1995, de 23 de noviembre del C\u00f3digo Penal\u00a0<\/strong><\/p>\n<ul>\n<li>Art\u00edculo 226: Incumplimiento de los deberes legales de asistencia<\/li>\n<\/ul>\n<p><span style=\"color: #0000ff;\"><u><a style=\"color: #0000ff;\" href=\"https:\/\/www.boe.es\/buscar\/act.php?id=BOE-A-1995-25444\"><strong>Documento consolidado BOE-A-1995-25444<\/strong><\/a><\/u><\/span><\/p>\n<hr \/>\n<\/div><div class=\"fusion-clearfix\"><\/div><\/div><\/div><\/div><\/div><div class=\"fusion-fullwidth fullwidth-box fusion-builder-row-4 bloqueSeccion nonhundred-percent-fullwidth non-hundred-percent-height-scrolling\" style=\"background-color: rgba(255,255,255,0);background-position: center center;background-repeat: no-repeat;padding-top:10px;padding-right:0px;padding-bottom:0px;padding-left:0px;margin-bottom: 0px;margin-top: 0px;border-width: 0px 0px 0px 0px;border-color:#000000;border-style:solid;\" ><div class=\"fusion-builder-row fusion-row\"><div class=\"fusion-layout-column fusion_builder_column fusion-builder-column-6 fusion_builder_column_2_5 2_5 fusion-two-fifth fusion-column-first\" style=\"width:40%;width:calc(40% - ( ( 4% ) * 0.4 ) );margin-right: 4%;margin-top:0px;margin-bottom:0px;\"><div class=\"fusion-column-wrapper fusion-flex-column-wrapper-legacy\" style=\"background-position:left top;background-repeat:no-repeat;-webkit-background-size:cover;-moz-background-size:cover;-o-background-size:cover;background-size:cover;padding: 0px 0px 0px 0px;\"><style type=\"text\/css\"><\/style><div class=\"fusion-title title fusion-title-4 fusion-sep-none fusion-title-text fusion-title-size-two\" style=\"margin-top:0px;margin-bottom:10px;\"><h2 class=\"title-heading-left\" style=\"margin:0;\"><span class=\"s1\"><b>\u00c1mbito auton\u00f3mico Comunidad Valenciana<\/b><\/span><\/h2><\/div><div class=\"fusion-clearfix\"><\/div><\/div><\/div><div class=\"fusion-layout-column fusion_builder_column fusion-builder-column-7 fusion_builder_column_3_5 3_5 fusion-three-fifth fusion-column-last marginCero\" style=\"width:60%;width:calc(60% - ( ( 4% ) * 0.6 ) );margin-top:0px;margin-bottom:20px;\"><div class=\"fusion-column-wrapper fusion-flex-column-wrapper-legacy\" style=\"background-position:left top;background-repeat:no-repeat;-webkit-background-size:cover;-moz-background-size:cover;-o-background-size:cover;background-size:cover;padding: 0px 0px 0px 0px;\"><div class=\"fusion-text fusion-text-3\" style=\"transform:translate3d(0,0,0);\"><hr \/>\n<h2><strong>EDUCACI\u00d3N<\/strong><\/h2>\n<hr \/>\n<p><strong>DECRETO 195\/2022, de 11 de noviembre, del Consell, de igualdad y convivencia en el sistema educativo valenciano.<\/strong><\/p>\n<p>CAP\u00cdTULO IV. Derechos y deberes del profesorado<\/p>\n<p>Art\u00edculo 45. Deberes del profesorado. 10. Controlar las<strong> faltas de asistencia<\/strong> y los retrasos, y comunicarlas a las familias o representantes legales.<\/p>\n<p>CAP\u00cdTULO V.Gesti\u00f3n de conflictos que alteran la convivencia.<\/p>\n<p>Secci\u00f3n I. Abordaje educativo del conflicto que altera la convivencia<\/p>\n<p>Art\u00edculo 13. Criterios necesarios para la toma de decisiones: &#8220;3. Se adoptar\u00e1n medidas preventivas frente el <strong>absentismo<\/strong>, el abandono escolar prematuro y la segregaci\u00f3n escolar.&#8221;<\/p>\n<p>Secci\u00f3n II<br \/>\nAbordaje educativo de conductas que alteran la convivencia.<\/p>\n<p>Art\u00edculo 15. Conductas contrarias a la convivencia. a) Las <strong>faltas injustificadas de puntualidad o asistencia<\/strong>. Se considerar\u00e1n faltas injustificadas aquellas que carezcan de validez informativa<br \/>\ny documental, trasladada por el alumnado, o sus padres, madres o representantes legales, en caso de ser menores de edad, al tutor o tutora del alumno o alumna.<\/p>\n<p>Art\u00edculo 19. Medidas de abordaje educativo ante conductas gravemente perjudiciales para la convivencia. g) Evitar que las medidas que se adopten, tales como la suspensi\u00f3n del derecho de asistencia al centro educativo, acent\u00faen los casos de <strong>absentismo<\/strong> o riesgo de <strong>abandono escolar<\/strong>.<\/p>\n<p>CAP\u00cdTULO III. Derechos y deberes de las familias del alumnado.<\/p>\n<p>Art\u00edculo 43. Deberes de las familias. a) Adoptar las medidas, recursos y condiciones necesarias que garanticen la <strong>asistencia a clase<\/strong>, el estudio y la participaci\u00f3n de sus hijos e hijas o tutelados. De acuerdo con el art\u00edculo 49, de la Ley 26\/2018, de 21 de diciembre, de la Generalitat, de derechos y garant\u00edas de la infancia y adolescencia, sobre la no escolarizaci\u00f3n, absentismo y abandono escolar: \u00abLas personas progenitoras y otros representantes legales de personas menores de edad, como responsables de su crianza y formaci\u00f3n, tienen el deber de velar para que estas cursen de manera real y efectiva los niveles obligatorios de ense\u00f1anza, y de garantizar la asistencia a clase\u00bb.<\/p>\n<p><a href=\"https:\/\/educacio-valencia.es\/wp-content\/uploads\/2023\/02\/2022_10681.pdf\" target=\"_blank\" rel=\"noopener\"><span style=\"color: #0000ff;\"><strong><u>Documento\u00a0 DOGV-[<\/u><\/strong><\/span><\/a><strong><u><a href=\"https:\/\/educacio-valencia.es\/wp-content\/uploads\/2023\/02\/2022_10681.pdf\" target=\"_blank\" rel=\"noopener\">2022\/10681]<\/a><\/u><\/strong><\/p>\n<p><span style=\"color: #0000ff;\"><strong><a style=\"color: #0000ff;\" href=\"https:\/\/educacio-valencia.es\/wp-content\/uploads\/2023\/02\/Guia_explicativa_Decret_Igualtat_Convivencia.pdf\">Gu\u00eda explicativa del Decreto 195\/2022<\/a><\/strong><\/span><\/p>\n<p><strong><span style=\"color: #0000ff;\"><a style=\"color: #0000ff;\" href=\"https:\/\/www.youtube.com\/live\/IVOZfJPPKgo?feature=share\">Presentaci\u00f3n Decret o195\/2022, de igualdad y convivencia en el sistema educativo valenciano.<\/a><\/span><\/strong><\/p>\n<p>&nbsp;<\/p>\n<hr \/>\n<p><span style=\"color: #0000ff;\"><span style=\"color: #000000;\"><strong><u>Documento\u00a0 DOGV-Num. 9210 \/ 08.11.2021<\/u><\/strong><\/span><u><\/u><\/span><\/p>\n<p><span style=\"color: #0000ff;\"><strong><a style=\"color: #0000ff;\" href=\"https:\/\/educacio-valencia.es\/wp-content\/uploads\/2024\/02\/2021_11082-1.pdf\" target=\"_blank\" rel=\"noopener\">Resoluci\u00f3n de 29 de septiembre de 2021, de la directora general de Inclusi\u00f3n Educativa, por la cual se establece el protocolo de actuaci\u00f3n ante situaciones de absentismo escolar en los centros educativos sostenidos con fondos p\u00fablicos de la Comunitat Valenciana que imparten ense\u00f1anzas obligatorias y Formaci\u00f3n Profesional B\u00e1sica<\/a><\/strong><\/span><\/p>\n<p>&nbsp;<\/p>\n<hr \/>\n<p><strong>Decreto 252\/2019, de 29 de noviembre, del Consell, de regulaci\u00f3n de la organizaci\u00f3n y el funcionamiento de los centros p\u00fablicos que imparten ense\u00f1anzas de Educaci\u00f3n Secundaria Obligatoria, Bachillerato y Formaci\u00f3n Profesional <\/strong><\/p>\n<p><strong><u><a href=\"http:\/\/www.dogv.gva.es\/datos\/2019\/12\/09\/pdf\/2019_11616.pdf\"><span style=\"color: #0000ff;\">Conselleria d&#8217;Educaci\u00f3, Cultura i Esport \/ Conselleria de Educaci\u00f3n, Cultura y Deporte<\/span><\/a><\/u><\/strong><\/p>\n<ul>\n<li>Art\u00edculo 10.q: Funciones del equipo directivo<\/li>\n<li>Art\u00edculo 20.e: Funciones de la direcci\u00f3n de estudios<\/li>\n<li>Art\u00edculo 33.j: Competencias del claustro del profesorado<\/li>\n<li>Art\u00edculo 48(1 a 6): Funciones tutor\u00eda<\/li>\n<li>Art\u00edculo 74: Carta de compromiso educativo con las familias del alumnado de los centros<\/li>\n<li>Art\u00edculo 87.2: Acceso a los centros educativos<\/li>\n<li>Art\u00edculo 98: Plan de actuaci\u00f3n para la mejora<\/li>\n<\/ul>\n<p>&nbsp;<\/p>\n<hr \/>\n<p><strong>Decreto 253\/2019, de 29 de noviembre, del Consell, de regulaci\u00f3n de la organizaci\u00f3n y el funcionamiento de los centros p\u00fablicos que imparten ense\u00f1anzas de Educaci\u00f3n Infantil o de Educaci\u00f3n Primaria\u00a0<\/strong><\/p>\n<p><span style=\"color: #0000ff;\"><strong><u><a style=\"color: #0000ff;\" href=\"https:\/\/www.dogv.gva.es\/datos\/2019\/12\/02\/pdf\/2019_11482.pdf\">Conselleria d&#8217;Educaci\u00f3, Cultura i Esport \/ Conselleria de Educaci\u00f3n, Cultura y Deporte<\/a><\/u><\/strong><\/span><\/p>\n<ul>\n<li>Art\u00edculo 11.q: Funciones del equipo directivo<\/li>\n<li>Art\u00edculo 20.g: Funciones de la direcci\u00f3n de estudios<\/li>\n<li>Art\u00edculo 32.j: Competencias del claustro del profesorado<\/li>\n<li>Art\u00edculo 41: Funciones tutor\u00eda<\/li>\n<li>Art\u00edculo 59: Carta de compromiso educativo con las familias del alumnado de los centros<\/li>\n<li>Art\u00edculo 72.2: Acceso a los centros educativos<\/li>\n<li>Art\u00edculo 83: Plan de actuaci\u00f3n para la mejora<\/li>\n<\/ul>\n<hr \/>\n<p><strong>Orden 20\/2019, de 30 de abril, de la Conselleria de Educaci\u00f3n, Investigaci\u00f3n, Cultura y Deporte, por la cual se regula la organizaci\u00f3n de la respuesta educativa para la inclusi\u00f3n del alumnado en los centros docentes sostenidos con fondos p\u00fablicos del sistema educativo valenciano\u00a0<\/strong><\/p>\n<p><span style=\"color: #0000ff;\"><strong><u><a style=\"color: #0000ff;\" href=\"http:\/\/www.dogv.gva.es\/datos\/2019\/05\/03\/pdf\/2019_4442.pdf\">Conselleria d&#8217;Educaci\u00f3, Investigaci\u00f3, Cultura i Esport \/ Conselleria de Educaci\u00f3n, Investigaci\u00f3n, Cultura y Deporte<\/a><\/u><\/strong><\/span> redactada al amparo del art\u00edculo 14 del Decreto 104\/2018, de 27 de julio, del Consell, por el cual se desarrollan los principios de equidad y de inclusi\u00f3n en el sistema educativo valenciano<span style=\"color: #0000ff;\"> <strong><u><a style=\"color: #0000ff;\" href=\"https:\/\/www.dogv.gva.es\/datos\/2018\/08\/07\/pdf\/2018_7822.pdf\">Conselleria d&#8217;Educaci\u00f3, Investigaci\u00f3, Cultura i Esport \/ Conselleria de Educaci\u00f3n, Investigaci\u00f3n, Cultura y Deporte<\/a><\/u><\/strong><\/span><\/p>\n<hr \/>\n<p><strong>Decreto 104\/2018, de 27 de julio, del Consell, por el que se desarrollan los principios de equidad y de inclusi\u00f3n en el sistema educativo valenciano<\/strong><\/p>\n<p><span style=\"color: #0000ff;\"><strong><u><a style=\"color: #0000ff;\" href=\"https:\/\/www.dogv.gva.es\/datos\/2018\/08\/07\/pdf\/2018_7822.pdf\">Conselleria d&#8217;Educaci\u00f3, Investigaci\u00f3, Cultura i Esport \/ Conselleria de Educaci\u00f3n, Investigaci\u00f3n, Cultura y Deporte<\/a><\/u><\/strong><\/span><\/p>\n<ul>\n<li>Art\u00edculo 3(2,6,8 y 10): Principios generales<\/li>\n<li>Art\u00edculo 4: L\u00edneas generales de actuaci\u00f3n<\/li>\n<li>Art\u00edculo 5.8: Funciones de la Conselleria competente en materia de educaci\u00f3n<\/li>\n<li>Art\u00edculo 10(2 y 4): Colaboraci\u00f3n entre administraciones y con entidades locales<\/li>\n<li>Art\u00edculo\u00a0 12.2.k: Plan de actuaci\u00f3n para la mejora (PAM)<\/li>\n<li>Art\u00edculo 13(1,3 y 4): Detecci\u00f3n e identificaci\u00f3n de necesidades del alumnado<\/li>\n<li>Art\u00edculo 32: Estructura de la orientaci\u00f3n educativa, psicopedag\u00f3gica y profesional<\/li>\n<\/ul>\n<hr \/>\n<p><strong>Decreto 186\/2017, de 24 de\u00a0de noviembre, del Consell,<\/strong> por el que se aprueba el Reglamento org\u00e1nico y funcional de la Conselleria de Educaci\u00f3n, Investigaci\u00f3n, Cultura y Deporte<\/p>\n<p><span style=\"color: #0000ff;\"><u><strong><a style=\"color: #0000ff;\" href=\"http:\/\/www.dogv.gva.es\/datos\/2017\/12\/18\/pdf\/2017_11477.pdf\">Conselleria d&#8217;Educaci\u00f3, Investigaci\u00f3, Cultura i Esport \/ Conselleria de Educaci\u00f3n, Investigaci\u00f3n, Cultura y Deporte<\/a><\/strong><\/u><\/span><\/p>\n<ul>\n<li>Art\u00edculo 8.3.j: Funciones Servicio de Innovaci\u00f3n y Calidad<\/li>\n<\/ul>\n<hr \/>\n<p><strong>Resoluci\u00f3n conjunta de 11 de diciembre de 2017<\/strong>, de la Conselleria de Educaci\u00f3n, Cultura y Deporte y de la Conselleria de Sanidad Universal y Salud P\u00fablica, por la que se dictan instrucciones para la detecci\u00f3n y la atenci\u00f3n precoz del alumnado que pueda presentar un problema de salud mental<\/p>\n<p><span style=\"color: #0000ff;\"><strong><u><a style=\"color: #0000ff;\" href=\"https:\/\/www.dogv.gva.es\/datos\/2017\/12\/22\/pdf\/2017_11874.pdf\">Conselleria d&#8217;Educaci\u00f3, Investigaci\u00f3, Cultura i Esport \/ Conselleria de Sanitat Universal i Salut P\u00fablica<\/a><\/u><\/strong><\/span><\/p>\n<ul>\n<li>Art\u00edculo 6.3.4: Agentes implicados en la fase de intervenci\u00f3n<\/li>\n<\/ul>\n<hr \/>\n<p><strong>Orden 7\/2016, de 19 de abril, de la Conselleria de Educaci\u00f3n, Investigaci\u00f3n, Cultura y Deporte<\/strong>, por la que se regula el procedimiento de admisi\u00f3n del alumnado en los centros docentes sostenidos con fondos p\u00fablicos de la Comunitat Valenciana que imparten ense\u00f1anzas de Educaci\u00f3n Infantil, Educaci\u00f3n Primaria, Educaci\u00f3n Secundaria Obligatoria y Bachillerato<\/p>\n<p><span style=\"color: #0000ff;\"><strong><u><a style=\"color: #0000ff;\" href=\"https:\/\/www.dogv.gva.es\/datos\/2016\/04\/21\/pdf\/2016_2652.pdf\">Conselleria d&#8217;Educaci\u00f3, Investigaci\u00f3, Cultura i Esport \/ Conselleria de Educaci\u00f3n, Investigaci\u00f3n, Cultura y Deporte<\/a><\/u><\/strong><\/span> redactada al amparo del Decreto 40\/2016, de 15 de abril, del Consell, por el que se regula la admisi\u00f3n en los centros docentes p\u00fablicos y privados concertados que imparten ense\u00f1anzas de Educaci\u00f3n Infantil, Educaci\u00f3n Primaria, Educaci\u00f3n Secundaria Obligatoria y Bachillerato <span style=\"color: #0000ff;\"><strong><u><a style=\"color: #0000ff;\" href=\"http:\/\/www.dogv.gva.es\/datos\/2016\/04\/18\/pdf\/2016_2552.pdf\">Conselleria d&#8217;Educaci\u00f3, Investigaci\u00f3, Cultura i Esport \/ Conselleria de Educaci\u00f3n, Investigaci\u00f3n, Cultura y Deporte<\/a><\/u><\/strong><\/span><\/p>\n<ul>\n<li>Art\u00edculo 58(1 y 2): Vacantes sobrevenidas<\/li>\n<\/ul>\n<hr \/>\n<p>&nbsp;<\/p>\n<p><strong>Decreto 30\/2014, de 14 de febrero, del Consell, por el que se regula la declaraci\u00f3n de Compromiso Familia-Tutor entre las familias o representantes legales del alumnado y los centros educativos de la Comunitat Valenciana\u00a0<\/strong><\/p>\n<p><span style=\"color: #0000ff;\"><strong><u><a style=\"color: #0000ff;\" href=\"http:\/\/www.dogv.gva.es\/datos\/2014\/02\/19\/pdf\/2014_1398.pdf\">Conselleria d&#8217;Educaci\u00f3, Cultura i Esport \/ Conselleria de Educaci\u00f3n, Cultura y Deporte<\/a><\/u><\/strong><\/span><\/p>\n<hr \/>\n<p><strong>Decreto 135\/2014, de 8 de agosto, del Consell<\/strong>, por el que se regulan los ciclos formativos de Formaci\u00f3n Profesional B\u00e1sica en el \u00e1mbito de la Comunitat Valenciana (art\u00edculo 5.4)<\/p>\n<p><strong><u><a href=\"http:\/\/www.dogv.gva.es\/datos\/2014\/08\/11\/pdf\/2014_7635.pdf\"><span style=\"color: #0000ff;\">Conselleria d&#8217;Educaci\u00f3, Cultura i Esport \/ Conseller\u00eda de Educaci\u00f3n, Cultura y Deporte<\/span><\/a><\/u><\/strong> modificado por el Decreto 36\/2020, de 13 de marzo, del Consell, de modificaci\u00f3n del decreto 135\/2014, de 8 de agosto, del Consell, por el que se regulan los ciclos formativos de Formaci\u00f3n Profesional B\u00e1sica <span style=\"color: #0000ff;\"><strong><u><a style=\"color: #0000ff;\" href=\"http:\/\/www.dogv.gva.es\/datos\/2020\/03\/30\/pdf\/2020_2729.pdf\">Conselleria d&#8217;Educaci\u00f3, Cultura i Esport \/ Conselleria de Educaci\u00f3n, Cultura y Deporte<\/a><\/u><\/strong><\/span><\/p>\n<ul>\n<li>Art\u00edculo 5.4:Garant\u00edas respecto de la escolarizaci\u00f3n<\/li>\n<\/ul>\n<hr \/>\n<p><strong>Decreto 39\/2008, de 4 de abril, del Consell,<\/strong> sobre la convivencia en los centros docentes no universitarios sostenidos con fondos p\u00fablicos y sobre los derechos y deberes del alumnado, padres, madres, tutores o tutoras, profesorado y personal de administraci\u00f3n y servicios <span style=\"color: #0000ff;\"><strong><u><a style=\"color: #0000ff;\" href=\"http:\/\/www.dogv.gva.es\/datos\/2008\/04\/09\/pdf\/2008_4159.pdf\">Conselleria d&#8217;Educaci\u00f3 \/ Conselleria de Educaci\u00f3n 55906<\/a><\/u><\/strong><\/span><\/p>\n<ul>\n<li>Art\u00edculo 15: Derecho a una formaci\u00f3n integral (alumnado)<\/li>\n<li>Art\u00edculo 23: Derecho de ayudas y apoyos<\/li>\n<li>Art\u00edculo 24: Deber de estudio y de asistencia a clase<\/li>\n<li>Art\u00edculo 50.j: Derechos de los padres, madres, tutores o tutoras de los alumnos o alumnas<\/li>\n<li>Art\u00edculo 52.d: Deberes de los padres, madres, tutores o tutoras de los alumnos o alumnas<\/li>\n<li>Art\u00edculo 54: Deberes del profesorado<\/li>\n<\/ul>\n<hr \/>\n<p>&nbsp;<\/p>\n<h2 class=\"p2\"><strong>PROTECCI\u00d3N DEL \/ DE LA\u00a0 MENOR<\/strong><\/h2>\n<hr \/>\n<p><strong>Ley 3\/2019, de 18 de febrero, de la Generalitat, de Servicios Sociales Inclusivos de la Comunitat Valenciana\u00a0<\/strong><\/p>\n<p><span style=\"color: #0000ff;\"><strong><u><a style=\"color: #0000ff;\" href=\"https:\/\/www.boe.es\/buscar\/act.php?id=BOE-A-2019-3489\">Documento consolidado BOE-A-2019-3489<\/a><\/u><\/strong><\/span><\/p>\n<ul>\n<li>Art\u00edculo 25.3.j: Espacios vulnerables<\/li>\n<\/ul>\n<hr \/>\n<p><strong>Ley 26\/2018, de 21 de diciembre, de derechos y garant\u00edas de la infancia y la adolescencia <\/strong>(art\u00edculo 7, 17, 43, 49, 85, 87, 168.2.d, 169, 170, 171, 172, 173, 174, 176, 177 y 188.4)<\/p>\n<p><span style=\"color: #0000ff;\"><strong><u><a style=\"color: #0000ff;\" href=\"https:\/\/www.boe.es\/buscar\/act.php?id=BOE-A-2019-1986&amp;p=20181224&amp;tn=2\">Documento consolidado BOE-A-2019-1986<\/a><\/u><\/strong><\/span><\/p>\n<ul>\n<li>Art\u00edculo 7: Instrumentos internacionales<\/li>\n<li>Art\u00edculo 17: Derechos de las personas menores a ser informadas, o\u00eddas y escuchadas<\/li>\n<li>Art\u00edculo 43: Derecho a la educaci\u00f3n<\/li>\n<li>Art\u00edculo 49: No escolarizaci\u00f3n, absentismo y abandono escolar<\/li>\n<li>Art\u00edculo 85: Garant\u00eda gen\u00e9rica<\/li>\n<li>Art\u00edculo 87: Defensa de sus derechos<\/li>\n<li>Art\u00edculo 168.2.d: Competencias de la Generalitat<\/li>\n<li>Art\u00edculo 169: Competencias de las entidades locales<\/li>\n<li>Art\u00edculo 170: Ejercicio de las competencias de las entidades locales en materia de protecci\u00f3n de la infancia y la adolescencia<\/li>\n<li>Art\u00edculo 171: Colaboraci\u00f3n interadministrativa<\/li>\n<li>Art\u00edculo 172: Cooperaci\u00f3n y coordinaci\u00f3n interadministrativa<\/li>\n<li>Art\u00edculo 173: Colaboraci\u00f3n y coordinaci\u00f3n entre la Generalitat y las entidades locales<\/li>\n<li>Art\u00edculo 174: T\u00e9cnicas de coordinaci\u00f3n interadministrativa para la promoci\u00f3n de los derecho y la protecci\u00f3n de la infancia y la adolescencia<\/li>\n<li>Art\u00edculo 176: Colaboraci\u00f3n con los \u00f3rganos judiciales<\/li>\n<li>Art\u00edculo 177: Colaboraci\u00f3n con el ministerio fiscal<\/li>\n<\/ul>\n<p><strong>\u00a0<\/strong><\/p>\n<hr \/>\n<\/div><div class=\"fusion-clearfix\"><\/div><\/div><\/div><\/div><\/div><div class=\"fusion-fullwidth fullwidth-box fusion-builder-row-5 bloqueSeccion nonhundred-percent-fullwidth non-hundred-percent-height-scrolling\" style=\"background-color: rgba(255,255,255,0);background-position: center center;background-repeat: no-repeat;padding-top:10px;padding-right:0px;padding-bottom:0px;padding-left:0px;margin-bottom: 0px;margin-top: 0px;border-width: 0px 0px 0px 0px;border-color:#000000;border-style:solid;\" ><div class=\"fusion-builder-row fusion-row\"><div class=\"fusion-layout-column fusion_builder_column fusion-builder-column-8 fusion_builder_column_2_5 2_5 fusion-two-fifth fusion-column-first\" style=\"width:40%;width:calc(40% - ( ( 4% ) * 0.4 ) );margin-right: 4%;margin-top:0px;margin-bottom:0px;\"><div class=\"fusion-column-wrapper fusion-flex-column-wrapper-legacy\" style=\"background-position:left top;background-repeat:no-repeat;-webkit-background-size:cover;-moz-background-size:cover;-o-background-size:cover;background-size:cover;padding: 0px 0px 0px 0px;\"><style type=\"text\/css\"><\/style><div class=\"fusion-title title fusion-title-5 fusion-sep-none fusion-title-text fusion-title-size-two\" style=\"margin-top:0px;margin-bottom:10px;\"><h2 class=\"title-heading-left\" style=\"margin:0;\"><span class=\"s1\"><b>\u00c1mbito\u00a0local<\/b><\/span><\/h2><\/div><div class=\"fusion-clearfix\"><\/div><\/div><\/div><div class=\"fusion-layout-column fusion_builder_column fusion-builder-column-9 fusion_builder_column_3_5 3_5 fusion-three-fifth fusion-column-last marginCero\" style=\"width:60%;width:calc(60% - ( ( 4% ) * 0.6 ) );margin-top:0px;margin-bottom:20px;\"><div class=\"fusion-column-wrapper fusion-flex-column-wrapper-legacy\" style=\"background-position:left top;background-repeat:no-repeat;-webkit-background-size:cover;-moz-background-size:cover;-o-background-size:cover;background-size:cover;padding: 0px 0px 0px 0px;\"><div class=\"fusion-text fusion-text-4\" style=\"transform:translate3d(0,0,0);\"><p><span class=\"s2\"><b>Ley 7\/1985, de 2 de abril, Reguladora de las Bases del R\u00e9gimen Local\u00a0<\/b><\/span><\/p>\n<p><u><strong><a href=\"https:\/\/www.boe.es\/buscar\/act.php?id=BOE-A-1985-5392\"><span style=\"color: #0000ff;\">Documento consolidado BOE-A-1985-5392<\/span> \u00a0<\/a><\/strong><\/u> \u00a0modificada a su vez por la Ley 27\/2013, de racionalizaci\u00f3n y sostenibilidad de la administraci\u00f3n local\u00a0\u00a0\u00a0 \u00a0<span style=\"color: #0000ff;\"><strong><u><a style=\"color: #0000ff;\" href=\"https:\/\/www.boe.es\/buscar\/act.php?id=BOE-A-2013-13756\">Documento consolidado BOE-A-2013-13756<\/a><\/u><\/strong><\/span><\/p>\n<ul>\n<li>Art\u00edculo 25.2.n: Competencias municipales<\/li>\n<\/ul>\n<p><strong>Real decreto 2274\/1993, de 22 de diciembre, de cooperaci\u00f3n de las corporaciones locales con el Ministerio de Educaci\u00f3n y Ciencia<\/strong>.<\/p>\n<ul>\n<li><span style=\"color: #0000ff;\"><strong><a style=\"color: #0000ff;\" href=\"https:\/\/www.boe.es\/eli\/es\/rd\/1993\/12\/22\/2274\">Bolet\u00edn Oficial del Estado de 22 de enero de 1994, n\u00fam. 19, p\u00e0g. 2077 \u2013 2181.<\/a><\/strong><\/span><\/li>\n<\/ul>\n<hr \/>\n<p><strong>Ley 8\/2010, de 23 de junio, de r\u00e9gimen local de la Comunidad Valenciana\u00a0<\/strong><\/p>\n<p><u><a href=\"https:\/\/www.boe.es\/buscar\/act.php?id=BOE-A-2010-11729\"><strong><span style=\"color: #0000ff;\">Documento consolidado BOE-A-2010-11729<\/span><\/strong><\/a><\/u><\/p>\n<ul>\n<li>Art\u00edculo 33.3.o: Competencias de los municipios valencianos<\/li>\n<\/ul>\n<hr \/>\n<\/div><div class=\"fusion-clearfix\"><\/div><\/div><\/div><\/div><\/div><div class=\"fusion-fullwidth fullwidth-box fusion-builder-row-6 bloqueSeccion nonhundred-percent-fullwidth non-hundred-percent-height-scrolling\" style=\"background-color: rgba(255,255,255,0);background-position: center center;background-repeat: no-repeat;padding-top:10px;padding-right:0px;padding-bottom:0px;padding-left:0px;margin-bottom: 0px;margin-top: 0px;border-width: 0px 0px 0px 0px;border-color:#000000;border-style:solid;\" ><\/div><div class=\"fusion-builder-row fusion-row\"><\/div><div class=\"fusion-layout-column fusion_builder_column fusion-builder-column-10 fusion_builder_column_2_5 2_5 fusion-two-fifth fusion-column-first\" style=\"width:37.6%; margin-right: 4%;margin-top:0px;margin-bottom:0px;\"><div class=\"fusion-column-wrapper fusion-flex-column-wrapper-legacy\" style=\"background-position:left top;background-repeat:no-repeat;-webkit-background-size:cover;-moz-background-size:cover;-o-background-size:cover;background-size:cover;padding: 0px 0px 0px 0px;\"><div class=\"fusion-clearfix\"><\/div><\/div><\/div><style type=\"text\/css\"><\/style><div class=\"fusion-title title fusion-title-6 fusion-sep-none fusion-title-text fusion-title-size-two\" style=\"margin-top:0px;margin-bottom:10px;\"><h2 class=\"title-heading-left\" style=\"margin:0;\"><\/h2><\/div><\/p>\n<p>&nbsp;<\/p>\n","protected":false},"excerpt":{"rendered":"<p>&nbsp;<\/p>\n","protected":false},"author":5,"featured_media":0,"parent":302,"menu_order":0,"comment_status":"closed","ping_status":"closed","template":"","meta":[],"_links":{"self":[{"href":"https:\/\/educacio-valencia.es\/es\/wp-json\/wp\/v2\/pages\/16155"}],"collection":[{"href":"https:\/\/educacio-valencia.es\/es\/wp-json\/wp\/v2\/pages"}],"about":[{"href":"https:\/\/educacio-valencia.es\/es\/wp-json\/wp\/v2\/types\/page"}],"author":[{"embeddable":true,"href":"https:\/\/educacio-valencia.es\/es\/wp-json\/wp\/v2\/users\/5"}],"replies":[{"embeddable":true,"href":"https:\/\/educacio-valencia.es\/es\/wp-json\/wp\/v2\/comments?post=16155"}],"version-history":[{"count":42,"href":"https:\/\/educacio-valencia.es\/es\/wp-json\/wp\/v2\/pages\/16155\/revisions"}],"predecessor-version":[{"id":39585,"href":"https:\/\/educacio-valencia.es\/es\/wp-json\/wp\/v2\/pages\/16155\/revisions\/39585"}],"up":[{"embeddable":true,"href":"https:\/\/educacio-valencia.es\/es\/wp-json\/wp\/v2\/pages\/302"}],"wp:attachment":[{"href":"https:\/\/educacio-valencia.es\/es\/wp-json\/wp\/v2\/media?parent=16155"}],"curies":[{"name":"wp","href":"https:\/\/api.w.org\/{rel}","templated":true}]}}