{"id":494,"date":"2022-06-22T10:34:49","date_gmt":"2022-06-22T08:34:49","guid":{"rendered":"http:\/\/educacio-valencia.es\/?post_type=avada_portfolio&#038;p=494"},"modified":"2025-09-22T13:58:03","modified_gmt":"2025-09-22T11:58:03","slug":"historia-de-nuestra-ciudad-a-traves-de-sus-barrios-y-calles-grao-y-cabanyal-canyamelar","status":"publish","type":"avada_portfolio","link":"https:\/\/educacio-valencia.es\/es\/proyectos\/historia-de-nuestra-ciudad-a-traves-de-sus-barrios-y-calles-grao-y-cabanyal-canyamelar\/","title":{"rendered":"Historia de nuestra ciudad a trav\u00e9s de sus barrios y calles: Grao y Cabanyal-Canyamelar"},"content":{"rendered":"<div class=\"fusion-fullwidth fullwidth-box fusion-builder-row-1 bloqueSeccion nonhundred-percent-fullwidth non-hundred-percent-height-scrolling\" style=\"background-color: rgba(255,255,255,0);background-position: center center;background-repeat: no-repeat;padding-top:10px;padding-right:0px;padding-bottom:0px;padding-left:0px;margin-bottom: 0px;margin-top: 0px;border-width: 0px 0px 0px 0px;border-color:#eae9e9;border-style:solid;\" ><div class=\"fusion-builder-row fusion-row\"><div class=\"fusion-layout-column fusion_builder_column fusion-builder-column-0 fusion_builder_column_2_5 2_5 fusion-two-fifth fusion-column-first\" style=\"width:40%;width:calc(40% - ( ( 4% ) * 0.4 ) );margin-right: 4%;margin-top:0px;margin-bottom:20px;\"><div class=\"fusion-column-wrapper fusion-flex-column-wrapper-legacy\" style=\"background-position:left top;background-repeat:no-repeat;-webkit-background-size:cover;-moz-background-size:cover;-o-background-size:cover;background-size:cover;padding: 0px 0px 0px 0px;\"><style type=\"text\/css\"><\/style><div class=\"fusion-title title fusion-title-1 fusion-sep-none fusion-title-text fusion-title-size-two\" style=\"margin-top:0px;margin-bottom:10px;\"><h2 class=\"title-heading-left\" style=\"margin:0;\"><h2><strong>Historia de nuestra ciudad a trav\u00e9s de sus barrios y calles: Grao y Cabanyal-Canyamelar<\/strong><\/h2>\n<h3><span style=\"color: #ff0000;\">(SAFARI FOTOGR\u00c1FICO)<\/span><\/h3><\/h2><\/div><div class=\"fusion-text fusion-text-1\" style=\"transform:translate3d(0,0,0);\"><ul>\n<li>En este programa se visitan espacios no adaptados a personas con movilidad reducida (patrimonio hist\u00f3rico-art\u00edstico).<\/li>\n<li>En este programa se visitan espacios patrimoniales que tienen un horario y aforos concretos y que pueden variar.<\/li>\n<li>Para mayor informaci\u00f3n consultar la accesibilidad de cada edificio en la p\u00e1gina web del Ayuntamiento de Val\u00e8ncia.<\/li>\n<\/ul>\n<\/div><div class=\"fusion-clearfix\"><\/div><\/div><\/div><div class=\"fusion-layout-column fusion_builder_column fusion-builder-column-1 fusion_builder_column_3_5 3_5 fusion-three-fifth fusion-column-last marginCero\" style=\"width:60%;width:calc(60% - ( ( 4% ) * 0.6 ) );margin-top:0px;margin-bottom:20px;\"><div class=\"fusion-column-wrapper fusion-flex-column-wrapper-legacy\" style=\"background-position:left top;background-repeat:no-repeat;-webkit-background-size:cover;-moz-background-size:cover;-o-background-size:cover;background-size:cover;padding: 0px 0px 0px 0px;\"><div class=\"imageframe-align-center\"><span class=\" fusion-imageframe imageframe-none imageframe-1 hover-type-none imgCabeceraSeccion\"><img width=\"1500\" height=\"1125\" alt=\"Historia de nuestra ciudad a trav\u00e9s de sus barrios y calles: Grao y Cabanyal-Canyamelar\" title=\"Historia de nuestra ciudad a trav\u00e9s de sus barrios y calles: Grao y Cabanyal-Canyamelar\" src=\"http:\/\/educacio-valencia.es\/wp-content\/uploads\/2017\/07\/Historia-de-nuestra-ciudad-a-trav\u00e9s-de-sus-barrios-y-calles-Grao-y-Cabanyal-Canyamelar.jpg\" class=\"img-responsive wp-image-13878\" srcset=\"https:\/\/educacio-valencia.es\/wp-content\/uploads\/2017\/07\/Historia-de-nuestra-ciudad-a-trav\u00e9s-de-sus-barrios-y-calles-Grao-y-Cabanyal-Canyamelar-200x150.jpg 200w, https:\/\/educacio-valencia.es\/wp-content\/uploads\/2017\/07\/Historia-de-nuestra-ciudad-a-trav\u00e9s-de-sus-barrios-y-calles-Grao-y-Cabanyal-Canyamelar-400x300.jpg 400w, https:\/\/educacio-valencia.es\/wp-content\/uploads\/2017\/07\/Historia-de-nuestra-ciudad-a-trav\u00e9s-de-sus-barrios-y-calles-Grao-y-Cabanyal-Canyamelar-600x450.jpg 600w, https:\/\/educacio-valencia.es\/wp-content\/uploads\/2017\/07\/Historia-de-nuestra-ciudad-a-trav\u00e9s-de-sus-barrios-y-calles-Grao-y-Cabanyal-Canyamelar-800x600.jpg 800w, https:\/\/educacio-valencia.es\/wp-content\/uploads\/2017\/07\/Historia-de-nuestra-ciudad-a-trav\u00e9s-de-sus-barrios-y-calles-Grao-y-Cabanyal-Canyamelar-1200x900.jpg 1200w, https:\/\/educacio-valencia.es\/wp-content\/uploads\/2017\/07\/Historia-de-nuestra-ciudad-a-trav\u00e9s-de-sus-barrios-y-calles-Grao-y-Cabanyal-Canyamelar.jpg 1500w\" sizes=\"(max-width: 800px) 100vw, 1500px\" \/><\/span><\/div><div class=\"fusion-sep-clear\"><\/div><div class=\"fusion-separator fusion-full-width-sep\" style=\"margin-left: auto;margin-right: auto;margin-top:5px;width:100%;\"><\/div><div class=\"fusion-sep-clear\"><\/div><div class=\"fusion-text fusion-text-2\" style=\"transform:translate3d(0,0,0);\"><p style=\"text-align: right;\"><strong>Foto: Joan Banjo<\/strong><\/p>\n<\/div><div class=\"fusion-clearfix\"><\/div><\/div><\/div><div class=\"fusion-layout-column fusion_builder_column fusion-builder-column-2 fusion_builder_column_2_5 2_5 fusion-two-fifth fusion-column-first\" style=\"width:40%;width:calc(40% - ( ( 4% ) * 0.4 ) );margin-right: 4%;margin-top:0px;margin-bottom:20px;\"><div class=\"fusion-column-wrapper fusion-flex-column-wrapper-legacy\" style=\"background-position:left top;background-repeat:no-repeat;-webkit-background-size:cover;-moz-background-size:cover;-o-background-size:cover;background-size:cover;padding: 0px 0px 0px 0px;\"><div class=\"fusion-clearfix\"><\/div><\/div><\/div><div class=\"fusion-layout-column fusion_builder_column fusion-builder-column-3 fusion_builder_column_3_5 3_5 fusion-three-fifth fusion-column-last marginCero\" style=\"width:60%;width:calc(60% - ( ( 4% ) * 0.6 ) );margin-top:0px;margin-bottom:20px;\"><div class=\"fusion-column-wrapper fusion-flex-column-wrapper-legacy\" style=\"background-position:left top;background-repeat:no-repeat;-webkit-background-size:cover;-moz-background-size:cover;-o-background-size:cover;background-size:cover;padding: 0px 0px 0px 0px;\"><style type=\"text\/css\"><\/style><div class=\"fusion-title title fusion-title-2 fusion-sep-none fusion-title-text fusion-title-size-four\" style=\"margin-top:10px;margin-bottom:10px;\"><h4 class=\"title-heading-left\" style=\"margin:0;\"><strong>Descripci\u00f3n<\/strong><\/h4><\/div><div class=\"fusion-text fusion-text-3\" style=\"transform:translate3d(0,0,0);\"><p>El programa busca captar la esencia, el alma del barrio trabajado, en este caso Poblados Mar\u00edtimos, a trav\u00e9s de actividades que conduzcan a conocer y valorar los espacios y actividades que lo definen y le dan personalidad.<\/p>\n<p>Habr\u00e1 una\u00a0<b>primera sesi\u00f3n\u00a0<\/b>que se realizar\u00e1 en el aula del centro para tener una primera aproximaci\u00f3n a los conceptos que se trabajan durante la ruta de la segunda sesi\u00f3n.<\/p>\n<p>La actividad educativa, en la<strong> segunda sesi\u00f3n,<\/strong> consistir\u00e1 en la realizaci\u00f3n de un safari fotogr\u00e1fico por el barrio, utilizando dispositivos de captaci\u00f3n de im\u00e1genes facilitados por el personal educador municipal. Hablaremos de los or\u00edgenes hist\u00f3ricos del espacio y de las actividades tradicionales que all\u00ed se desarrollan.Tras esta explicaci\u00f3n, realizaremos una ruta por los lugares m\u00e1s emblem\u00e1ticos: Puerto y Atarazanas, playa, f\u00e1brica de Hielo, Marina Auxiliant, Avenida del Mediterr\u00e1neo, Iglesia del Rosari y Mercado del Caba\u00f1al.<\/p>\n<p>Dentro de este paseo, realizaremos tambi\u00e9n una parada en el Museo de Semana Santa Marinera para conocer dicha festividad y analizar la importancia social que tiene en el barrio.<\/p>\n<\/div><div class=\"fusion-clearfix\"><\/div><\/div><\/div><div class=\"fusion-layout-column fusion_builder_column fusion-builder-column-4 fusion_builder_column_2_5 2_5 fusion-two-fifth fusion-column-first\" style=\"width:40%;width:calc(40% - ( ( 4% ) * 0.4 ) );margin-right: 4%;margin-top:0px;margin-bottom:20px;\"><div class=\"fusion-column-wrapper fusion-flex-column-wrapper-legacy\" style=\"background-position:left top;background-repeat:no-repeat;-webkit-background-size:cover;-moz-background-size:cover;-o-background-size:cover;background-size:cover;padding: 0px 0px 0px 0px;\"><div class=\"fusion-clearfix\"><\/div><\/div><\/div><div class=\"fusion-layout-column fusion_builder_column fusion-builder-column-5 fusion_builder_column_3_5 3_5 fusion-three-fifth fusion-column-last bloqueSeccion marginCero\" style=\"width:60%;width:calc(60% - ( ( 4% ) * 0.6 ) );margin-top:0px;margin-bottom:20px;\"><div class=\"fusion-column-wrapper fusion-flex-column-wrapper-legacy\" style=\"background-position:left top;background-repeat:no-repeat;-webkit-background-size:cover;-moz-background-size:cover;-o-background-size:cover;background-size:cover;padding: 0px 0px 0px 0px;\"><style type=\"text\/css\"><\/style><div class=\"fusion-title title fusion-title-3 fusion-sep-none fusion-title-text fusion-title-size-four\" style=\"margin-top:10px;margin-bottom:10px;\"><h4 class=\"title-heading-left\" style=\"margin:0;\"><strong>Objetivos<\/strong><\/h4><\/div><div class=\"fusion-text fusion-text-4\" style=\"transform:translate3d(0,0,0);\"><ul>\n<li>Dar a conocer distintos barrios de la ciudad de Val\u00e8ncia que han formado parte de la historia de la misma y son responsables de su desarrollo econ\u00f3mico.<\/li>\n<li>Poner en valor oficios ya desaparecidos como es la pesca de arrastre (pesca dels bous).<\/li>\n<li>Conocer y entender la personalidad de distintos barrios de la ciudad.<\/li>\n<li>Recordar personajes que vivieron y trabajaron en sus calles (Sorolla, Blasco-Ib\u00e1\u00f1ez\u2026).<\/li>\n<li>Fomentar el amor por el patrimonio y la expresi\u00f3n art\u00edstica.<\/li>\n<li>Conocer una de las fiestas emblem\u00e1ticas del calendario festivo de Valencia y del barrio en particular: la Semana Santa Marinera.<\/li>\n<li>Descubrir los elementos patrimoniales que incorpora la Semana Santa Marinera y el factor sociol\u00f3gico de esta festividad en el barrio.<\/li>\n<\/ul>\n<\/div><div class=\"fusion-clearfix\"><\/div><\/div><\/div><div class=\"fusion-layout-column fusion_builder_column fusion-builder-column-6 fusion_builder_column_2_5 2_5 fusion-two-fifth fusion-column-first\" style=\"width:40%;width:calc(40% - ( ( 4% ) * 0.4 ) );margin-right: 4%;margin-top:0px;margin-bottom:20px;\"><div class=\"fusion-column-wrapper fusion-flex-column-wrapper-legacy\" style=\"background-position:left top;background-repeat:no-repeat;-webkit-background-size:cover;-moz-background-size:cover;-o-background-size:cover;background-size:cover;padding: 0px 0px 0px 0px;\"><div class=\"fusion-clearfix\"><\/div><\/div><\/div><div class=\"fusion-layout-column fusion_builder_column fusion-builder-column-7 fusion_builder_column_3_5 3_5 fusion-three-fifth fusion-column-last bloqueSeccion marginCero\" style=\"width:60%;width:calc(60% - ( ( 4% ) * 0.6 ) );margin-top:0px;margin-bottom:20px;\"><div class=\"fusion-column-wrapper fusion-flex-column-wrapper-legacy\" style=\"background-position:left top;background-repeat:no-repeat;-webkit-background-size:cover;-moz-background-size:cover;-o-background-size:cover;background-size:cover;padding: 0px 0px 0px 0px;\"><style type=\"text\/css\"><\/style><div class=\"fusion-title title fusion-title-4 fusion-sep-none fusion-title-text fusion-title-size-four\" style=\"margin-top:10px;margin-bottom:10px;\"><h4 class=\"title-heading-left\" style=\"margin:0;\"><strong>Requisitos para su ejecuci\u00f3n<\/strong><\/h4><\/div><div class=\"fusion-text fusion-text-5\" style=\"transform:translate3d(0,0,0);\"><p>A la finalizaci\u00f3n de cada programa la\/el docente responsable del grupo, as\u00ed como el alumnado participante, cumplimentar\u00e1n el cuestionario de evaluaci\u00f3n de calidad. Este cuestionario se cumplimenta on-line. Los enlaces para su cumplimentaci\u00f3n se encuentran al final de cada uno de los programas recogidos en la p\u00e1gina de web de educaci\u00f3n.<\/p>\n<\/div><div class=\"fusion-clearfix\"><\/div><\/div><\/div><div class=\"fusion-layout-column fusion_builder_column fusion-builder-column-8 fusion_builder_column_2_5 2_5 fusion-two-fifth fusion-column-first\" style=\"width:40%;width:calc(40% - ( ( 4% ) * 0.4 ) );margin-right: 4%;margin-top:0px;margin-bottom:20px;\"><div class=\"fusion-column-wrapper fusion-flex-column-wrapper-legacy\" style=\"background-position:left top;background-repeat:no-repeat;-webkit-background-size:cover;-moz-background-size:cover;-o-background-size:cover;background-size:cover;padding: 0px 0px 0px 0px;\"><div class=\"fusion-clearfix\"><\/div><\/div><\/div><div class=\"fusion-layout-column fusion_builder_column fusion-builder-column-9 fusion_builder_column_3_5 3_5 fusion-three-fifth fusion-column-last bloqueSeccion marginCero\" style=\"width:60%;width:calc(60% - ( ( 4% ) * 0.6 ) );margin-top:0px;margin-bottom:20px;\"><div class=\"fusion-column-wrapper fusion-flex-column-wrapper-legacy\" style=\"background-position:left top;background-repeat:no-repeat;-webkit-background-size:cover;-moz-background-size:cover;-o-background-size:cover;background-size:cover;padding: 0px 0px 0px 0px;\"><style type=\"text\/css\"><\/style><div class=\"fusion-title title fusion-title-5 fusion-sep-none fusion-title-text fusion-title-size-four\" style=\"margin-top:10px;margin-bottom:10px;\"><h4 class=\"title-heading-left\" style=\"margin:0;\"><strong>Dirigido a<\/strong><\/h4><\/div>BC1, BC2, CEE (Adultos), CFS, EP5, EP6, ESO1, ESO2, ESO3, ESO4, UP<div class=\"fusion-clearfix\"><\/div><\/div><\/div><div class=\"fusion-layout-column fusion_builder_column fusion-builder-column-10 fusion_builder_column_2_5 2_5 fusion-two-fifth fusion-column-first\" style=\"width:40%;width:calc(40% - ( ( 4% ) * 0.4 ) );margin-right: 4%;margin-top:0px;margin-bottom:20px;\"><div class=\"fusion-column-wrapper fusion-flex-column-wrapper-legacy\" style=\"background-position:left top;background-repeat:no-repeat;-webkit-background-size:cover;-moz-background-size:cover;-o-background-size:cover;background-size:cover;padding: 0px 0px 0px 0px;\"><div class=\"fusion-clearfix\"><\/div><\/div><\/div><div class=\"fusion-layout-column fusion_builder_column fusion-builder-column-11 fusion_builder_column_3_5 3_5 fusion-three-fifth fusion-column-last bloqueSeccion marginCero\" style=\"width:60%;width:calc(60% - ( ( 4% ) * 0.6 ) );margin-top:0px;margin-bottom:20px;\"><div class=\"fusion-column-wrapper fusion-flex-column-wrapper-legacy\" style=\"background-position:left top;background-repeat:no-repeat;-webkit-background-size:cover;-moz-background-size:cover;-o-background-size:cover;background-size:cover;padding: 0px 0px 0px 0px;\"><style type=\"text\/css\"><\/style><div class=\"fusion-title title fusion-title-6 fusion-sep-none fusion-title-text fusion-title-size-four\" style=\"margin-top:10px;margin-bottom:10px;\"><h4 class=\"title-heading-left\" style=\"margin:0;\"><strong>Calendario y horario<\/strong><\/h4><\/div><div class=\"fusion-text fusion-text-6\" style=\"transform:translate3d(0,0,0);\"><ul>\n<li>Se realizar\u00e1 durante todo el curso escolar de martes a viernes.<\/li>\n<li><strong>Primera sesi\u00f3n:<\/strong> Tendr\u00e1 una duraci\u00f3n de 2 horas. (En el Aula).<\/li>\n<li><strong>La segunda sesi\u00f3n<\/strong>:\n<ul>\n<li>El punto de encuentro\u00a0 ser\u00e1 en el Edificio del Reloj del puerto de Val\u00e8ncia.<\/li>\n<li>Tendr\u00e1 una duraci\u00f3n aproximada de tres horas y media, incluyendo un descanso para el almuerzo. (De 9:45 a 13:15 horas).<\/li>\n<\/ul>\n<\/li>\n<\/ul>\n<\/div><div class=\"fusion-clearfix\"><\/div><\/div><\/div><div class=\"fusion-layout-column fusion_builder_column fusion-builder-column-12 fusion_builder_column_2_5 2_5 fusion-two-fifth fusion-column-first\" style=\"width:40%;width:calc(40% - ( ( 4% ) * 0.4 ) );margin-right: 4%;margin-top:0px;margin-bottom:20px;\"><div class=\"fusion-column-wrapper fusion-flex-column-wrapper-legacy\" style=\"background-position:left top;background-repeat:no-repeat;-webkit-background-size:cover;-moz-background-size:cover;-o-background-size:cover;background-size:cover;padding: 0px 0px 0px 0px;\"><div class=\"fusion-clearfix\"><\/div><\/div><\/div><div class=\"fusion-layout-column fusion_builder_column fusion-builder-column-13 fusion_builder_column_3_5 3_5 fusion-three-fifth fusion-column-last bloqueSeccion marginCero\" style=\"width:60%;width:calc(60% - ( ( 4% ) * 0.6 ) );margin-top:0px;margin-bottom:20px;\"><div class=\"fusion-column-wrapper fusion-flex-column-wrapper-legacy\" style=\"background-position:left top;background-repeat:no-repeat;-webkit-background-size:cover;-moz-background-size:cover;-o-background-size:cover;background-size:cover;padding: 0px 0px 0px 0px;\"><style type=\"text\/css\"><\/style><div class=\"fusion-title title fusion-title-7 fusion-sep-none fusion-title-text fusion-title-size-four\" style=\"margin-top:10px;margin-bottom:10px;\"><h4 class=\"title-heading-left\" style=\"margin:0;\"><strong>Aportaciones del Ayuntamiento<\/strong><\/h4><\/div><div class=\"fusion-text fusion-text-7\" style=\"transform:translate3d(0,0,0);\"><ul>\n<li>Educador\/a<\/li>\n<li>Dispositivos electr\u00f3nicos de reproducci\u00f3n fotogr\u00e1fica.<\/li>\n<\/ul>\n<\/div><div class=\"fusion-clearfix\"><\/div><\/div><\/div><div class=\"fusion-layout-column fusion_builder_column fusion-builder-column-14 fusion_builder_column_2_5 2_5 fusion-two-fifth fusion-column-first\" style=\"width:40%;width:calc(40% - ( ( 4% ) * 0.4 ) );margin-right: 4%;margin-top:0px;margin-bottom:20px;\"><div class=\"fusion-column-wrapper fusion-flex-column-wrapper-legacy\" style=\"background-position:left top;background-repeat:no-repeat;-webkit-background-size:cover;-moz-background-size:cover;-o-background-size:cover;background-size:cover;padding: 0px 0px 0px 0px;\"><div class=\"fusion-clearfix\"><\/div><\/div><\/div><div class=\"fusion-layout-column fusion_builder_column fusion-builder-column-15 fusion_builder_column_3_5 3_5 fusion-three-fifth fusion-column-last bloqueSeccion marginCero\" style=\"width:60%;width:calc(60% - ( ( 4% ) * 0.6 ) );margin-top:0px;margin-bottom:20px;\"><div class=\"fusion-column-wrapper fusion-flex-column-wrapper-legacy\" style=\"background-position:left top;background-repeat:no-repeat;-webkit-background-size:cover;-moz-background-size:cover;-o-background-size:cover;background-size:cover;padding: 0px 0px 0px 0px;\"><style type=\"text\/css\"><\/style><div class=\"fusion-title title fusion-title-8 fusion-sep-none fusion-title-text fusion-title-size-four\" style=\"margin-top:10px;margin-bottom:10px;\"><h4 class=\"title-heading-left\" style=\"margin:0;\"><h4 class=\"title-heading-left\"><strong>Requisitos para su ejecuci\u00f3n<\/strong><\/h4><\/h4><\/div><div class=\"fusion-text fusion-text-8\" style=\"transform:translate3d(0,0,0);\"><ul>\n<li><strong>Se facilitar\u00e1 por parte de l@s educador@s dispositivos de captaci\u00f3n de im\u00e1genes<\/strong>\u00a0(c\u00e1mara fotogr\u00e1fica, m\u00f3vil con c\u00e1mara de fotos, etc.) que solamente puede ser utilizado durante la realizaci\u00f3n del Safari fotogr\u00e1fico. Ni el alumnado ni el centro debe aportar nada.<\/li>\n<li>A la finalizaci\u00f3n de cada programa la\/el docente responsable del grupo, as\u00ed como el alumnado participante, cumplimentar\u00e1n el cuestionario de evaluaci\u00f3n de calidad. Este cuestionario se cumplimenta on-line. Los enlaces para su cumplimentaci\u00f3n se encuentran al final de cada uno de los programas recogidos en la p\u00e1gina de web de educaci\u00f3n.<\/li>\n<\/ul>\n<\/div><div class=\"fusion-clearfix\"><\/div><\/div><\/div><div class=\"fusion-layout-column fusion_builder_column fusion-builder-column-16 fusion_builder_column_2_5 2_5 fusion-two-fifth fusion-column-first\" style=\"width:40%;width:calc(40% - ( ( 4% ) * 0.4 ) );margin-right: 4%;margin-top:0px;margin-bottom:20px;\"><div class=\"fusion-column-wrapper fusion-flex-column-wrapper-legacy\" style=\"background-position:left top;background-repeat:no-repeat;-webkit-background-size:cover;-moz-background-size:cover;-o-background-size:cover;background-size:cover;padding: 0px 0px 0px 0px;\"><div class=\"fusion-clearfix\"><\/div><\/div><\/div><div class=\"fusion-layout-column fusion_builder_column fusion-builder-column-17 fusion_builder_column_3_5 3_5 fusion-three-fifth fusion-column-last bloqueSeccion marginCero\" style=\"width:60%;width:calc(60% - ( ( 4% ) * 0.6 ) );margin-top:0px;margin-bottom:20px;\"><div class=\"fusion-column-wrapper fusion-flex-column-wrapper-legacy\" style=\"background-position:left top;background-repeat:no-repeat;-webkit-background-size:cover;-moz-background-size:cover;-o-background-size:cover;background-size:cover;padding: 0px 0px 0px 0px;\"><style type=\"text\/css\"><\/style><div class=\"fusion-title title fusion-title-9 fusion-sep-none fusion-title-text fusion-title-size-four\" style=\"margin-top:10px;margin-bottom:10px;\"><h4 class=\"title-heading-left\" style=\"margin:0;\"><strong>Material Did\u00e1ctico<\/strong><\/h4><\/div><div class=\"fusion-text fusion-text-9\" style=\"transform:translate3d(0,0,0);\"><p>Se dispone de material did\u00e1ctico de apoyo al programa. Dicho material est\u00e1 ubicado a continuaci\u00f3n. Es conveniente que el alumnado participante disponga de una copia en papel de la \u201cGu\u00eda did\u00e1ctica del alumnado\u201d. La copia la realizar\u00e1 el centro educativo debiendo estar disponible al inicio de la actividad<\/p>\n<ul>\n<li><b><a href=\"http:\/\/educacio-valencia.es\/wp-content\/uploads\/2019\/07\/01-Grao-y-Cabanyal-Canyamelar.pdf\" target=\"_blank\" rel=\"noopener noreferrer\">GUIA DID\u00c1CTICA ALUMNADO. EL GRAO-CABANYAL<\/a><\/b><\/li>\n<\/ul>\n<p>Se dispone de material did\u00e1ctico para el profesorado. Dicho material est\u00e1 ubicado a continuaci\u00f3n. Es conveniente que el profesorado disponga de esta gu\u00eda para preparar al alumnado y realizar posteriormente un feedback del programa.<\/p>\n<ul>\n<li><b><a href=\"https:\/\/educacio-valencia.es\/wp-content\/uploads\/2023\/01\/HISTORIA-GRAO-Y-CABANYAL_GD-PROF_CAST.pdf\">GU\u00cdA DID\u00c1CTICA PROFESORADO. EL GRAO-CABANYAL<\/a><\/b><\/li>\n<\/ul>\n<\/div><div class=\"fusion-clearfix\"><\/div><\/div><\/div><div class=\"fusion-layout-column fusion_builder_column fusion-builder-column-18 fusion_builder_column_2_5 2_5 fusion-two-fifth fusion-column-first\" style=\"width:40%;width:calc(40% - ( ( 4% ) * 0.4 ) );margin-right: 4%;margin-top:0px;margin-bottom:20px;\"><div class=\"fusion-column-wrapper fusion-flex-column-wrapper-legacy\" style=\"background-position:left top;background-repeat:no-repeat;-webkit-background-size:cover;-moz-background-size:cover;-o-background-size:cover;background-size:cover;padding: 0px 0px 0px 0px;\"><div class=\"fusion-clearfix\"><\/div><\/div><\/div><div class=\"fusion-layout-column fusion_builder_column fusion-builder-column-19 fusion_builder_column_3_5 3_5 fusion-three-fifth fusion-column-last bloqueSeccion marginCero\" style=\"width:60%;width:calc(60% - ( ( 4% ) * 0.6 ) );margin-top:0px;margin-bottom:20px;\"><div class=\"fusion-column-wrapper fusion-flex-column-wrapper-legacy\" style=\"background-position:left top;background-repeat:no-repeat;-webkit-background-size:cover;-moz-background-size:cover;-o-background-size:cover;background-size:cover;padding: 0px 0px 0px 0px;\"><style type=\"text\/css\"><\/style><div class=\"fusion-title title fusion-title-10 fusion-sep-none fusion-title-text fusion-title-size-four\" style=\"margin-top:10px;margin-bottom:10px;\"><h4 class=\"title-heading-left\" style=\"margin:0;\"><strong>Observaciones<\/strong><\/h4><\/div><div class=\"fusion-text fusion-text-10\" style=\"transform:translate3d(0,0,0);\"><p>El coste del desplazamiento (autob\u00fas) corre a cargo del centro educativo.<\/p>\n<\/div><div class=\"fusion-clearfix\"><\/div><\/div><\/div><div class=\"fusion-layout-column fusion_builder_column fusion-builder-column-20 fusion_builder_column_2_5 2_5 fusion-two-fifth fusion-column-first\" style=\"width:40%;width:calc(40% - ( ( 4% ) * 0.4 ) );margin-right: 4%;margin-top:0px;margin-bottom:20px;\"><div class=\"fusion-column-wrapper fusion-flex-column-wrapper-legacy\" style=\"background-position:left top;background-repeat:no-repeat;-webkit-background-size:cover;-moz-background-size:cover;-o-background-size:cover;background-size:cover;padding: 0px 0px 0px 0px;\"><div class=\"fusion-clearfix\"><\/div><\/div><\/div><div class=\"fusion-layout-column fusion_builder_column fusion-builder-column-21 fusion_builder_column_3_5 3_5 fusion-three-fifth fusion-column-last bloqueSeccion marginCero\" style=\"width:60%;width:calc(60% - ( ( 4% ) * 0.6 ) );margin-top:0px;margin-bottom:20px;\"><div class=\"fusion-column-wrapper fusion-flex-column-wrapper-legacy\" style=\"background-position:left top;background-repeat:no-repeat;-webkit-background-size:cover;-moz-background-size:cover;-o-background-size:cover;background-size:cover;padding: 0px 0px 0px 0px;\"><style type=\"text\/css\"><\/style><div class=\"fusion-title title fusion-title-11 fusion-sep-none fusion-title-text fusion-title-size-four\" style=\"margin-top:10px;margin-bottom:10px;\"><h4 class=\"title-heading-left\" style=\"margin:0;\"><strong>Informaci\u00f3n<\/strong><\/h4><\/div><div class=\"fusion-text fusion-text-11\" style=\"transform:translate3d(0,0,0);\"><p>962084283 &#8211; 962082416<\/p>\n<\/div><div class=\"fusion-clearfix\"><\/div><\/div><\/div><div class=\"fusion-layout-column fusion_builder_column fusion-builder-column-22 fusion_builder_column_2_5 2_5 fusion-two-fifth fusion-column-first\" style=\"width:40%;width:calc(40% - ( ( 4% ) * 0.4 ) );margin-right: 4%;margin-top:0px;margin-bottom:20px;\"><div class=\"fusion-column-wrapper fusion-flex-column-wrapper-legacy\" style=\"background-position:left top;background-repeat:no-repeat;-webkit-background-size:cover;-moz-background-size:cover;-o-background-size:cover;background-size:cover;padding: 0px 0px 0px 0px;\"><div class=\"fusion-clearfix\"><\/div><\/div><\/div><div class=\"fusion-layout-column fusion_builder_column fusion-builder-column-23 fusion_builder_column_3_5 3_5 fusion-three-fifth fusion-column-last bloqueSeccion marginCero\" style=\"width:60%;width:calc(60% - ( ( 4% ) * 0.6 ) );margin-top:0px;margin-bottom:20px;\"><div class=\"fusion-column-wrapper fusion-flex-column-wrapper-legacy\" style=\"background-position:left top;background-repeat:no-repeat;-webkit-background-size:cover;-moz-background-size:cover;-o-background-size:cover;background-size:cover;padding: 0px 0px 0px 0px;\"><style type=\"text\/css\"><\/style><div class=\"fusion-title title fusion-title-12 fusion-sep-none fusion-title-text fusion-title-size-four\" style=\"margin-top:10px;margin-bottom:10px;\"><h4 class=\"title-heading-left\" style=\"margin:0;\"><strong>Cuestionarios de evaluaci\u00f3n<\/strong><\/h4><\/div><div class=\"fusion-text fusion-text-12\" style=\"transform:translate3d(0,0,0);\"><p>Cuestionario evaluaci\u00f3n docente\u00a0 \u00a0 \u00a0\u00a0<b><a href=\"https:\/\/goo.gl\/forms\/zpG754WeYPn8PCWI2\" target=\"_blank\" rel=\"noopener noreferrer\">https:\/\/goo.gl\/forms\/zpG754WeYPn8PCWI2<\/a><\/b><\/p>\n<p>Cuestionario evaluaci\u00f3n alumnado\u00a0<b>\u00a0<a href=\"https:\/\/goo.gl\/forms\/MvJzfIiBf9IzXkz23\" target=\"_blank\" rel=\"noopener noreferrer\">https:\/\/goo.gl\/forms\/MvJzfIiBf9IzXkz23<\/a><\/b><\/p>\n<\/div><div class=\"fusion-clearfix\"><\/div><\/div><\/div><div class=\"fusion-layout-column fusion_builder_column fusion-builder-column-24 fusion_builder_column_2_5 2_5 fusion-two-fifth fusion-column-first\" style=\"width:40%;width:calc(40% - ( ( 4% ) * 0.4 ) );margin-right: 4%;margin-top:0px;margin-bottom:20px;\"><div class=\"fusion-column-wrapper fusion-flex-column-wrapper-legacy\" style=\"background-position:left top;background-repeat:no-repeat;-webkit-background-size:cover;-moz-background-size:cover;-o-background-size:cover;background-size:cover;padding: 0px 0px 0px 0px;\"><div class=\"fusion-clearfix\"><\/div><\/div><\/div><div class=\"fusion-layout-column fusion_builder_column fusion-builder-column-25 fusion_builder_column_3_5 3_5 fusion-three-fifth fusion-column-last bloqueSeccion marginCero\" style=\"width:60%;width:calc(60% - ( ( 4% ) * 0.6 ) );margin-top:0px;margin-bottom:20px;\"><div class=\"fusion-column-wrapper fusion-flex-column-wrapper-legacy\" style=\"background-position:left top;background-repeat:no-repeat;-webkit-background-size:cover;-moz-background-size:cover;-o-background-size:cover;background-size:cover;padding: 0px 0px 0px 0px;\"><style type=\"text\/css\"><\/style><div class=\"fusion-title title fusion-title-13 fusion-sep-none fusion-title-text fusion-title-size-four\" style=\"margin-top:10px;margin-bottom:10px;\"><h4 class=\"title-heading-left\" style=\"margin:0;\"><strong>ODS relacionados con el programa<\/strong><\/h4><\/div><span class=\" fusion-imageframe imageframe-none imageframe-2 hover-type-none\"><img width=\"60\" height=\"60\" title=\"Gui\u0301a-ODS-Universidades\" src=\"http:\/\/educacio-valencia.es\/wp-content\/uploads\/2019\/07\/Gui\u0301a-ODS-Universidades.png\" class=\"img-responsive wp-image-14983\"\/><\/span><span class=\" fusion-imageframe imageframe-none imageframe-3 hover-type-none\"><img width=\"60\" height=\"60\" title=\"S_SDG goals_icons-individual-rgb-04\" src=\"http:\/\/educacio-valencia.es\/wp-content\/uploads\/2019\/07\/S_SDG-goals_icons-individual-rgb-04.png\" class=\"img-responsive wp-image-14996\"\/><\/span><span class=\" fusion-imageframe imageframe-none imageframe-4 hover-type-none\"><img width=\"60\" height=\"60\" title=\"S_SDG goals_icons-individual-rgb-11\" src=\"http:\/\/educacio-valencia.es\/wp-content\/uploads\/2019\/07\/S_SDG-goals_icons-individual-rgb-11.png\" class=\"img-responsive wp-image-14986\"\/><\/span><div class=\"fusion-clearfix\"><\/div><\/div><\/div><div class=\"fusion-layout-column fusion_builder_column fusion-builder-column-26 fusion_builder_column_2_5 2_5 fusion-two-fifth fusion-column-first\" style=\"width:40%;width:calc(40% - ( ( 4% ) * 0.4 ) );margin-right: 4%;margin-top:0px;margin-bottom:20px;\"><div class=\"fusion-column-wrapper fusion-flex-column-wrapper-legacy\" style=\"background-position:left top;background-repeat:no-repeat;-webkit-background-size:cover;-moz-background-size:cover;-o-background-size:cover;background-size:cover;padding: 0px 0px 0px 0px;\"><div class=\"fusion-clearfix\"><\/div><\/div><\/div><div class=\"fusion-layout-column fusion_builder_column fusion-builder-column-27 fusion_builder_column_3_5 3_5 fusion-three-fifth fusion-column-last bloqueSeccion marginCero\" style=\"width:60%;width:calc(60% - ( ( 4% ) * 0.6 ) );margin-top:0px;margin-bottom:20px;\"><div class=\"fusion-column-wrapper fusion-flex-column-wrapper-legacy\" style=\"background-position:left top;background-repeat:no-repeat;-webkit-background-size:cover;-moz-background-size:cover;-o-background-size:cover;background-size:cover;padding: 10px 0px 0px 0px;\"><span class=\" fusion-imageframe imageframe-none imageframe-5 hover-type-none\"><img width=\"600\" height=\"65\" alt=\"Logotipo de la Regidoria de Educaci\u00f3n.\" title=\"ayto-educacio-color-web\" src=\"https:\/\/educacio-valencia.es\/wp-content\/uploads\/2022\/05\/ayto-educacio-color-web-600x65.png\" class=\"img-responsive wp-image-31408\" srcset=\"https:\/\/educacio-valencia.es\/wp-content\/uploads\/2022\/05\/ayto-educacio-color-web-200x22.png 200w, https:\/\/educacio-valencia.es\/wp-content\/uploads\/2022\/05\/ayto-educacio-color-web-400x43.png 400w, https:\/\/educacio-valencia.es\/wp-content\/uploads\/2022\/05\/ayto-educacio-color-web-600x65.png 600w, https:\/\/educacio-valencia.es\/wp-content\/uploads\/2022\/05\/ayto-educacio-color-web-800x87.png 800w, https:\/\/educacio-valencia.es\/wp-content\/uploads\/2022\/05\/ayto-educacio-color-web.png 984w\" sizes=\"(max-width: 800px) 100vw, 600px\" \/><\/span><span class=\" fusion-imageframe imageframe-none imageframe-6 hover-type-none\"><img width=\"200\" height=\"103\" title=\"logo Conselleria de Educaci\u00f3n, Cultura, Universidades y Empleo 2025\" src=\"https:\/\/educacio-valencia.es\/wp-content\/uploads\/2025\/07\/logo-Conselleria-de-Educacion-Cultura-Universidades-y-Empleo-2025-200x103.png\" class=\"img-responsive wp-image-44479\" srcset=\"https:\/\/educacio-valencia.es\/wp-content\/uploads\/2025\/07\/logo-Conselleria-de-Educacion-Cultura-Universidades-y-Empleo-2025-200x103.png 200w, https:\/\/educacio-valencia.es\/wp-content\/uploads\/2025\/07\/logo-Conselleria-de-Educacion-Cultura-Universidades-y-Empleo-2025-400x206.png 400w, https:\/\/educacio-valencia.es\/wp-content\/uploads\/2025\/07\/logo-Conselleria-de-Educacion-Cultura-Universidades-y-Empleo-2025-600x309.png 600w, https:\/\/educacio-valencia.es\/wp-content\/uploads\/2025\/07\/logo-Conselleria-de-Educacion-Cultura-Universidades-y-Empleo-2025-800x413.png 800w, https:\/\/educacio-valencia.es\/wp-content\/uploads\/2025\/07\/logo-Conselleria-de-Educacion-Cultura-Universidades-y-Empleo-2025-1200x619.png 1200w, https:\/\/educacio-valencia.es\/wp-content\/uploads\/2025\/07\/logo-Conselleria-de-Educacion-Cultura-Universidades-y-Empleo-2025.png 1369w\" sizes=\"(max-width: 800px) 100vw, 200px\" \/><\/span><div class=\"fusion-clearfix\"><\/div><\/div><\/div><\/div><\/div>\n","protected":false},"excerpt":{"rendered":"<p>El programa consiste en un recorrido por parte de los Poblados Mar\u00edtimos, en concreto por los barrios del Grao, Cabanyal y Canyamelar para conocer su origen y evoluci\u00f3n a lo largo de los a\u00f1os. <\/p>\n","protected":false},"author":8,"featured_media":4590,"menu_order":0,"comment_status":"open","ping_status":"closed","template":"","format":"standard","meta":[],"portfolio_category":[8,6],"portfolio_skills":[34,35,163,36,26,27,28,29,30,31,42],"portfolio_tags":[],"_links":{"self":[{"href":"https:\/\/educacio-valencia.es\/es\/wp-json\/wp\/v2\/avada_portfolio\/494"}],"collection":[{"href":"https:\/\/educacio-valencia.es\/es\/wp-json\/wp\/v2\/avada_portfolio"}],"about":[{"href":"https:\/\/educacio-valencia.es\/es\/wp-json\/wp\/v2\/types\/avada_portfolio"}],"author":[{"embeddable":true,"href":"https:\/\/educacio-valencia.es\/es\/wp-json\/wp\/v2\/users\/8"}],"replies":[{"embeddable":true,"href":"https:\/\/educacio-valencia.es\/es\/wp-json\/wp\/v2\/comments?post=494"}],"version-history":[{"count":55,"href":"https:\/\/educacio-valencia.es\/es\/wp-json\/wp\/v2\/avada_portfolio\/494\/revisions"}],"predecessor-version":[{"id":45113,"href":"https:\/\/educacio-valencia.es\/es\/wp-json\/wp\/v2\/avada_portfolio\/494\/revisions\/45113"}],"wp:featuredmedia":[{"embeddable":true,"href":"https:\/\/educacio-valencia.es\/es\/wp-json\/wp\/v2\/media\/4590"}],"wp:attachment":[{"href":"https:\/\/educacio-valencia.es\/es\/wp-json\/wp\/v2\/media?parent=494"}],"wp:term":[{"taxonomy":"portfolio_category","embeddable":true,"href":"https:\/\/educacio-valencia.es\/es\/wp-json\/wp\/v2\/portfolio_category?post=494"},{"taxonomy":"portfolio_skills","embeddable":true,"href":"https:\/\/educacio-valencia.es\/es\/wp-json\/wp\/v2\/portfolio_skills?post=494"},{"taxonomy":"portfolio_tags","embeddable":true,"href":"https:\/\/educacio-valencia.es\/es\/wp-json\/wp\/v2\/portfolio_tags?post=494"}],"curies":[{"name":"wp","href":"https:\/\/api.w.org\/{rel}","templated":true}]}}