{"id":41582,"date":"2019-07-19T08:40:54","date_gmt":"2019-07-19T06:40:54","guid":{"rendered":"https:\/\/educacio-valencia.es\/?post_type=avada_portfolio&#038;p=41582"},"modified":"2025-06-30T20:01:00","modified_gmt":"2025-06-30T18:01:00","slug":"maleta-de-la-energia","status":"publish","type":"avada_portfolio","link":"https:\/\/educacio-valencia.es\/es\/proyectos\/maleta-de-la-energia\/","title":{"rendered":"Maleta de la Energ\u00eda"},"content":{"rendered":"<div class=\"fusion-fullwidth fullwidth-box fusion-builder-row-1 bloqueSeccion nonhundred-percent-fullwidth non-hundred-percent-height-scrolling\" style=\"background-color: rgba(255,255,255,0);background-position: center center;background-repeat: no-repeat;padding-top:10px;padding-right:0px;padding-bottom:0px;padding-left:0px;margin-bottom: 0px;margin-top: 0px;border-width: 0px 0px 0px 0px;border-color:#eae9e9;border-style:solid;\" ><div class=\"fusion-builder-row fusion-row\"><div class=\"fusion-layout-column fusion_builder_column fusion-builder-column-0 fusion_builder_column_2_5 2_5 fusion-two-fifth fusion-column-first\" style=\"width:40%;width:calc(40% - ( ( 4% ) * 0.4 ) );margin-right: 4%;margin-top:0px;margin-bottom:20px;\"><div class=\"fusion-column-wrapper fusion-flex-column-wrapper-legacy\" style=\"background-position:left top;background-repeat:no-repeat;-webkit-background-size:cover;-moz-background-size:cover;-o-background-size:cover;background-size:cover;padding: 0px 0px 0px 0px;\"><style type=\"text\/css\"><\/style><div class=\"fusion-title title fusion-title-1 fusion-sep-none fusion-title-text fusion-title-size-two\" style=\"margin-top:0px;margin-bottom:10px;\"><h2 class=\"title-heading-left\" style=\"margin:0;\"><h2>Maleta de la Energ\u00eda<\/h2><\/h2><\/div><div class=\"fusion-clearfix\"><\/div><\/div><\/div><div class=\"fusion-layout-column fusion_builder_column fusion-builder-column-1 fusion_builder_column_3_5 3_5 fusion-three-fifth fusion-column-last marginCero\" style=\"width:60%;width:calc(60% - ( ( 4% ) * 0.6 ) );margin-top:0px;margin-bottom:20px;\"><div class=\"fusion-column-wrapper fusion-flex-column-wrapper-legacy\" style=\"background-position:left top;background-repeat:no-repeat;-webkit-background-size:cover;-moz-background-size:cover;-o-background-size:cover;background-size:cover;padding: 0px 0px 0px 0px;\"><div class=\"imageframe-align-center\"><span class=\" fusion-imageframe imageframe-none imageframe-1 hover-type-none imgCabeceraSeccion\"><img width=\"600\" height=\"282\" title=\"2024_25 _ Educando en el territorio. Protecci\u00f3n del medio ambiente y la biodiversidad _ RehabilitaTour_ C\u00e1mara termogr\u00e1fica_Maleta energ\u00eda\" src=\"https:\/\/educacio-valencia.es\/wp-content\/uploads\/2024\/07\/2024_25-_-Educando-en-el-territorio.-Proteccion-del-medio-ambiente-y-la-biodiversidad-_-RehabilitaTour_-Camara-termografica_Maleta-energia-600x282.png\" class=\"img-responsive wp-image-41583\" srcset=\"https:\/\/educacio-valencia.es\/wp-content\/uploads\/2024\/07\/2024_25-_-Educando-en-el-territorio.-Proteccion-del-medio-ambiente-y-la-biodiversidad-_-RehabilitaTour_-Camara-termografica_Maleta-energia-200x94.png 200w, https:\/\/educacio-valencia.es\/wp-content\/uploads\/2024\/07\/2024_25-_-Educando-en-el-territorio.-Proteccion-del-medio-ambiente-y-la-biodiversidad-_-RehabilitaTour_-Camara-termografica_Maleta-energia-400x188.png 400w, https:\/\/educacio-valencia.es\/wp-content\/uploads\/2024\/07\/2024_25-_-Educando-en-el-territorio.-Proteccion-del-medio-ambiente-y-la-biodiversidad-_-RehabilitaTour_-Camara-termografica_Maleta-energia-600x282.png 600w, https:\/\/educacio-valencia.es\/wp-content\/uploads\/2024\/07\/2024_25-_-Educando-en-el-territorio.-Proteccion-del-medio-ambiente-y-la-biodiversidad-_-RehabilitaTour_-Camara-termografica_Maleta-energia.png 744w\" sizes=\"(max-width: 800px) 100vw, 600px\" \/><\/span><\/div><div class=\"fusion-sep-clear\"><\/div><div class=\"fusion-separator fusion-full-width-sep\" style=\"margin-left: auto;margin-right: auto;margin-top:5px;width:100%;\"><\/div><div class=\"fusion-sep-clear\"><\/div><div class=\"fusion-clearfix\"><\/div><\/div><\/div><div class=\"fusion-layout-column fusion_builder_column fusion-builder-column-2 fusion_builder_column_2_5 2_5 fusion-two-fifth fusion-column-first\" style=\"width:40%;width:calc(40% - ( ( 4% ) * 0.4 ) );margin-right: 4%;margin-top:0px;margin-bottom:20px;\"><div class=\"fusion-column-wrapper fusion-flex-column-wrapper-legacy\" style=\"background-position:left top;background-repeat:no-repeat;-webkit-background-size:cover;-moz-background-size:cover;-o-background-size:cover;background-size:cover;padding: 0px 0px 0px 0px;\"><div class=\"fusion-clearfix\"><\/div><\/div><\/div><div class=\"fusion-layout-column fusion_builder_column fusion-builder-column-3 fusion_builder_column_3_5 3_5 fusion-three-fifth fusion-column-last marginCero\" style=\"width:60%;width:calc(60% - ( ( 4% ) * 0.6 ) );margin-top:0px;margin-bottom:20px;\"><div class=\"fusion-column-wrapper fusion-flex-column-wrapper-legacy\" style=\"background-position:left top;background-repeat:no-repeat;-webkit-background-size:cover;-moz-background-size:cover;-o-background-size:cover;background-size:cover;padding: 0px 0px 0px 0px;\"><style type=\"text\/css\"><\/style><div class=\"fusion-title title fusion-title-2 fusion-sep-none fusion-title-text fusion-title-size-four\" style=\"margin-top:10px;margin-bottom:10px;\"><h4 class=\"title-heading-left\" style=\"margin:0;\"><strong>Descripci\u00f3n<\/strong><\/h4><\/div><div class=\"fusion-text fusion-text-1\" style=\"transform:translate3d(0,0,0);\"><p>La Maleta de la Energ\u00eda es un recurso educativo que se ofrece a pr\u00e9stamo. Contiene un conjunto de aparatos, herramientas y recursos que facilitar\u00e1n a tu centro educativo avanzar en la transici\u00f3n energ\u00e9tica y facilitar la identificaci\u00f3n de medidas de eficiencia energ\u00e9tica.<\/p>\n<p>Con los materiales disponibles en la maleta podr\u00e9is analizar las condiciones en las que se encuentra vuestro centro educativo y los h\u00e1bitos energ\u00e9ticos de la comunidad educativa en cuanto al uso de la iluminaci\u00f3n, la climatizaci\u00f3n y los aparatos el\u00e9ctricos y electr\u00f3nicos.<\/p>\n<p>La Maleta de la Energ\u00eda contiene:<\/p>\n<ul>\n<li>Portal\u00e1mparas<\/li>\n<li>Term\u00f3metros instant\u00e1neos de superficie<\/li>\n<li>Termohigr\u00f3metros<\/li>\n<li>Lux\u00f3metros<\/li>\n<li>Medidores de consumo<\/li>\n<li>Br\u00fajulas<\/li>\n<li>Bombillas (LED, bajo consumo, hal\u00f3gena e incandescente)<\/li>\n<li>Pilas y cargador<\/li>\n<li>Kit fotovoltaico educativo<\/li>\n<li>Unidad did\u00e1ctica<\/li>\n<li>Documento de uso y propuesta de actividad<\/li>\n<\/ul>\n<p>Con la Maleta de la Energ\u00eda podr\u00e1s realizar una ecoauditor\u00eda energ\u00e9tica del centro educativo siguiendo las instrucciones presentes en el Documento de uso y propuesta de actividad, as\u00ed como, aprovechar los materiales para otros proyectos y actividades energ\u00e9ticas que se realicen en el centro.<\/p>\n<\/div><div class=\"fusion-clearfix\"><\/div><\/div><\/div><div class=\"fusion-layout-column fusion_builder_column fusion-builder-column-4 fusion_builder_column_2_5 2_5 fusion-two-fifth fusion-column-first\" style=\"width:40%;width:calc(40% - ( ( 4% ) * 0.4 ) );margin-right: 4%;margin-top:0px;margin-bottom:20px;\"><div class=\"fusion-column-wrapper fusion-flex-column-wrapper-legacy\" style=\"background-position:left top;background-repeat:no-repeat;-webkit-background-size:cover;-moz-background-size:cover;-o-background-size:cover;background-size:cover;padding: 0px 0px 0px 0px;\"><div class=\"fusion-clearfix\"><\/div><\/div><\/div><div class=\"fusion-layout-column fusion_builder_column fusion-builder-column-5 fusion_builder_column_3_5 3_5 fusion-three-fifth fusion-column-last bloqueSeccion marginCero\" style=\"width:60%;width:calc(60% - ( ( 4% ) * 0.6 ) );margin-top:0px;margin-bottom:20px;\"><div class=\"fusion-column-wrapper fusion-flex-column-wrapper-legacy\" style=\"background-position:left top;background-repeat:no-repeat;-webkit-background-size:cover;-moz-background-size:cover;-o-background-size:cover;background-size:cover;padding: 0px 0px 0px 0px;\"><style type=\"text\/css\"><\/style><div class=\"fusion-title title fusion-title-3 fusion-sep-none fusion-title-text fusion-title-size-four\" style=\"margin-top:10px;margin-bottom:10px;\"><h4 class=\"title-heading-left\" style=\"margin:0;\"><strong>Objetivos<\/strong><\/h4><\/div><div class=\"fusion-text fusion-text-2\" style=\"transform:translate3d(0,0,0);\"><ul>\n<li>Analizar el centro educativo mediante una \u201cecoauditor\u00eda energ\u00e9tica\u201d.<\/li>\n<li>Detectar problemas asociados al consumo de energ\u00eda y proponer soluciones de mejora.<\/li>\n<li>Mejorar la eficiencia energ\u00e9tica del centro educativo.<\/li>\n<li>Reducir el gasto en energ\u00eda y las emisiones de gases de efecto invernadero.<\/li>\n<\/ul>\n<\/div><div class=\"fusion-clearfix\"><\/div><\/div><\/div><div class=\"fusion-layout-column fusion_builder_column fusion-builder-column-6 fusion_builder_column_2_5 2_5 fusion-two-fifth fusion-column-first\" style=\"width:40%;width:calc(40% - ( ( 4% ) * 0.4 ) );margin-right: 4%;margin-top:0px;margin-bottom:20px;\"><div class=\"fusion-column-wrapper fusion-flex-column-wrapper-legacy\" style=\"background-position:left top;background-repeat:no-repeat;-webkit-background-size:cover;-moz-background-size:cover;-o-background-size:cover;background-size:cover;padding: 0px 0px 0px 0px;\"><div class=\"fusion-clearfix\"><\/div><\/div><\/div><div class=\"fusion-layout-column fusion_builder_column fusion-builder-column-7 fusion_builder_column_3_5 3_5 fusion-three-fifth fusion-column-last bloqueSeccion marginCero\" style=\"width:60%;width:calc(60% - ( ( 4% ) * 0.6 ) );margin-top:0px;margin-bottom:20px;\"><div class=\"fusion-column-wrapper fusion-flex-column-wrapper-legacy\" style=\"background-position:left top;background-repeat:no-repeat;-webkit-background-size:cover;-moz-background-size:cover;-o-background-size:cover;background-size:cover;padding: 0px 0px 0px 0px;\"><style type=\"text\/css\"><\/style><div class=\"fusion-title title fusion-title-4 fusion-sep-none fusion-title-text fusion-title-size-four\" style=\"margin-top:10px;margin-bottom:10px;\"><h4 class=\"title-heading-left\" style=\"margin:0;\"><strong>Dirigido a\u00a0<\/strong><\/h4><\/div>BC1, BC2, CFS, EP5, EP6, ESO1, ESO2, ESO3, ESO4, FPA, UP<div class=\"fusion-clearfix\"><\/div><\/div><\/div><div class=\"fusion-layout-column fusion_builder_column fusion-builder-column-8 fusion_builder_column_2_5 2_5 fusion-two-fifth fusion-column-first\" style=\"width:40%;width:calc(40% - ( ( 4% ) * 0.4 ) );margin-right: 4%;margin-top:0px;margin-bottom:20px;\"><div class=\"fusion-column-wrapper fusion-flex-column-wrapper-legacy\" style=\"background-position:left top;background-repeat:no-repeat;-webkit-background-size:cover;-moz-background-size:cover;-o-background-size:cover;background-size:cover;padding: 0px 0px 0px 0px;\"><div class=\"fusion-clearfix\"><\/div><\/div><\/div><div class=\"fusion-layout-column fusion_builder_column fusion-builder-column-9 fusion_builder_column_3_5 3_5 fusion-three-fifth fusion-column-last bloqueSeccion marginCero\" style=\"width:60%;width:calc(60% - ( ( 4% ) * 0.6 ) );margin-top:0px;margin-bottom:20px;\"><div class=\"fusion-column-wrapper fusion-flex-column-wrapper-legacy\" style=\"background-position:left top;background-repeat:no-repeat;-webkit-background-size:cover;-moz-background-size:cover;-o-background-size:cover;background-size:cover;padding: 0px 0px 0px 0px;\"><style type=\"text\/css\"><\/style><div class=\"fusion-title title fusion-title-5 fusion-sep-none fusion-title-text fusion-title-size-four\" style=\"margin-top:10px;margin-bottom:10px;\"><h4 class=\"title-heading-left\" style=\"margin:0;\"><strong>Calendario y horario<\/strong><\/h4><\/div><div class=\"fusion-text fusion-text-3\" style=\"transform:translate3d(0,0,0);\"><p>La maleta se ofrece a pr\u00e9stamo durante 30 d\u00edas, con posibilidad de renovarlo durante otros 15 siempre que se justifique.<\/p>\n<\/div><div class=\"fusion-clearfix\"><\/div><\/div><\/div><div class=\"fusion-layout-column fusion_builder_column fusion-builder-column-10 fusion_builder_column_2_5 2_5 fusion-two-fifth fusion-column-first\" style=\"width:40%;width:calc(40% - ( ( 4% ) * 0.4 ) );margin-right: 4%;margin-top:0px;margin-bottom:20px;\"><div class=\"fusion-column-wrapper fusion-flex-column-wrapper-legacy\" style=\"background-position:left top;background-repeat:no-repeat;-webkit-background-size:cover;-moz-background-size:cover;-o-background-size:cover;background-size:cover;padding: 0px 0px 0px 0px;\"><div class=\"fusion-clearfix\"><\/div><\/div><\/div><div class=\"fusion-layout-column fusion_builder_column fusion-builder-column-11 fusion_builder_column_3_5 3_5 fusion-three-fifth fusion-column-last bloqueSeccion marginCero\" style=\"width:60%;width:calc(60% - ( ( 4% ) * 0.6 ) );margin-top:0px;margin-bottom:20px;\"><div class=\"fusion-column-wrapper fusion-flex-column-wrapper-legacy\" style=\"background-position:left top;background-repeat:no-repeat;-webkit-background-size:cover;-moz-background-size:cover;-o-background-size:cover;background-size:cover;padding: 0px 0px 0px 0px;\"><style type=\"text\/css\"><\/style><div class=\"fusion-title title fusion-title-6 fusion-sep-none fusion-title-text fusion-title-size-four\" style=\"margin-top:10px;margin-bottom:10px;\"><h4 class=\"title-heading-left\" style=\"margin:0;\"><strong>Aportaciones del Ayuntamiento<\/strong><\/h4><\/div><div class=\"fusion-text fusion-text-4\" style=\"transform:translate3d(0,0,0);\"><ul>\n<li>Aparatos de medida<\/li>\n<li>Material did\u00e1ctico<\/li>\n<\/ul>\n<\/div><div class=\"fusion-clearfix\"><\/div><\/div><\/div><div class=\"fusion-layout-column fusion_builder_column fusion-builder-column-12 fusion_builder_column_2_5 2_5 fusion-two-fifth fusion-column-first\" style=\"width:40%;width:calc(40% - ( ( 4% ) * 0.4 ) );margin-right: 4%;margin-top:0px;margin-bottom:20px;\"><div class=\"fusion-column-wrapper fusion-flex-column-wrapper-legacy\" style=\"background-position:left top;background-repeat:no-repeat;-webkit-background-size:cover;-moz-background-size:cover;-o-background-size:cover;background-size:cover;padding: 0px 0px 0px 0px;\"><div class=\"fusion-clearfix\"><\/div><\/div><\/div><div class=\"fusion-layout-column fusion_builder_column fusion-builder-column-13 fusion_builder_column_3_5 3_5 fusion-three-fifth fusion-column-last bloqueSeccion marginCero\" style=\"width:60%;width:calc(60% - ( ( 4% ) * 0.6 ) );margin-top:0px;margin-bottom:20px;\"><div class=\"fusion-column-wrapper fusion-flex-column-wrapper-legacy\" style=\"background-position:left top;background-repeat:no-repeat;-webkit-background-size:cover;-moz-background-size:cover;-o-background-size:cover;background-size:cover;padding: 0px 0px 0px 0px;\"><style type=\"text\/css\"><\/style><div class=\"fusion-title title fusion-title-7 fusion-sep-none fusion-title-text fusion-title-size-four\" style=\"margin-top:10px;margin-bottom:10px;\"><h4 class=\"title-heading-left\" style=\"margin:0;\"><strong>Observaciones<\/strong><\/h4><\/div><div class=\"fusion-text fusion-text-5\" style=\"transform:translate3d(0,0,0);\"><p>Esta maleta se presta de manera gratuita y directa entre la entidad que solicita y la fundaci\u00f3n Val\u00e8ncia Clima y Energ\u00eda, sin posibilidad de cesi\u00f3n a terceros.<\/p>\n<p>Enlace de solicitud:<b>\u00a0<a href=\"https:\/\/forms.gle\/VNp6wAdg2YjkmC6m6\">https:\/\/forms.gle\/VNp6wAdg2YjkmC6m6<\/a><\/b><\/p>\n<\/div><div class=\"fusion-clearfix\"><\/div><\/div><\/div><div class=\"fusion-layout-column fusion_builder_column fusion-builder-column-14 fusion_builder_column_2_5 2_5 fusion-two-fifth fusion-column-first\" style=\"width:40%;width:calc(40% - ( ( 4% ) * 0.4 ) );margin-right: 4%;margin-top:0px;margin-bottom:20px;\"><div class=\"fusion-column-wrapper fusion-flex-column-wrapper-legacy\" style=\"background-position:left top;background-repeat:no-repeat;-webkit-background-size:cover;-moz-background-size:cover;-o-background-size:cover;background-size:cover;padding: 0px 0px 0px 0px;\"><div class=\"fusion-clearfix\"><\/div><\/div><\/div><div class=\"fusion-layout-column fusion_builder_column fusion-builder-column-15 fusion_builder_column_3_5 3_5 fusion-three-fifth fusion-column-last bloqueSeccion marginCero\" style=\"width:60%;width:calc(60% - ( ( 4% ) * 0.6 ) );margin-top:0px;margin-bottom:20px;\"><div class=\"fusion-column-wrapper fusion-flex-column-wrapper-legacy\" style=\"background-position:left top;background-repeat:no-repeat;-webkit-background-size:cover;-moz-background-size:cover;-o-background-size:cover;background-size:cover;padding: 0px 0px 0px 0px;\"><style type=\"text\/css\"><\/style><div class=\"fusion-title title fusion-title-8 fusion-sep-none fusion-title-text fusion-title-size-four\" style=\"margin-top:10px;margin-bottom:10px;\"><h4 class=\"title-heading-left\" style=\"margin:0;\"><strong>Informaci\u00f3n<\/strong><\/h4><\/div><div class=\"fusion-text fusion-text-6\" style=\"transform:translate3d(0,0,0);\"><p>961 06 15 82<\/p>\n<p>educaenergia@climaienergia.com<\/p>\n<\/div><div class=\"fusion-clearfix\"><\/div><\/div><\/div><div class=\"fusion-layout-column fusion_builder_column fusion-builder-column-16 fusion_builder_column_2_5 2_5 fusion-two-fifth fusion-column-first\" style=\"width:40%;width:calc(40% - ( ( 4% ) * 0.4 ) );margin-right: 4%;margin-top:0px;margin-bottom:20px;\"><div class=\"fusion-column-wrapper fusion-flex-column-wrapper-legacy\" style=\"background-position:left top;background-repeat:no-repeat;-webkit-background-size:cover;-moz-background-size:cover;-o-background-size:cover;background-size:cover;padding: 0px 0px 0px 0px;\"><div class=\"fusion-clearfix\"><\/div><\/div><\/div><div class=\"fusion-layout-column fusion_builder_column fusion-builder-column-17 fusion_builder_column_3_5 3_5 fusion-three-fifth fusion-column-last bloqueSeccion marginCero\" style=\"width:60%;width:calc(60% - ( ( 4% ) * 0.6 ) );margin-top:0px;margin-bottom:20px;\"><div class=\"fusion-column-wrapper fusion-flex-column-wrapper-legacy\" style=\"background-position:left top;background-repeat:no-repeat;-webkit-background-size:cover;-moz-background-size:cover;-o-background-size:cover;background-size:cover;padding: 0px 0px 0px 0px;\"><style type=\"text\/css\"><\/style><div class=\"fusion-title title fusion-title-9 fusion-sep-none fusion-title-text fusion-title-size-four\" style=\"margin-top:10px;margin-bottom:10px;\"><h4 class=\"title-heading-left\" style=\"margin:0;\"><strong>ODS relacionados con el programa<\/strong><\/h4><\/div><span class=\" fusion-imageframe imageframe-none imageframe-2 hover-type-none\"><img width=\"60\" height=\"60\" title=\"Gui\u0301a-ODS-Universidades\" src=\"http:\/\/educacio-valencia.es\/wp-content\/uploads\/2019\/07\/Gui\u0301a-ODS-Universidades.png\" class=\"img-responsive wp-image-14983\"\/><\/span><span class=\" fusion-imageframe imageframe-none imageframe-3 hover-type-none\"><img width=\"60\" height=\"60\" title=\"S_SDG goals_icons-individual-rgb-04\" src=\"http:\/\/educacio-valencia.es\/wp-content\/uploads\/2019\/07\/S_SDG-goals_icons-individual-rgb-04.png\" class=\"img-responsive wp-image-14996\"\/><\/span><span class=\" fusion-imageframe imageframe-none imageframe-4 hover-type-none\"><img width=\"60\" height=\"60\" title=\"Imprimir\" src=\"https:\/\/educacio-valencia.es\/wp-content\/uploads\/2019\/07\/ODS-7.jpg\" class=\"img-responsive wp-image-15014\"\/><\/span><span class=\" fusion-imageframe imageframe-none imageframe-5 hover-type-none\"><img width=\"60\" height=\"60\" title=\"Imprimir\" src=\"https:\/\/educacio-valencia.es\/wp-content\/uploads\/2019\/07\/ODS-11.jpg\" class=\"img-responsive wp-image-15001\"\/><\/span><span class=\" fusion-imageframe imageframe-none imageframe-6 hover-type-none\"><img width=\"60\" height=\"60\" title=\"Imprimir\" src=\"https:\/\/educacio-valencia.es\/wp-content\/uploads\/2019\/07\/ODS-12.jpg\" class=\"img-responsive wp-image-15002\"\/><\/span><span class=\" fusion-imageframe imageframe-none imageframe-7 hover-type-none\"><img width=\"60\" height=\"60\" title=\"Imprimir\" src=\"https:\/\/educacio-valencia.es\/wp-content\/uploads\/2019\/07\/ODS-13.jpg\" class=\"img-responsive wp-image-15003\"\/><\/span><div class=\"fusion-clearfix\"><\/div><\/div><\/div><div class=\"fusion-layout-column fusion_builder_column fusion-builder-column-18 fusion_builder_column_2_5 2_5 fusion-two-fifth fusion-column-first\" style=\"width:40%;width:calc(40% - ( ( 4% ) * 0.4 ) );margin-right: 4%;margin-top:0px;margin-bottom:20px;\"><div class=\"fusion-column-wrapper fusion-flex-column-wrapper-legacy\" style=\"background-position:left top;background-repeat:no-repeat;-webkit-background-size:cover;-moz-background-size:cover;-o-background-size:cover;background-size:cover;padding: 0px 0px 0px 0px;\"><div class=\"fusion-clearfix\"><\/div><\/div><\/div><div class=\"fusion-layout-column fusion_builder_column fusion-builder-column-19 fusion_builder_column_3_5 3_5 fusion-three-fifth fusion-column-last bloqueSeccion marginCero\" style=\"width:60%;width:calc(60% - ( ( 4% ) * 0.6 ) );margin-top:0px;margin-bottom:20px;\"><div class=\"fusion-column-wrapper fusion-flex-column-wrapper-legacy\" style=\"background-position:left top;background-repeat:no-repeat;-webkit-background-size:cover;-moz-background-size:cover;-o-background-size:cover;background-size:cover;padding: 10px 0px 0px 0px;\"><span class=\" fusion-imageframe imageframe-none imageframe-8 hover-type-none\"><img width=\"800\" height=\"90\" alt=\"Logotipo de la Regidoria de Educaci\u00f3n.\" title=\"ComboLogos\" src=\"https:\/\/educacio-valencia.es\/wp-content\/uploads\/2024\/06\/2024_25-_-Educando-en-el-territorio.-Proteccion-del-medio-ambiente-y-la-biodiversidad-_-Mi-Centro-en-Transicion-_-logotipo-800x90.jpg\" class=\"img-responsive wp-image-41415\" srcset=\"https:\/\/educacio-valencia.es\/wp-content\/uploads\/2024\/06\/2024_25-_-Educando-en-el-territorio.-Proteccion-del-medio-ambiente-y-la-biodiversidad-_-Mi-Centro-en-Transicion-_-logotipo-200x23.jpg 200w, https:\/\/educacio-valencia.es\/wp-content\/uploads\/2024\/06\/2024_25-_-Educando-en-el-territorio.-Proteccion-del-medio-ambiente-y-la-biodiversidad-_-Mi-Centro-en-Transicion-_-logotipo-400x45.jpg 400w, https:\/\/educacio-valencia.es\/wp-content\/uploads\/2024\/06\/2024_25-_-Educando-en-el-territorio.-Proteccion-del-medio-ambiente-y-la-biodiversidad-_-Mi-Centro-en-Transicion-_-logotipo-600x68.jpg 600w, https:\/\/educacio-valencia.es\/wp-content\/uploads\/2024\/06\/2024_25-_-Educando-en-el-territorio.-Proteccion-del-medio-ambiente-y-la-biodiversidad-_-Mi-Centro-en-Transicion-_-logotipo-800x90.jpg 800w, https:\/\/educacio-valencia.es\/wp-content\/uploads\/2024\/06\/2024_25-_-Educando-en-el-territorio.-Proteccion-del-medio-ambiente-y-la-biodiversidad-_-Mi-Centro-en-Transicion-_-logotipo-1200x135.jpg 1200w\" sizes=\"(max-width: 800px) 100vw, 800px\" \/><\/span><div class=\"fusion-clearfix\"><\/div><\/div><\/div><\/div><\/div>\n","protected":false},"excerpt":{"rendered":"<p>La Maleta de la Energ\u00eda es un recurso educativo que se ofrece a pr\u00e9stamo. Contiene un conjunto de aparatos, herramientas y recursos que facilitar\u00e1n a tu centro educativo avanzar en la transici\u00f3n energ\u00e9tica y facilitar la identificaci\u00f3n de medidas de eficiencia energ\u00e9tica.<\/p>\n","protected":false},"author":8,"featured_media":41583,"menu_order":0,"comment_status":"open","ping_status":"closed","template":"","format":"standard","meta":[],"portfolio_category":[6,7],"portfolio_skills":[34,35,36,26,27,28,29,30,31,39,42],"portfolio_tags":[],"_links":{"self":[{"href":"https:\/\/educacio-valencia.es\/es\/wp-json\/wp\/v2\/avada_portfolio\/41582"}],"collection":[{"href":"https:\/\/educacio-valencia.es\/es\/wp-json\/wp\/v2\/avada_portfolio"}],"about":[{"href":"https:\/\/educacio-valencia.es\/es\/wp-json\/wp\/v2\/types\/avada_portfolio"}],"author":[{"embeddable":true,"href":"https:\/\/educacio-valencia.es\/es\/wp-json\/wp\/v2\/users\/8"}],"replies":[{"embeddable":true,"href":"https:\/\/educacio-valencia.es\/es\/wp-json\/wp\/v2\/comments?post=41582"}],"version-history":[{"count":6,"href":"https:\/\/educacio-valencia.es\/es\/wp-json\/wp\/v2\/avada_portfolio\/41582\/revisions"}],"predecessor-version":[{"id":44203,"href":"https:\/\/educacio-valencia.es\/es\/wp-json\/wp\/v2\/avada_portfolio\/41582\/revisions\/44203"}],"wp:featuredmedia":[{"embeddable":true,"href":"https:\/\/educacio-valencia.es\/es\/wp-json\/wp\/v2\/media\/41583"}],"wp:attachment":[{"href":"https:\/\/educacio-valencia.es\/es\/wp-json\/wp\/v2\/media?parent=41582"}],"wp:term":[{"taxonomy":"portfolio_category","embeddable":true,"href":"https:\/\/educacio-valencia.es\/es\/wp-json\/wp\/v2\/portfolio_category?post=41582"},{"taxonomy":"portfolio_skills","embeddable":true,"href":"https:\/\/educacio-valencia.es\/es\/wp-json\/wp\/v2\/portfolio_skills?post=41582"},{"taxonomy":"portfolio_tags","embeddable":true,"href":"https:\/\/educacio-valencia.es\/es\/wp-json\/wp\/v2\/portfolio_tags?post=41582"}],"curies":[{"name":"wp","href":"https:\/\/api.w.org\/{rel}","templated":true}]}}