{"id":31,"date":"2019-07-22T09:10:20","date_gmt":"2019-07-22T07:10:20","guid":{"rendered":"http:\/\/educacio-valencia.es\/?post_type=avada_portfolio&#038;p=31"},"modified":"2025-06-26T14:15:17","modified_gmt":"2025-06-26T12:15:17","slug":"arboles-de-nuestra-ciudad","status":"publish","type":"avada_portfolio","link":"https:\/\/educacio-valencia.es\/es\/proyectos\/arboles-de-nuestra-ciudad\/","title":{"rendered":"\u00c1rboles de nuestra ciudad"},"content":{"rendered":"<div class=\"fusion-fullwidth fullwidth-box fusion-builder-row-1 bloqueSeccion nonhundred-percent-fullwidth non-hundred-percent-height-scrolling\" style=\"background-color: rgba(255,255,255,0);background-position: center center;background-repeat: no-repeat;padding-top:10px;padding-right:0px;padding-bottom:0px;padding-left:0px;margin-bottom: 0px;margin-top: 0px;border-width: 0px 0px 0px 0px;border-color:#eae9e9;border-style:solid;\" ><div class=\"fusion-builder-row fusion-row\"><div class=\"fusion-layout-column fusion_builder_column fusion-builder-column-0 fusion_builder_column_2_5 2_5 fusion-two-fifth fusion-column-first\" style=\"width:40%;width:calc(40% - ( ( 4% ) * 0.4 ) );margin-right: 4%;margin-top:0px;margin-bottom:20px;\"><div class=\"fusion-column-wrapper fusion-flex-column-wrapper-legacy\" style=\"background-position:left top;background-repeat:no-repeat;-webkit-background-size:cover;-moz-background-size:cover;-o-background-size:cover;background-size:cover;padding: 0px 0px 0px 0px;\"><style type=\"text\/css\"><\/style><div class=\"fusion-title title fusion-title-1 fusion-sep-none fusion-title-text fusion-title-size-two\" style=\"margin-top:0px;margin-bottom:10px;\"><h2 class=\"title-heading-left\" style=\"margin:0;\"><strong>\u00c1rboles de nuestra ciudad<\/strong><\/h2><\/div><div class=\"fusion-clearfix\"><\/div><\/div><\/div><div class=\"fusion-layout-column fusion_builder_column fusion-builder-column-1 fusion_builder_column_3_5 3_5 fusion-three-fifth fusion-column-last marginCero\" style=\"width:60%;width:calc(60% - ( ( 4% ) * 0.6 ) );margin-top:0px;margin-bottom:20px;\"><div class=\"fusion-column-wrapper fusion-flex-column-wrapper-legacy\" style=\"background-position:left top;background-repeat:no-repeat;-webkit-background-size:cover;-moz-background-size:cover;-o-background-size:cover;background-size:cover;padding: 0px 0px 0px 0px;\"><div class=\"fusion-slider-sc fusion-flexslider-loading flexslider flexslider-hover-type-none\" data-slideshow_autoplay=\"1\" data-slideshow_smooth_height=\"0\" data-slideshow_speed=\"1900\" style=\"max-width:100%;height:100%;\"><ul class=\"slides\"><li class=\"image\"><span class=\"fusion-image-hover-element hover-type-none\"><img src=\"https:\/\/educacio-valencia.es\/wp-content\/uploads\/2023\/06\/arboles-v2-4.jpg\" width=\"987\" height=\"740\" class=\"wp-image-35951\" srcset=\"https:\/\/educacio-valencia.es\/wp-content\/uploads\/2023\/06\/arboles-v2-4-200x150.jpg 200w, https:\/\/educacio-valencia.es\/wp-content\/uploads\/2023\/06\/arboles-v2-4-400x300.jpg 400w, https:\/\/educacio-valencia.es\/wp-content\/uploads\/2023\/06\/arboles-v2-4-600x450.jpg 600w, https:\/\/educacio-valencia.es\/wp-content\/uploads\/2023\/06\/arboles-v2-4-800x600.jpg 800w, https:\/\/educacio-valencia.es\/wp-content\/uploads\/2023\/06\/arboles-v2-4.jpg 987w\" sizes=\"(max-width: 800px) 100vw, 987px\" \/><\/span><\/li><li class=\"image\"><span class=\"fusion-image-hover-element hover-type-none\"><img src=\"https:\/\/educacio-valencia.es\/wp-content\/uploads\/2023\/06\/arboles-v2-3.jpg\" width=\"987\" height=\"740\" class=\"wp-image-35949\" srcset=\"https:\/\/educacio-valencia.es\/wp-content\/uploads\/2023\/06\/arboles-v2-3-200x150.jpg 200w, https:\/\/educacio-valencia.es\/wp-content\/uploads\/2023\/06\/arboles-v2-3-400x300.jpg 400w, https:\/\/educacio-valencia.es\/wp-content\/uploads\/2023\/06\/arboles-v2-3-600x450.jpg 600w, https:\/\/educacio-valencia.es\/wp-content\/uploads\/2023\/06\/arboles-v2-3-800x600.jpg 800w, https:\/\/educacio-valencia.es\/wp-content\/uploads\/2023\/06\/arboles-v2-3.jpg 987w\" sizes=\"(max-width: 800px) 100vw, 987px\" \/><\/span><\/li><li class=\"image\"><span class=\"fusion-image-hover-element hover-type-none\"><img src=\"https:\/\/educacio-valencia.es\/wp-content\/uploads\/2023\/06\/arboles-v2-2.jpg\" width=\"987\" height=\"740\" class=\"wp-image-35947\" srcset=\"https:\/\/educacio-valencia.es\/wp-content\/uploads\/2023\/06\/arboles-v2-2-200x150.jpg 200w, https:\/\/educacio-valencia.es\/wp-content\/uploads\/2023\/06\/arboles-v2-2-400x300.jpg 400w, https:\/\/educacio-valencia.es\/wp-content\/uploads\/2023\/06\/arboles-v2-2-600x450.jpg 600w, https:\/\/educacio-valencia.es\/wp-content\/uploads\/2023\/06\/arboles-v2-2-800x600.jpg 800w, https:\/\/educacio-valencia.es\/wp-content\/uploads\/2023\/06\/arboles-v2-2.jpg 987w\" sizes=\"(max-width: 800px) 100vw, 987px\" \/><\/span><\/li><li class=\"image\"><span class=\"fusion-image-hover-element hover-type-none\"><img src=\"https:\/\/educacio-valencia.es\/wp-content\/uploads\/2023\/06\/arboles-v2-1.jpg\" width=\"987\" height=\"740\" class=\"wp-image-35945\" srcset=\"https:\/\/educacio-valencia.es\/wp-content\/uploads\/2023\/06\/arboles-v2-1-200x150.jpg 200w, https:\/\/educacio-valencia.es\/wp-content\/uploads\/2023\/06\/arboles-v2-1-400x300.jpg 400w, https:\/\/educacio-valencia.es\/wp-content\/uploads\/2023\/06\/arboles-v2-1-600x450.jpg 600w, https:\/\/educacio-valencia.es\/wp-content\/uploads\/2023\/06\/arboles-v2-1-800x600.jpg 800w, https:\/\/educacio-valencia.es\/wp-content\/uploads\/2023\/06\/arboles-v2-1.jpg 987w\" sizes=\"(max-width: 800px) 100vw, 987px\" \/><\/span><\/li><\/ul><\/div><div class=\"fusion-clearfix\"><\/div><\/div><\/div><div class=\"fusion-layout-column fusion_builder_column fusion-builder-column-2 fusion_builder_column_2_5 2_5 fusion-two-fifth fusion-column-first\" style=\"width:40%;width:calc(40% - ( ( 4% ) * 0.4 ) );margin-right: 4%;margin-top:0px;margin-bottom:20px;\"><div class=\"fusion-column-wrapper fusion-flex-column-wrapper-legacy\" style=\"background-position:left top;background-repeat:no-repeat;-webkit-background-size:cover;-moz-background-size:cover;-o-background-size:cover;background-size:cover;padding: 0px 0px 0px 0px;\"><div class=\"fusion-clearfix\"><\/div><\/div><\/div><div class=\"fusion-layout-column fusion_builder_column fusion-builder-column-3 fusion_builder_column_3_5 3_5 fusion-three-fifth fusion-column-last marginCero\" style=\"width:60%;width:calc(60% - ( ( 4% ) * 0.6 ) );margin-top:0px;margin-bottom:20px;\"><div class=\"fusion-column-wrapper fusion-flex-column-wrapper-legacy\" style=\"background-position:left top;background-repeat:no-repeat;-webkit-background-size:cover;-moz-background-size:cover;-o-background-size:cover;background-size:cover;padding: 0px 0px 0px 0px;\"><style type=\"text\/css\"><\/style><div class=\"fusion-title title fusion-title-2 fusion-sep-none fusion-title-text fusion-title-size-four\" style=\"margin-top:10px;margin-bottom:10px;\"><h4 class=\"title-heading-left\" style=\"margin:0;\"><strong>Descripci\u00f3n<\/strong><\/h4><\/div><div class=\"fusion-text fusion-text-1\" style=\"transform:translate3d(0,0,0);\"><p>Los ni\u00f1os y ni\u00f1as se sienten espont\u00e1neamente atra\u00eddos por la naturaleza y, estando en contacto con ella se desarrollan de forma saludable a todos los niveles. Si bien la ciudad constituye un medio m\u00e1s limitado que el natural, los ecosistemas urbanos pueden ser una fuente de satisfacci\u00f3n, experimentaci\u00f3n y curiosidad. Dado que nuestra ciudad es especialmente rica en especies vegetales arb\u00f3reas, este programa trata de acercar al alumnado a su propio medio urbano.<\/p>\n<p>El programa se desarrolla en <b>dos sesiones<\/b>:<\/p>\n<ul>\n<li><strong>Primera sesi\u00f3n<\/strong>: En la primera sesi\u00f3n se explica la importancia de los \u00e1rboles en nuestro entorno y para el ser humano, sus caracter\u00edsticas, las partes que lo conforman as\u00ed como sus funciones y\u00a0 necesidades.<\/li>\n<\/ul>\n<p><b>Adem\u00e1s, esta sesi\u00f3n incluye una peque\u00f1a investigaci\u00f3n por las inmediaciones del centro educativo<\/b> para conocer el nombre de algunos de los \u00e1rboles m\u00e1s caracter\u00edsticos del barrio, as\u00ed como alguna de sus particularidades.<\/p>\n<ul>\n<li><strong>Segunda sesi\u00f3n<\/strong>: se realizar\u00e1 un trabajo pl\u00e1stico basado en el libro \u201cDibujar un \u00e1rbol\u201d de Bruno Munari.<\/li>\n<\/ul>\n<\/div><div class=\"fusion-clearfix\"><\/div><\/div><\/div><div class=\"fusion-layout-column fusion_builder_column fusion-builder-column-4 fusion_builder_column_2_5 2_5 fusion-two-fifth fusion-column-first\" style=\"width:40%;width:calc(40% - ( ( 4% ) * 0.4 ) );margin-right: 4%;margin-top:0px;margin-bottom:20px;\"><div class=\"fusion-column-wrapper fusion-flex-column-wrapper-legacy\" style=\"background-position:left top;background-repeat:no-repeat;-webkit-background-size:cover;-moz-background-size:cover;-o-background-size:cover;background-size:cover;padding: 0px 0px 0px 0px;\"><div class=\"fusion-clearfix\"><\/div><\/div><\/div><div class=\"fusion-layout-column fusion_builder_column fusion-builder-column-5 fusion_builder_column_3_5 3_5 fusion-three-fifth fusion-column-last bloqueSeccion marginCero\" style=\"width:60%;width:calc(60% - ( ( 4% ) * 0.6 ) );margin-top:0px;margin-bottom:20px;\"><div class=\"fusion-column-wrapper fusion-flex-column-wrapper-legacy\" style=\"background-position:left top;background-repeat:no-repeat;-webkit-background-size:cover;-moz-background-size:cover;-o-background-size:cover;background-size:cover;padding: 0px 0px 0px 0px;\"><style type=\"text\/css\"><\/style><div class=\"fusion-title title fusion-title-3 fusion-sep-none fusion-title-text fusion-title-size-four\" style=\"margin-top:10px;margin-bottom:10px;\"><h4 class=\"title-heading-left\" style=\"margin:0;\"><strong>Objetivos<\/strong><\/h4><\/div><div class=\"fusion-text fusion-text-2\" style=\"transform:translate3d(0,0,0);\"><ul>\n<li>Identificar y experimentar con los principales elementos naturales en el entorno del centro.<\/li>\n<li>Valorar el patrimonio natural de nuestra ciudad.<\/li>\n<li>Interpretar y expresar procesos del medio que nos rodea.<\/li>\n<li>Favorecer actitudes de respeto y cuidado del medioambiente.<\/li>\n<li>Reconocer las partes de los \u00e1rboles en vivo y relacionarlas con su funci\u00f3n.<\/li>\n<li>Trasladar al lenguaje pl\u00e1stico aquellos conceptos que hemos aprendido.<\/li>\n<\/ul>\n<\/div><div class=\"fusion-clearfix\"><\/div><\/div><\/div><div class=\"fusion-layout-column fusion_builder_column fusion-builder-column-6 fusion_builder_column_2_5 2_5 fusion-two-fifth fusion-column-first\" style=\"width:40%;width:calc(40% - ( ( 4% ) * 0.4 ) );margin-right: 4%;margin-top:0px;margin-bottom:20px;\"><div class=\"fusion-column-wrapper fusion-flex-column-wrapper-legacy\" style=\"background-position:left top;background-repeat:no-repeat;-webkit-background-size:cover;-moz-background-size:cover;-o-background-size:cover;background-size:cover;padding: 0px 0px 0px 0px;\"><div class=\"fusion-clearfix\"><\/div><\/div><\/div><div class=\"fusion-layout-column fusion_builder_column fusion-builder-column-7 fusion_builder_column_3_5 3_5 fusion-three-fifth fusion-column-last bloqueSeccion marginCero\" style=\"width:60%;width:calc(60% - ( ( 4% ) * 0.6 ) );margin-top:0px;margin-bottom:20px;\"><div class=\"fusion-column-wrapper fusion-flex-column-wrapper-legacy\" style=\"background-position:left top;background-repeat:no-repeat;-webkit-background-size:cover;-moz-background-size:cover;-o-background-size:cover;background-size:cover;padding: 0px 0px 0px 0px;\"><style type=\"text\/css\"><\/style><div class=\"fusion-title title fusion-title-4 fusion-sep-none fusion-title-text fusion-title-size-four\" style=\"margin-top:10px;margin-bottom:10px;\"><h4 class=\"title-heading-left\" style=\"margin:0;\"><strong>Requisitos para su ejecuci\u00f3n<\/strong><\/h4><\/div><div class=\"fusion-text fusion-text-3\" style=\"transform:translate3d(0,0,0);\"><ul>\n<li>Las sesiones se realizar\u00e1n en el Centro Educativo.<\/li>\n<li><strong>La primera sesi\u00f3n incluye una salida por las inmediaciones del Centro Educativo, siendo imprescindible la autorizaci\u00f3n paterna\/materna, tutor\/a legal, del alumnado.<\/strong><\/li>\n<li>En la <strong>segunda sesi\u00f3n en el centro<\/strong> educativo<b>:<\/b>\n<ul>\n<li>Folios A4 para reutilizar (folios ya utilizados de una cara que reutilizaremos de la otra cara). Cantidad: 4 folios A4 para reutilizar por alumno.<\/li>\n<li>Ceras manley o similar (una caja por alumno).<\/li>\n<li>Tijeras (una por alumno).<\/li>\n<li>Pegamento (uno por alumno).<\/li>\n<li>Proyector y ordenador o pantalla para la visualizaci\u00f3n de la presentaci\u00f3n.<\/li>\n<\/ul>\n<\/li>\n<li>A la finalizaci\u00f3n de cada programa la\/el docente responsable del grupo, as\u00ed como el alumnado participante, cumplimentar\u00e1n el cuestionario de evaluaci\u00f3n de calidad. Este cuestionario se cumplimenta on-line. Los enlaces para su cumplimentaci\u00f3n se encuentran al final de cada uno de los programas recogidos en la p\u00e1gina de web de educaci\u00f3n<\/li>\n<\/ul>\n<\/div><div class=\"fusion-clearfix\"><\/div><\/div><\/div><div class=\"fusion-layout-column fusion_builder_column fusion-builder-column-8 fusion_builder_column_2_5 2_5 fusion-two-fifth fusion-column-first\" style=\"width:40%;width:calc(40% - ( ( 4% ) * 0.4 ) );margin-right: 4%;margin-top:0px;margin-bottom:20px;\"><div class=\"fusion-column-wrapper fusion-flex-column-wrapper-legacy\" style=\"background-position:left top;background-repeat:no-repeat;-webkit-background-size:cover;-moz-background-size:cover;-o-background-size:cover;background-size:cover;padding: 0px 0px 0px 0px;\"><div class=\"fusion-clearfix\"><\/div><\/div><\/div><div class=\"fusion-layout-column fusion_builder_column fusion-builder-column-9 fusion_builder_column_3_5 3_5 fusion-three-fifth fusion-column-last bloqueSeccion marginCero\" style=\"width:60%;width:calc(60% - ( ( 4% ) * 0.6 ) );margin-top:0px;margin-bottom:20px;\"><div class=\"fusion-column-wrapper fusion-flex-column-wrapper-legacy\" style=\"background-position:left top;background-repeat:no-repeat;-webkit-background-size:cover;-moz-background-size:cover;-o-background-size:cover;background-size:cover;padding: 0px 0px 0px 0px;\"><style type=\"text\/css\"><\/style><div class=\"fusion-title title fusion-title-5 fusion-sep-none fusion-title-text fusion-title-size-four\" style=\"margin-top:10px;margin-bottom:10px;\"><h4 class=\"title-heading-left\" style=\"margin:0;\"><strong>Dirigido a<\/strong><\/h4><\/div>EI5, EP1, EP2, EP3, EP4<div class=\"fusion-clearfix\"><\/div><\/div><\/div><div class=\"fusion-layout-column fusion_builder_column fusion-builder-column-10 fusion_builder_column_2_5 2_5 fusion-two-fifth fusion-column-first\" style=\"width:40%;width:calc(40% - ( ( 4% ) * 0.4 ) );margin-right: 4%;margin-top:0px;margin-bottom:20px;\"><div class=\"fusion-column-wrapper fusion-flex-column-wrapper-legacy\" style=\"background-position:left top;background-repeat:no-repeat;-webkit-background-size:cover;-moz-background-size:cover;-o-background-size:cover;background-size:cover;padding: 0px 0px 0px 0px;\"><div class=\"fusion-clearfix\"><\/div><\/div><\/div><div class=\"fusion-layout-column fusion_builder_column fusion-builder-column-11 fusion_builder_column_3_5 3_5 fusion-three-fifth fusion-column-last bloqueSeccion marginCero\" style=\"width:60%;width:calc(60% - ( ( 4% ) * 0.6 ) );margin-top:0px;margin-bottom:20px;\"><div class=\"fusion-column-wrapper fusion-flex-column-wrapper-legacy\" style=\"background-position:left top;background-repeat:no-repeat;-webkit-background-size:cover;-moz-background-size:cover;-o-background-size:cover;background-size:cover;padding: 0px 0px 0px 0px;\"><style type=\"text\/css\"><\/style><div class=\"fusion-title title fusion-title-6 fusion-sep-none fusion-title-text fusion-title-size-four\" style=\"margin-top:10px;margin-bottom:10px;\"><h4 class=\"title-heading-left\" style=\"margin:0;\"><strong>Calendario y horario<\/strong><\/h4><\/div><div class=\"fusion-text fusion-text-4\" style=\"transform:translate3d(0,0,0);\"><ul>\n<li>A lo largo del curso escolar.<\/li>\n<li>Horario de ma\u00f1anas: 9:30 a 12:30 aproximadamente.<\/li>\n<li>La primera sesi\u00f3n tendr\u00e1 una duraci\u00f3n aproximada de 3 horas para todos los niveles.<\/li>\n<li>La segunda sesi\u00f3n tendr\u00e1 una duraci\u00f3n de:\n<ul>\n<li><span class=\"gmail_default\">E.I.\u00a0:de 9:30 a 12:00h.<span style=\"color: #000000; font-family: arial, sans-serif;\">Tiene\u00a0<\/span>una duraci\u00f3n efectiva de 2 horas.Paramos 30 minutos para el recreo.Total 2,5 h.<\/span><\/li>\n<li><span class=\"gmail_default\"><span style=\"color: #000000; font-family: arial, sans-serif;\">E.P :<\/span>de 9:30 a 12:30h.<span style=\"color: #000000; font-family: arial, sans-serif;\">Tiene\u00a0<\/span>una duraci\u00f3n efectiva de 2,5 horas.Paramos 30 minutos para el recreo.Total 3 h.<\/span><\/li>\n<\/ul>\n<\/li>\n<\/ul>\n<\/div><div class=\"fusion-clearfix\"><\/div><\/div><\/div><div class=\"fusion-layout-column fusion_builder_column fusion-builder-column-12 fusion_builder_column_2_5 2_5 fusion-two-fifth fusion-column-first\" style=\"width:40%;width:calc(40% - ( ( 4% ) * 0.4 ) );margin-right: 4%;margin-top:0px;margin-bottom:20px;\"><div class=\"fusion-column-wrapper fusion-flex-column-wrapper-legacy\" style=\"background-position:left top;background-repeat:no-repeat;-webkit-background-size:cover;-moz-background-size:cover;-o-background-size:cover;background-size:cover;padding: 0px 0px 0px 0px;\"><div class=\"fusion-clearfix\"><\/div><\/div><\/div><div class=\"fusion-layout-column fusion_builder_column fusion-builder-column-13 fusion_builder_column_3_5 3_5 fusion-three-fifth fusion-column-last bloqueSeccion marginCero\" style=\"width:60%;width:calc(60% - ( ( 4% ) * 0.6 ) );margin-top:0px;margin-bottom:20px;\"><div class=\"fusion-column-wrapper fusion-flex-column-wrapper-legacy\" style=\"background-position:left top;background-repeat:no-repeat;-webkit-background-size:cover;-moz-background-size:cover;-o-background-size:cover;background-size:cover;padding: 0px 0px 0px 0px;\"><style type=\"text\/css\"><\/style><div class=\"fusion-title title fusion-title-7 fusion-sep-none fusion-title-text fusion-title-size-four\" style=\"margin-top:10px;margin-bottom:10px;\"><h4 class=\"title-heading-left\" style=\"margin:0;\"><strong>Aportaciones del Ayuntamiento<\/strong><\/h4><\/div><div class=\"fusion-text fusion-text-5\" style=\"transform:translate3d(0,0,0);\"><ul>\n<li>Educador\/a<\/li>\n<li>Gu\u00edas did\u00e1cticas del profesorado y del alumnado. (siguiente apartado).<\/li>\n<\/ul>\n<\/div><div class=\"fusion-clearfix\"><\/div><\/div><\/div><div class=\"fusion-layout-column fusion_builder_column fusion-builder-column-14 fusion_builder_column_2_5 2_5 fusion-two-fifth fusion-column-first\" style=\"width:40%;width:calc(40% - ( ( 4% ) * 0.4 ) );margin-right: 4%;margin-top:0px;margin-bottom:20px;\"><div class=\"fusion-column-wrapper fusion-flex-column-wrapper-legacy\" style=\"background-position:left top;background-repeat:no-repeat;-webkit-background-size:cover;-moz-background-size:cover;-o-background-size:cover;background-size:cover;padding: 0px 0px 0px 0px;\"><div class=\"fusion-clearfix\"><\/div><\/div><\/div><div class=\"fusion-layout-column fusion_builder_column fusion-builder-column-15 fusion_builder_column_3_5 3_5 fusion-three-fifth fusion-column-last bloqueSeccion marginCero\" style=\"width:60%;width:calc(60% - ( ( 4% ) * 0.6 ) );margin-top:0px;margin-bottom:20px;\"><div class=\"fusion-column-wrapper fusion-flex-column-wrapper-legacy\" style=\"background-position:left top;background-repeat:no-repeat;-webkit-background-size:cover;-moz-background-size:cover;-o-background-size:cover;background-size:cover;padding: 0px 0px 0px 0px;\"><style type=\"text\/css\"><\/style><div class=\"fusion-title title fusion-title-8 fusion-sep-none fusion-title-text fusion-title-size-four\" style=\"margin-top:10px;margin-bottom:10px;\"><h4 class=\"title-heading-left\" style=\"margin:0;\"><strong>Material Did\u00e1ctico<\/strong><\/h4><\/div><div class=\"fusion-text fusion-text-6\" style=\"transform:translate3d(0,0,0);\"><p>Se dispone de material did\u00e1ctico de apoyo al programa. Dicho material est\u00e1 ubicado a continuaci\u00f3n. Es conveniente que el alumnado participante disponga de una copia en papel de la \u201cGu\u00eda did\u00e1ctica del alumnado\u201d. La copia la realizar\u00e1 el centro educativo debiendo estar disponible al inicio de la actividad.<\/p>\n<ul>\n<li><strong><a href=\"http:\/\/educacio-valencia.es\/wp-content\/uploads\/2019\/05\/Guia-Arboles-Alumnado-Cast.pdf\" target=\"_blank\" rel=\"noopener noreferrer\">GU\u00cdA DID\u00c1CTICA DEL ALUMNADO. \u00c1RBOLES DE NUESTRA CIUDAD<\/a><\/strong><\/li>\n<\/ul>\n<p>Se dispone de material did\u00e1ctico para el profesorado. Dicho material est\u00e1 ubicado a continuaci\u00f3n. Es conveniente que el profesorado disponga de esta gu\u00eda para preparar al alumnado y realizar posteriormente un feedback del programa.<\/p>\n<ul>\n<li><strong><a href=\"https:\/\/educacio-valencia.es\/wp-content\/uploads\/2023\/01\/ARBOLES_GD-PROFES_CAST.pdf\">GU\u00cdA DID\u00c1CTICA DEL PROFESORADO. \u00c1RBOLES DE NUESTRA CIUDAD<\/a><\/strong><\/li>\n<\/ul>\n<\/div><div class=\"fusion-clearfix\"><\/div><\/div><\/div><div class=\"fusion-layout-column fusion_builder_column fusion-builder-column-16 fusion_builder_column_2_5 2_5 fusion-two-fifth fusion-column-first\" style=\"width:40%;width:calc(40% - ( ( 4% ) * 0.4 ) );margin-right: 4%;margin-top:0px;margin-bottom:20px;\"><div class=\"fusion-column-wrapper fusion-flex-column-wrapper-legacy\" style=\"background-position:left top;background-repeat:no-repeat;-webkit-background-size:cover;-moz-background-size:cover;-o-background-size:cover;background-size:cover;padding: 0px 0px 0px 0px;\"><div class=\"fusion-clearfix\"><\/div><\/div><\/div><div class=\"fusion-layout-column fusion_builder_column fusion-builder-column-17 fusion_builder_column_3_5 3_5 fusion-three-fifth fusion-column-last bloqueSeccion marginCero\" style=\"width:60%;width:calc(60% - ( ( 4% ) * 0.6 ) );margin-top:0px;margin-bottom:20px;\"><div class=\"fusion-column-wrapper fusion-flex-column-wrapper-legacy\" style=\"background-position:left top;background-repeat:no-repeat;-webkit-background-size:cover;-moz-background-size:cover;-o-background-size:cover;background-size:cover;padding: 0px 0px 0px 0px;\"><style type=\"text\/css\"><\/style><div class=\"fusion-title title fusion-title-9 fusion-sep-none fusion-title-text fusion-title-size-four\" style=\"margin-top:10px;margin-bottom:10px;\"><h4 class=\"title-heading-left\" style=\"margin:0;\"><strong>Informaci\u00f3n<\/strong><\/h4><\/div><div class=\"fusion-text fusion-text-7\" style=\"transform:translate3d(0,0,0);\"><p>962084283 &#8211; 962082146<\/p>\n<\/div><div class=\"fusion-clearfix\"><\/div><\/div><\/div><div class=\"fusion-layout-column fusion_builder_column fusion-builder-column-18 fusion_builder_column_2_5 2_5 fusion-two-fifth fusion-column-first\" style=\"width:40%;width:calc(40% - ( ( 4% ) * 0.4 ) );margin-right: 4%;margin-top:0px;margin-bottom:20px;\"><div class=\"fusion-column-wrapper fusion-flex-column-wrapper-legacy\" style=\"background-position:left top;background-repeat:no-repeat;-webkit-background-size:cover;-moz-background-size:cover;-o-background-size:cover;background-size:cover;padding: 0px 0px 0px 0px;\"><div class=\"fusion-clearfix\"><\/div><\/div><\/div><div class=\"fusion-layout-column fusion_builder_column fusion-builder-column-19 fusion_builder_column_3_5 3_5 fusion-three-fifth fusion-column-last bloqueSeccion marginCero\" style=\"width:60%;width:calc(60% - ( ( 4% ) * 0.6 ) );margin-top:0px;margin-bottom:20px;\"><div class=\"fusion-column-wrapper fusion-flex-column-wrapper-legacy\" style=\"background-position:left top;background-repeat:no-repeat;-webkit-background-size:cover;-moz-background-size:cover;-o-background-size:cover;background-size:cover;padding: 0px 0px 0px 0px;\"><style type=\"text\/css\"><\/style><div class=\"fusion-title title fusion-title-10 fusion-sep-none fusion-title-text fusion-title-size-four\" style=\"margin-top:10px;margin-bottom:10px;\"><h4 class=\"title-heading-left\" style=\"margin:0;\"><strong>Cuestionarios de evaluaci\u00f3n<\/strong><\/h4><\/div><div class=\"fusion-text fusion-text-8\" style=\"transform:translate3d(0,0,0);\"><p>Cuestionario de evaluaci\u00f3n docente\u00a0 \u00a0 \u00a0 <strong><a href=\"https:\/\/goo.gl\/forms\/MaTOFMrR1e4Vo7Rg1\">https:\/\/goo.gl\/forms\/MaTOFMrR1e4Vo7Rg1\u00a0<\/a><\/strong><\/p>\n<p>Cuestionario de evaluaci\u00f3n alumnado\u00a0<strong>\u00a0<a href=\"https:\/\/goo.gl\/forms\/tXQPheQWqejFwvsm2\">https:\/\/goo.gl\/forms\/tXQPheQWqejFwvsm2<\/a><\/strong><\/p>\n<\/div><div class=\"fusion-clearfix\"><\/div><\/div><\/div><div class=\"fusion-layout-column fusion_builder_column fusion-builder-column-20 fusion_builder_column_2_5 2_5 fusion-two-fifth fusion-column-first\" style=\"width:40%;width:calc(40% - ( ( 4% ) * 0.4 ) );margin-right: 4%;margin-top:0px;margin-bottom:20px;\"><div class=\"fusion-column-wrapper fusion-flex-column-wrapper-legacy\" style=\"background-position:left top;background-repeat:no-repeat;-webkit-background-size:cover;-moz-background-size:cover;-o-background-size:cover;background-size:cover;padding: 0px 0px 0px 0px;\"><div class=\"fusion-clearfix\"><\/div><\/div><\/div><div class=\"fusion-layout-column fusion_builder_column fusion-builder-column-21 fusion_builder_column_3_5 3_5 fusion-three-fifth fusion-column-last bloqueSeccion marginCero\" style=\"width:60%;width:calc(60% - ( ( 4% ) * 0.6 ) );margin-top:0px;margin-bottom:20px;\"><div class=\"fusion-column-wrapper fusion-flex-column-wrapper-legacy\" style=\"background-position:left top;background-repeat:no-repeat;-webkit-background-size:cover;-moz-background-size:cover;-o-background-size:cover;background-size:cover;padding: 0px 0px 0px 0px;\"><style type=\"text\/css\"><\/style><div class=\"fusion-title title fusion-title-11 fusion-sep-none fusion-title-text fusion-title-size-four\" style=\"margin-top:10px;margin-bottom:10px;\"><h4 class=\"title-heading-left\" style=\"margin:0;\"><strong>ODS relacionados con el programa<\/strong><\/h4><\/div><span class=\" fusion-imageframe imageframe-none imageframe-1 hover-type-none\"><img width=\"60\" height=\"60\" title=\"Gui\u0301a-ODS-Universidades\" src=\"http:\/\/educacio-valencia.es\/wp-content\/uploads\/2019\/07\/Gui\u0301a-ODS-Universidades.png\" class=\"img-responsive wp-image-14983\"\/><\/span><span class=\" fusion-imageframe imageframe-none imageframe-2 hover-type-none\"><img width=\"60\" height=\"60\" title=\"S_SDG goals_icons-individual-rgb-04\" src=\"http:\/\/educacio-valencia.es\/wp-content\/uploads\/2019\/07\/S_SDG-goals_icons-individual-rgb-04.png\" class=\"img-responsive wp-image-14996\"\/><\/span><span class=\" fusion-imageframe imageframe-none imageframe-3 hover-type-none\"><img width=\"60\" height=\"60\" title=\"S_SDG goals_icons-individual-rgb-11\" src=\"http:\/\/educacio-valencia.es\/wp-content\/uploads\/2019\/07\/S_SDG-goals_icons-individual-rgb-11.png\" class=\"img-responsive wp-image-14986\"\/><\/span><span class=\" fusion-imageframe imageframe-none imageframe-4 hover-type-none\"><img width=\"60\" height=\"60\" title=\"S_SDG goals_icons-individual-rgb-12\" src=\"http:\/\/educacio-valencia.es\/wp-content\/uploads\/2019\/07\/S_SDG-goals_icons-individual-rgb-12.png\" class=\"img-responsive wp-image-14987\"\/><\/span><span class=\" fusion-imageframe imageframe-none imageframe-5 hover-type-none\"><img width=\"60\" height=\"60\" title=\"S_SDG goals_icons-individual-rgb-15\" src=\"http:\/\/educacio-valencia.es\/wp-content\/uploads\/2019\/07\/S_SDG-goals_icons-individual-rgb-15.png\" class=\"img-responsive wp-image-14990\"\/><\/span><div class=\"fusion-clearfix\"><\/div><\/div><\/div><div class=\"fusion-layout-column fusion_builder_column fusion-builder-column-22 fusion_builder_column_2_5 2_5 fusion-two-fifth fusion-column-first\" style=\"width:40%;width:calc(40% - ( ( 4% ) * 0.4 ) );margin-right: 4%;margin-top:0px;margin-bottom:20px;\"><div class=\"fusion-column-wrapper fusion-flex-column-wrapper-legacy\" style=\"background-position:left top;background-repeat:no-repeat;-webkit-background-size:cover;-moz-background-size:cover;-o-background-size:cover;background-size:cover;padding: 0px 0px 0px 0px;\"><div class=\"fusion-clearfix\"><\/div><\/div><\/div><div class=\"fusion-layout-column fusion_builder_column fusion-builder-column-23 fusion_builder_column_3_5 3_5 fusion-three-fifth fusion-column-last bloqueSeccion marginCero\" style=\"width:60%;width:calc(60% - ( ( 4% ) * 0.6 ) );margin-top:0px;margin-bottom:20px;\"><div class=\"fusion-column-wrapper fusion-flex-column-wrapper-legacy\" style=\"background-position:left top;background-repeat:no-repeat;-webkit-background-size:cover;-moz-background-size:cover;-o-background-size:cover;background-size:cover;padding: 10px 0px 0px 0px;\"><span class=\" fusion-imageframe imageframe-none imageframe-6 hover-type-none\"><img width=\"600\" height=\"65\" title=\"ayto-educacio-color-web\" src=\"https:\/\/educacio-valencia.es\/wp-content\/uploads\/2022\/05\/ayto-educacio-color-web-600x65.png\" class=\"img-responsive wp-image-31408\" srcset=\"https:\/\/educacio-valencia.es\/wp-content\/uploads\/2022\/05\/ayto-educacio-color-web-200x22.png 200w, https:\/\/educacio-valencia.es\/wp-content\/uploads\/2022\/05\/ayto-educacio-color-web-400x43.png 400w, https:\/\/educacio-valencia.es\/wp-content\/uploads\/2022\/05\/ayto-educacio-color-web-600x65.png 600w, https:\/\/educacio-valencia.es\/wp-content\/uploads\/2022\/05\/ayto-educacio-color-web-800x87.png 800w, https:\/\/educacio-valencia.es\/wp-content\/uploads\/2022\/05\/ayto-educacio-color-web.png 984w\" sizes=\"(max-width: 800px) 100vw, 600px\" \/><\/span><span class=\" fusion-imageframe imageframe-none imageframe-7 hover-type-none\"><img width=\"200\" height=\"98\" title=\"Educaci\u00f3-cultura-i-esport_PANTONE_TOTS&#8211;A-UNA-VEU_ROJO_VAL\" src=\"https:\/\/educacio-valencia.es\/wp-content\/uploads\/2021\/06\/Educacio-cultura-i-esport_PANTONE_TOTS-A-UNA-VEU_ROJO_VAL-200x98.png\" class=\"img-responsive wp-image-31412\"\/><\/span><div class=\"fusion-clearfix\"><\/div><\/div><\/div><\/div><\/div>\n","protected":false},"excerpt":{"rendered":"<p>Los ni\u00f1os y ni\u00f1as se sienten espont\u00e1neamente atra\u00eddos por la naturaleza y, estando en contacto con ella se desarrollan de forma saludable a todos los niveles. <\/p>\n","protected":false},"author":8,"featured_media":35951,"menu_order":0,"comment_status":"open","ping_status":"closed","template":"","format":"standard","meta":[],"portfolio_category":[6,7],"portfolio_skills":[230,22,23,24,25],"portfolio_tags":[],"_links":{"self":[{"href":"https:\/\/educacio-valencia.es\/es\/wp-json\/wp\/v2\/avada_portfolio\/31"}],"collection":[{"href":"https:\/\/educacio-valencia.es\/es\/wp-json\/wp\/v2\/avada_portfolio"}],"about":[{"href":"https:\/\/educacio-valencia.es\/es\/wp-json\/wp\/v2\/types\/avada_portfolio"}],"author":[{"embeddable":true,"href":"https:\/\/educacio-valencia.es\/es\/wp-json\/wp\/v2\/users\/8"}],"replies":[{"embeddable":true,"href":"https:\/\/educacio-valencia.es\/es\/wp-json\/wp\/v2\/comments?post=31"}],"version-history":[{"count":68,"href":"https:\/\/educacio-valencia.es\/es\/wp-json\/wp\/v2\/avada_portfolio\/31\/revisions"}],"predecessor-version":[{"id":43681,"href":"https:\/\/educacio-valencia.es\/es\/wp-json\/wp\/v2\/avada_portfolio\/31\/revisions\/43681"}],"wp:featuredmedia":[{"embeddable":true,"href":"https:\/\/educacio-valencia.es\/es\/wp-json\/wp\/v2\/media\/35951"}],"wp:attachment":[{"href":"https:\/\/educacio-valencia.es\/es\/wp-json\/wp\/v2\/media?parent=31"}],"wp:term":[{"taxonomy":"portfolio_category","embeddable":true,"href":"https:\/\/educacio-valencia.es\/es\/wp-json\/wp\/v2\/portfolio_category?post=31"},{"taxonomy":"portfolio_skills","embeddable":true,"href":"https:\/\/educacio-valencia.es\/es\/wp-json\/wp\/v2\/portfolio_skills?post=31"},{"taxonomy":"portfolio_tags","embeddable":true,"href":"https:\/\/educacio-valencia.es\/es\/wp-json\/wp\/v2\/portfolio_tags?post=31"}],"curies":[{"name":"wp","href":"https:\/\/api.w.org\/{rel}","templated":true}]}}